{"id":2572,"date":"2022-01-14T13:32:34","date_gmt":"2022-01-14T13:32:34","guid":{"rendered":"https:\/\/gemeindebuechereikastl.de\/?page_id=2572"},"modified":"2026-04-16T12:24:58","modified_gmt":"2026-04-16T12:24:58","slug":"buchtipps-vom-team","status":"publish","type":"page","link":"https:\/\/gemeindebuechereikastl.de\/?page_id=2572","title":{"rendered":"Buchtipps vom Team"},"content":{"rendered":"<h2 style=\"text-align: left;\"><span style=\"color: #008000;\">Was soll ich lesen?<\/span><\/h2>\n<p style=\"text-align: left;\"><strong style=\"text-align: center;\"><img loading=\"lazy\" decoding=\"async\" class=\"wp-image-1829 alignleft\" src=\"https:\/\/gemeindebuechereikastl.de\/wp-content\/uploads\/2021\/01\/stapel.jpg\" alt=\"\" width=\"189\" height=\"166\" \/><\/strong><\/p>\n<p><strong>Diese Frage stellt sich so manchem B\u00fccherbegeisterten angesichts der F\u00fclle und Vielfalt auf dem deutschen B\u00fcchermarkt und dem gro\u00dfen Angebot in der Gemeindeb\u00fccherei Kastl. Wir vom Team m\u00f6chten Euch die Auswahl erleichtern und stellen hier <span style=\"color: #008000;\">jeden Monat ein Buch vor,<\/span> das wir gelesen haben und allen interessierten Lesern weiterempfehlen m\u00f6chten.<br \/>\n<\/strong><strong><span style=\"color: #ff0000;\">Nat\u00fcrlich k\u00f6nnen die vorgestellten B\u00fccher auch ausgeliehen oder vorbestellt werden. Weitere Infos dazu in unserem <a href=\"https:\/\/iopac.gemeindebuechereikastl.de\/iopac\/\">ONLINE-KATALOG<\/a><br \/>\n<\/span><\/strong><\/p>\n<p>&#8212;&#8212;&#8212;&#8212;&#8212;&#8212;&#8212;&#8212;&#8212;&#8212;&#8212;&#8212;&#8212;&#8212;&#8212;&#8212;&#8212;&#8212;&#8212;&#8212;&#8212;&#8212;&#8212;&#8212;&#8212;&#8212;&#8212;&#8212;&#8212;&#8212;&#8212;&#8212;&#8212;&#8212;&#8212;&#8212;&#8212;&#8212;&#8212;&#8212;&#8212;&#8212;&#8212;&#8211;<\/p>\n<h3><strong>Buch des Monats M\u00e4rz \u2013 2026 \/\u00a0<\/strong><a href=\"https:\/\/www.michaelsbund.de\/?cl=search&amp;searchauthor=Aoyama%2C+Michiko\">Aoyama, Michiko<\/a><\/h3>\n<h1><span id=\"productTitle\" class=\"a-size-large celwidget\" data-csa-c-id=\"1zway-d9if51-m9v9hb-kf3obx\" data-cel-widget=\"productTitle\"><img loading=\"lazy\" decoding=\"async\" class=\"alignleft wp-image-6366 \" src=\"https:\/\/gemeindebuechereikastl.de\/wp-content\/uploads\/2026\/03\/Frau-Komachi-794x1206.jpg\" alt=\"\" width=\"466\" height=\"708\" srcset=\"https:\/\/gemeindebuechereikastl.de\/wp-content\/uploads\/2026\/03\/Frau-Komachi-794x1206.jpg 794w, https:\/\/gemeindebuechereikastl.de\/wp-content\/uploads\/2026\/03\/Frau-Komachi-197x300.jpg 197w, https:\/\/gemeindebuechereikastl.de\/wp-content\/uploads\/2026\/03\/Frau-Komachi-768x1167.jpg 768w, https:\/\/gemeindebuechereikastl.de\/wp-content\/uploads\/2026\/03\/Frau-Komachi-750x1140.jpg 750w, https:\/\/gemeindebuechereikastl.de\/wp-content\/uploads\/2026\/03\/Frau-Komachi.jpg 987w\" sizes=\"auto, (max-width: 466px) 100vw, 466px\" \/>Frau Komachi empfiehlt ein Buch<\/span><\/h1>\n<h3 id=\"title\" class=\"a-spacing-none a-text-normal\"><span id=\"productTitle\" class=\"a-size-large celwidget\" data-csa-c-id=\"1zway-d9if51-m9v9hb-kf3obx\" data-cel-widget=\"productTitle\">Der weltweite Bestseller aus Japan<\/span><\/h3>\n<p>\u00abWonach suchen Sie?\u00bb Diese Frage stellt Sayuri Komachi allen Besuchern in ihrer kleinen Gemeindebibliothek in Tokio. Und sie meint die Frage durchaus im \u00fcbertragenen Sinne. Denn die Bibliothekarin sp\u00fcrt genau, wonach die Menschen im Leben suchen: die Verk\u00e4uferin, die mit ihrem Job hadert, der sch\u00fcchterne Buchhalter, der davon tr\u00e4umt, ein Antiquit\u00e4tengesch\u00e4ft zu er\u00f6ffnen, oder die frischgebackene Mutter, die sich zwischen Beruf und Familie aufreibt &#8230; Sie alle stecken in einer Sackgasse. Und alle f\u00fchrt es fr\u00fcher oder sp\u00e4ter zu Frau Komachi in die Bibliothek. Ihre \u00fcberraschenden Buchempfehlungen haben ungeahnte Folgen. Die Lekt\u00fcre entpuppt sich als Katalysator f\u00fcr eine andere Denkweise und er\u00f6ffnet neue Wege. Und letztlich hilft sie den Besuchern, ihre aktuelle Lebenskrise zu meistern. Denn Frau Komachi wei\u00df: B\u00fccher haben magische Kr\u00e4fte und sind eine verl\u00e4ssliche Quelle der Inspiration.<\/p>\n<h4><strong><span style=\"color: #008000;\">Empfohlen von Regina Weber<\/span><br \/>\n<\/strong>_________________________________________________________________<\/h4>\n<h3><strong><span style=\"color: #008000;\">Buch des Monats Februar \u2013 2026 \/<\/span>\u00a0<\/strong><strong><a href=\"https:\/\/www.michaelsbund.de\/?cl=search&amp;searchauthor=Garmus%2C+Bonnie\">Garmus, Bonnie<\/a><\/strong><\/h3>\n<p><img loading=\"lazy\" decoding=\"async\" class=\"alignleft wp-image-6313 \" src=\"https:\/\/gemeindebuechereikastl.de\/wp-content\/uploads\/2026\/02\/Eine-Frage-der-Chemie.jpg\" alt=\"\" width=\"412\" height=\"622\" srcset=\"https:\/\/gemeindebuechereikastl.de\/wp-content\/uploads\/2026\/02\/Eine-Frage-der-Chemie.jpg 663w, https:\/\/gemeindebuechereikastl.de\/wp-content\/uploads\/2026\/02\/Eine-Frage-der-Chemie-199x300.jpg 199w\" sizes=\"auto, (max-width: 412px) 100vw, 412px\" \/><\/p>\n<h1 class=\"product-title no-brandTitle\">Eine Frage der Chemie<\/h1>\n<h3><strong>Eine Chemikerin hat wegen ihres Geschlechts in den 60er Jahren keine Chance, in ihrem Fach zu forschen.<\/strong><\/h3>\n<p>Die Chemikerin Elisabeth Zott bewirbt sich Anfang der sechziger Jahre im Hastings Forschungsinstitut, bekommt aber nur eine Stelle als Hilfskraft. Das \u00e4ndert sich, als sie auf den Nobelpreiskandidaten Calvin Evan trifft, der sich in sie verliebt und sie in sein Labor aufnimmt. Sie beschlie\u00dfen zusammenzuleben, und die Beziehung erweist sich als sehr gl\u00fccklich und effektiv. Als jedoch Calvin eines Tages t\u00f6dlich verungl\u00fcckt, bricht f\u00fcr Elisabeth eine Welt zusammen, noch dazu muss sie feststellen, dass sie schwanger ist. Das ist f\u00fcr den Leiter des Instituts der Anlass, sie zu entlassen. Von einem Bekannten wird ihr die Leitung einer Kochsendung angeboten, die sie aus Not annimmt. Durch ihre sehr unkonventionelle Art und dadurch, wie sie das Thema Chemie einbringt, wird ihre Sendung der Renner. Sie fordert die Frauen auf, f\u00fcr ihre Unabh\u00e4ngigkeit zu k\u00e4mpfen, was ihr von der M\u00e4nnerwelt \u00fcbel angekreidet wird. Aber sie gibt nicht auf. &#8211; Bonnie Garmus hat mit einem R\u00fcckblick in das vergangene Jahrhundert beeindruckend aufgezeigt, wie aussichtslos es f\u00fcr Frauen war, in der Wissenschaft t\u00e4tig zu sein. Ein sehr ber\u00fchrender Roman und allen interessierten Lesern sehr zu empfehlen.<\/p>\n<h4><strong><span style=\"color: #008000;\">Empfohlen von Goretti Mayer<\/span><br \/>\n<\/strong>_________________________________________________________________<\/h4>\n<h3><strong><span style=\"color: #008000;\">Buch des Monats Januar \u2013 2026 \/<\/span><a href=\"https:\/\/www.michaelsbund.de\/?cl=search&amp;searchauthor=Imhof%2C+Agnes\"> Imhof, Agnes<\/a><\/strong><\/h3>\n<p><img loading=\"lazy\" decoding=\"async\" class=\"alignleft wp-image-6257 \" src=\"https:\/\/gemeindebuechereikastl.de\/wp-content\/uploads\/2026\/01\/Gracht-800x1206.jpg\" alt=\"\" width=\"401\" height=\"605\" srcset=\"https:\/\/gemeindebuechereikastl.de\/wp-content\/uploads\/2026\/01\/Gracht-800x1206.jpg 800w, https:\/\/gemeindebuechereikastl.de\/wp-content\/uploads\/2026\/01\/Gracht-199x300.jpg 199w, https:\/\/gemeindebuechereikastl.de\/wp-content\/uploads\/2026\/01\/Gracht-768x1158.jpg 768w, https:\/\/gemeindebuechereikastl.de\/wp-content\/uploads\/2026\/01\/Gracht-750x1131.jpg 750w, https:\/\/gemeindebuechereikastl.de\/wp-content\/uploads\/2026\/01\/Gracht.jpg 995w\" sizes=\"auto, (max-width: 401px) 100vw, 401px\" \/><\/p>\n<h1 class=\"a-spacing-none a-text-normal\"><span class=\"a-size-large celwidget\" data-csa-c-id=\"g9xxa4-jahn7d-ed5pd6-a7tybv\" data-cel-widget=\"productTitle\">Die Kastanien an der Gracht &#8211;\u00a0<\/span><span id=\"productTitle\" class=\"a-size-large celwidget\" data-csa-c-id=\"g9xxa4-jahn7d-ed5pd6-a7tybv\" data-cel-widget=\"productTitle\">Miep Gies und das Tagebuch der Anne Frank<\/span><\/h1>\n<h3><strong class=\"product-subtitle\">Die Frau, die half, Familie Frank zu verstecken <\/strong><\/h3>\n<p>Miep wurde in Wien geboren und kam als kleines M\u00e4dchen zu einer Pflegefamilie nach Amsterdam, dort wuchs sie sehr gl\u00fccklich auf. Nach dem Schulabschluss bekam sie eine Stelle in der Firma von Otto Frank und wurde kurze Zeit seine Sekret\u00e4rin. Als das Leben f\u00fcr Otto Frank 1942 immer unsicherer wird, da die SS inzwischen die Herrschaft zu \u00fcbernehmen droht, bittet er Miep um Unterst\u00fctzung, die sie ihm sogleich zusichert. Er beschlie\u00dft, mit seiner Familie einen versteckten Teil des Hinterhauses zu beziehen und fragt Miep, ob sie ihn mit Lebensmittel versorgen w\u00fcrde. Dazu erkl\u00e4rt sie sich bereit und es beginnt eine schwierige Zeit, da die Lebensmittelknappheit sehr gro\u00df ist. Doch sie leistet in den kommenden zwei Jahren der Familie ihre Hilfe. Besonders hatte es ihr immer schon die kleine Anne angetan und es entwickelt sich eine besondere Beziehung zwischen den beiden. Doch der Krieg und die \u00dcberwachung machen das Leben immer schwerer &#8230; &#8211; Agnes Imhof hat die Erinnerungen der Miep Gies und Annes Tagebuch verarbeitet und einen sehr bewegenden und einf\u00fchlsamen Roman verfasst, der sehr zu Herzen geht. Man w\u00fcnscht dieser Erz\u00e4hlung eine gro\u00dfe Leserschaft, denn die Erinnerung an diese grausame Zeit soll lebendig bleiben!<\/p>\n<h4><strong><span style=\"color: #008000;\">Empfohlen von Michaela Auer<\/span><br \/>\n<\/strong>_________________________________________________________________<\/h4>\n<h3><strong><span style=\"color: #008000;\">Buch des Monats Dezember \u2013 2025 \/ <\/span><a href=\"https:\/\/www.michaelsbund.de\/?cl=search&amp;searchauthor=Sandberg%2C+Ellen\">Sandberg, Ellen<\/a><\/strong><\/h3>\n<h1><img loading=\"lazy\" decoding=\"async\" class=\"alignleft wp-image-6184 \" src=\"https:\/\/gemeindebuechereikastl.de\/wp-content\/uploads\/2025\/12\/Rauhnaechte.jpg\" alt=\"\" width=\"400\" height=\"606\" srcset=\"https:\/\/gemeindebuechereikastl.de\/wp-content\/uploads\/2025\/12\/Rauhnaechte.jpg 660w, https:\/\/gemeindebuechereikastl.de\/wp-content\/uploads\/2025\/12\/Rauhnaechte-198x300.jpg 198w\" sizes=\"auto, (max-width: 400px) 100vw, 400px\" \/><\/h1>\n<h1>Rauhn\u00e4chte<\/h1>\n<h3><b>Kalte N\u00e4chte, alte Geheimnisse, dunkle Gefahren<\/b><\/h3>\n<p>&#8222;<b>Sie darf das nie erfahren. Du hast es mir versprochen<\/b>!&#8220; Wie ein Faustschlag trifft dieser Satz die 22-j\u00e4hrige Pia an Heiligabend, als sie ein Streitgespr\u00e4ch ihrer Eltern belauscht. Als sie kurz darauf herausfindet, dass sie mit vier Jahren\u00a0<b>adoptiert<\/b>\u00a0wurde, bricht ihre bis dahin gekannte Welt vollends zusammen. Schon ihr Leben lang f\u00fchlte sie sich anders, seltsam fremd, als ob ein Tabu sie umgibt. Nun scheint all das best\u00e4tigt.<\/p>\n<p>Auf der\u00a0<b>Suche nach Antworten\u00a0<\/b>f\u00e4hrt Pia nach\u00a0<b>Wasserburg am Inn<\/b>, dem Heimatort ihrer leiblichen Mutter. Der Raureif h\u00e4ngt tief in den winterlichen Inn Auen und durch das mittelalterliche St\u00e4dtchen tanzen schauerliche Gestalten, die nach altem Brauch die Geister vertreiben sollen.\u00a0<b>In den Rauhn\u00e4chten, so sagt man, dr\u00e4ngen alte, gut geh\u00fctete Geheimnisse wieder an die Oberfl\u00e4che<\/b>. Und je n\u00e4her Pia der\u00a0<b>Wahrheit \u00fcber ihre Mutter\u00a0<\/b>kommt, desto enger ziehen die Geister der Vergangenheit ihre Kreise um sie. Bis Pia in\u00a0<b>t\u00f6dlicher Gefahr\u00a0<\/b>schwebt &#8230;<\/p>\n<h4><span style=\"color: #008000;\">\u00a0<\/span><strong><span style=\"color: #008000;\">Empfohlen von Georg D\u00fcrr<\/span><br \/>\n<\/strong>_________________________________________________________________<\/h4>\n<h3><strong><span style=\"color: #008000;\">Buch des Monats November \u2013 2025 \/<\/span> <a href=\"https:\/\/www.michaelsbund.de\/?cl=search&amp;searchauthor=W%C3%BCrger%2C+Takis\">W\u00fcrger, Takis<\/a><img loading=\"lazy\" decoding=\"async\" class=\"alignleft wp-image-6113 \" src=\"https:\/\/gemeindebuechereikastl.de\/wp-content\/uploads\/2025\/11\/Polina.jpg\" alt=\"\" width=\"397\" height=\"614\" srcset=\"https:\/\/gemeindebuechereikastl.de\/wp-content\/uploads\/2025\/11\/Polina.jpg 577w, https:\/\/gemeindebuechereikastl.de\/wp-content\/uploads\/2025\/11\/Polina-194x300.jpg 194w\" sizes=\"auto, (max-width: 397px) 100vw, 397px\" \/><\/strong><\/h3>\n<h1>F\u00fcr Polina<\/h1>\n<h3>Eine Hommage an die Liebe und die Macht der Musik.<\/h3>\n<p>Hannes Prager w\u00e4chst in der Abgeschiedenheit des Naturschutzgebietes Kananohe mit seiner Mutter und dem eigenbr\u00f6tlerischen, aber musischen Heinrich auf. Seine einzige Spielgef\u00e4hrtin Polina ist mit ihrer Lebendigkeit und Lebenslust ein absoluter Gegenpol zu ihm, der seinem Umfeld vertr\u00e4umt und eher introvertiert begegnet. Worte liegen Hannes nicht besonders, er dr\u00fcckt seine Gef\u00fchle mit Musik aus. Schon fr\u00fch offenbaren sich sein absolutes Geh\u00f6r und sein musikalisches Talent. So komponiert er u.a. eine Melodie f\u00fcr Polina, die er insgeheim liebt, die in ihm aber nur einen guten Freund sieht. R\u00e4umliche und zeitliche Trennungen \u00e4ndern nichts an seinen Gef\u00fchlen f\u00fcr sie, die selbst sein Erwachsenenleben immer wieder durcheinanderwirbeln. Weder privat noch beruflich kann er seinen Traum leben, bis er durch ein Video Weltruhm erlangt. Es zeigt ihn als virtuosen Stra\u00dfenpianisten, der mit nur neun Fingern voller Hingabe Polinas Melodie spielt. Doch sein Erfolg als Konzertstar ist nebens\u00e4chlich: Hannes hofft immer noch auf ein gemeinsames Leben mit Polina im Haus seiner Kindheit in Kananohe. \u2013 Wieder ein thematisch und sprachlich \u00e4u\u00dferst gelungener Roman Takis W\u00fcrgers. Die au\u00dfergew\u00f6hnlichen, sehr authentischen Haupt- und Nebenfiguren sind mit ihrer Individualit\u00e4t, Verschrobenheit, Sensibilit\u00e4t und Loyalit\u00e4t sehr gut herausgearbeitet. Freundschaft und Liebe werden hier mit ihren H\u00f6hen und Tiefen auf eine besondere Art und Weise dargestellt.<\/p>\n<h4>\u00a0<strong><span style=\"color: #008000;\">Empfohlen von Karla von Klenk<\/span><br \/>\n<\/strong>_________________________________________________________________<\/h4>\n<h3><span style=\"color: #008000;\"><strong>Buch des Monats Oktober \u2013 2025 \/ <a href=\"https:\/\/www.michaelsbund.de\/?cl=search&amp;searchauthor=Bogdan%2C+Isabel\">Bogdan, Isabel <\/a><\/strong><\/span><\/h3>\n<h1 class=\"product-title no-brandTitle\"><img loading=\"lazy\" decoding=\"async\" class=\"alignleft wp-image-6030 \" src=\"https:\/\/gemeindebuechereikastl.de\/wp-content\/uploads\/2025\/10\/Wohnverwandschaft-737x1206.jpg\" alt=\"\" width=\"377\" height=\"616\" srcset=\"https:\/\/gemeindebuechereikastl.de\/wp-content\/uploads\/2025\/10\/Wohnverwandschaft-737x1206.jpg 737w, https:\/\/gemeindebuechereikastl.de\/wp-content\/uploads\/2025\/10\/Wohnverwandschaft-183x300.jpg 183w, https:\/\/gemeindebuechereikastl.de\/wp-content\/uploads\/2025\/10\/Wohnverwandschaft-768x1257.jpg 768w, https:\/\/gemeindebuechereikastl.de\/wp-content\/uploads\/2025\/10\/Wohnverwandschaft-939x1536.jpg 939w, https:\/\/gemeindebuechereikastl.de\/wp-content\/uploads\/2025\/10\/Wohnverwandschaft-1251x2048.jpg 1251w, https:\/\/gemeindebuechereikastl.de\/wp-content\/uploads\/2025\/10\/Wohnverwandschaft-750x1227.jpg 750w, https:\/\/gemeindebuechereikastl.de\/wp-content\/uploads\/2025\/10\/Wohnverwandschaft.jpg 1406w\" sizes=\"auto, (max-width: 377px) 100vw, 377px\" \/>Wohnverwandt-schaften<\/h1>\n<h3 class=\"volume-number volume-number-details\">Eine urspr\u00fcnglich als Zweckgemeinschaft gegr\u00fcndete Wohngemeinschaft wird f\u00fcr vier Menschen zur Ersatzfamilie.<\/h3>\n<p>Constanze, ist Anfang 30 und hat sich gerade von ihrem Freund getrennt. \u00dcbergangsweise mietet sie ein kleines Zimmer in einer Wohngemeinschaft mit Anke, der arbeitslosen Schauspielerin, Murat, dem begnadeten Hobbykoch, und J\u00f6rg, dem \u00c4ltesten im Bunde, dem die Wohnung geh\u00f6rt. \u00dcbergangsweise? Nicht so ganz, denn der Roman begleitet alle vier Personen durch zwei Jahre. Zwei Jahre, in denen sie sich nahekommen und doch Distanz wahren, und zwei Jahre, in denen sich J\u00f6rg demenziell immer mehr ver\u00e4ndert. Mal aus der Sichtweise der einzelnen Personen, mal in dialogischen Szenen wird gezeigt, wie eine Wohngemeinschaft zur selbst gew\u00e4hlten Familie werden kann, auch oder gerade weil die Ursprungsfamilie wenig Halt gibt. \u2013 Ein ber\u00fchrendes, zuweilen humorvolles und eher leises Buch, das \u00fcberall empfohlen werden kann und muss.<\/p>\n<h4><strong><span style=\"color: #008000;\">Empfohlen von Myriam Klatt<\/span><br \/>\n<\/strong>_________________________________________________________________<\/h4>\n<h3><span style=\"color: #008000;\"><strong>Buch des Monats September \u2013 2025 \/\u00a0<\/strong><\/span><a href=\"https:\/\/www.michaelsbund.de\/?cl=search&amp;searchauthor=Lunde%2C+Maja\">Lunde, Maja<\/a><\/h3>\n<h1><a href=\"https:\/\/www.michaelsbund.de\/?cl=search&amp;searchauthor=Lunde%2C+Maja\"><img loading=\"lazy\" decoding=\"async\" class=\"wp-image-5913 alignleft\" src=\"https:\/\/gemeindebuechereikastl.de\/wp-content\/uploads\/2025\/09\/Bienen.jpg\" alt=\"\" width=\"376\" height=\"558\" srcset=\"https:\/\/gemeindebuechereikastl.de\/wp-content\/uploads\/2025\/09\/Bienen.jpg 674w, https:\/\/gemeindebuechereikastl.de\/wp-content\/uploads\/2025\/09\/Bienen-202x300.jpg 202w\" sizes=\"auto, (max-width: 376px) 100vw, 376px\" \/><\/a>Die Geschichte der Bienen<\/h1>\n<h3 class=\"title\"><strong>Ein gro\u00dfer Roman \u00fcber das Leben dreier Personen, die schicksalshaft mit Bienen verbunden sind.<\/strong><\/h3>\n<h3><strong>Klimaquartett\u00a0 Band 1<\/strong><\/h3>\n<div class=\"inner\">\n<div class=\"desc\">England 1852, der depressiv gewordene Familienvater William verl\u00e4sst \u00fcber Wochen das Bett nicht, bis ihn ausgerechnet die eher missachtete Tochter wieder in die Welt locken kann und leise, aber st\u00e4ndig die fr\u00fchere Leidenschaft f\u00fcr Naturwissenschaften und Bienenhaltung erwacht, die in einer bahnbrechenden Neuerfindung gipfelt. Ohio 2007, George lebt von der Bienenhaltung und verkauft Honig. Umweltbelastung und wirtschaftliche Konkurrenz erschweren sein Leben, dessen Sorgen er weder mit seiner Frau noch mit seinem Sohn teilen kann. Er muss um seine private und berufliche Existenz k\u00e4mpfen. China 2098, Tao, Mutter eines kleinen Sohnes und besorgte Ehefrau, verdient ihr Geld wie viele andere als Bl\u00fctenbest\u00e4uberin. Bienen gibt es nicht mehr. Das gr\u00f6\u00dfte Anliegen ist ihr die Bildung des Kindes, damit Wei-Wen mal ein besseres Leben f\u00fchren kann. Nach der Arbeit dr\u00e4ngt sie das Kleinkind zum Lernen und hindert den Spieltrieb des Kindes, was zu unterschwelligen Spannungen mit ihrem Mann f\u00fchrt. &#8211; Alle drei zun\u00e4chst v\u00f6llig isolierten Geschichten wechseln sich rhythmisch ab und bauen nicht nur durch die Unterbrechungen st\u00e4ndig Spannung auf. Die Ausgestaltung unterschiedlicher Kontexte, historisch, gegenw\u00e4rtig und futuristisch, ist psychologisch, kulturell und geographisch so \u00fcberzeugend, dass die Autorin ihren Lesern eine (Zeit-)Reise erm\u00f6glicht. Allen Handlungsstr\u00e4ngen gemein ist die enge Verkn\u00fcpfung der famili\u00e4ren Beziehungen und die Abh\u00e4ngigkeit von der Arbeit der Bienen. Nicht nur das besorgniserregende Thema um das Sterben der Bienen, auch das Psychogramm des Menschen im Zusammenhang mit der Sinnhaftigkeit in seiner Arbeitswelt machen den kunstvoll gestalteten und sprachlich sehr differenzierten Roman brandaktuell.<\/div>\n<div><\/div>\n<div>\n<h3 style=\"text-align: center;\"><strong>Klimaquartett-Serie &#8211; Chronologie aller B\u00e4nde (1-4)<\/strong><\/h3>\n<h3><strong><img loading=\"lazy\" decoding=\"async\" class=\"aligncenter wp-image-5916 \" src=\"https:\/\/gemeindebuechereikastl.de\/wp-content\/uploads\/2025\/09\/Klimaquartett.jpg\" alt=\"\" width=\"698\" height=\"256\" srcset=\"https:\/\/gemeindebuechereikastl.de\/wp-content\/uploads\/2025\/09\/Klimaquartett.jpg 1504w, https:\/\/gemeindebuechereikastl.de\/wp-content\/uploads\/2025\/09\/Klimaquartett-300x110.jpg 300w, https:\/\/gemeindebuechereikastl.de\/wp-content\/uploads\/2025\/09\/Klimaquartett-768x282.jpg 768w, https:\/\/gemeindebuechereikastl.de\/wp-content\/uploads\/2025\/09\/Klimaquartett-750x275.jpg 750w\" sizes=\"auto, (max-width: 698px) 100vw, 698px\" \/><\/strong><\/h3>\n<p>Das Buch &#8222;Die Geschichte der Bienen&#8220; bildet den Ausgangspunkt zur Serie. Der zweite Teil &#8222;Die Geschichte des Wassers&#8220; folgte anschlie\u00dfend zwei Jahre darauf im Jahr 2017. \u00dcber f\u00fcnf Jahre hinweg kamen so zwei weitere B\u00fccher zur Reihenfolge hinzu bis hin zu Band 4 &#8222;Der Traum von einem Baum&#8220;. Alle 4 B\u00fccher sind in der B\u00fccherei ausleihbar<\/p>\n<\/div>\n<\/div>\n<h4><strong><span style=\"color: #008000;\">Empfohlen von Goretti Mayer<\/span><br \/>\n<\/strong>_________________________________________________________________<\/h4>\n<h3><strong><span style=\"color: #008000;\">Buch des Monats August \u2013 2025<\/span> \/\u00a0<\/strong><a href=\"https:\/\/www.michaelsbund.de\/?cl=search&amp;searchauthor=Kruse%2C+Tatjana\">Kruse, Tatjana<\/a><\/h3>\n<h1 class=\"product-title no-brandTitle\"><img loading=\"lazy\" decoding=\"async\" class=\"alignleft wp-image-5858 \" src=\"https:\/\/gemeindebuechereikastl.de\/wp-content\/uploads\/2025\/08\/Wasserleiche.jpg\" alt=\"\" width=\"372\" height=\"596\" srcset=\"https:\/\/gemeindebuechereikastl.de\/wp-content\/uploads\/2025\/08\/Wasserleiche.jpg 624w, https:\/\/gemeindebuechereikastl.de\/wp-content\/uploads\/2025\/08\/Wasserleiche-187x300.jpg 187w\" sizes=\"auto, (max-width: 372px) 100vw, 372px\" \/>Tagebuch einer Wasserleiche aus dem Canale Grande<\/h1>\n<h3><strong class=\"product-subtitle\">Eine Venedig-Krim\u00f6die<\/strong><\/h3>\n<div class=\"title\">Sommerliche Krimi-Kom\u00f6die rund um eine biedere deutsche Steuerberaterin und zwei verfeindete Mafiafamilien in Venedig.<\/div>\n<div class=\"inner\">\n<div class=\"desc\">Als Astrid Vollrath ihren Partner in flagranti mit der Nachbarin ertappt, steigt sie spontan in den n\u00e4chsten Zug, um Abstand zu gewinnen. Sie landet im hochsommerlichen Venedig und findet eine Unterkunft bei Familie Foscarelli, die offiziell mit Gipsk\u00f6pfen von Dogen handelt und ein gro\u00dfes Aquarium voller Piranhas besitzt. Als die erste Leiche zu beklagen ist, steckt die bodenst\u00e4ndige Steuerberaterin schon mitten in einer blutigen Auseinandersetzung zwischen verfeindeten Mafiafamilien und korrupten Polizeibeamten. \u2013 Die Autorin, die schon zahlreiche Krimis ver\u00f6ffentlicht hat, hat ein Faible f\u00fcr schr\u00e4ge Charaktere und schwarzhumorige Szenerien. Wer dieses Genre mag, wird an dieser venezianische \u201eKrim\u00f6die\u201c trotz der in Teilen etwas bem\u00fcht wirkenden Gags seinen Spa\u00df haben.<\/div>\n<\/div>\n<h4><strong><span style=\"color: #008000;\">Empfohlen von Regina Weber<\/span><br \/>\n<\/strong>_________________________________________________________________<\/h4>\n<h3><strong><span style=\"color: #008000;\">Buch des Monats Juli \u2013 2025<\/span> \/ <a href=\"https:\/\/www.michaelsbund.de\/?cl=search&amp;searchauthor=Lapuente%2C+Sof%C3%ADa\">Lapuente, Sof\u00eda;\u00a0<\/a><a href=\"https:\/\/www.michaelsbund.de\/?cl=search&amp;searchauthor=Shusterman%2C+Jarrod\">Shusterman, Jarrod<\/a><a href=\"https:\/\/www.michaelsbund.de\/?cl=search&amp;searchauthor=Shusterman%2C+Jarrod\"><img loading=\"lazy\" decoding=\"async\" class=\"alignleft wp-image-5820 \" src=\"https:\/\/gemeindebuechereikastl.de\/wp-content\/uploads\/2025\/07\/Retro.jpg\" alt=\"\" width=\"372\" height=\"588\" srcset=\"https:\/\/gemeindebuechereikastl.de\/wp-content\/uploads\/2025\/07\/Retro.jpg 632w, https:\/\/gemeindebuechereikastl.de\/wp-content\/uploads\/2025\/07\/Retro-190x300.jpg 190w\" sizes=\"auto, (max-width: 372px) 100vw, 372px\" \/><\/a><\/strong><\/h3>\n<h1 class=\"product-title no-brandTitle\">RETRO &#8211; Geh nicht online<\/h1>\n<h4><strong class=\"product-subtitle\">Spannender Jugendthriller ab 12 Jahren mit einer Challenge, die man nicht so schnell vergisst!<\/strong><\/h4>\n<p><strong>Der bemerkenswerte Coming-of-Age-Roman zeigt anhand einer fesselnden Geschichte, welche Macht soziale Medien und welchen Wert Daten in unserer modernen Welt haben.<\/strong><\/p>\n<p>Luna verbringt eine unbeschwerte Zeit mit ihren Freundinnen an der kalifornischen El Dorado Highschool, bis ein gepostetes Video ihr Leben komplett auf den Kopf stellt. Sie meldet sich f\u00fcr eine Retro-Challenge an und verpflichtet sich, ein Jahr lang auf Smartphone, Internet und Social Media zu verzichten und keine Technik zu benutzen, die nach der Jahrhundertwende hergestellt worden ist. Entgegen aller Erwartungen f\u00e4llt es Luna nicht schwer, sich an die Regeln zu halten. Ganz im Gegenteil: In ihrer kompromisslosen Entschlossenheit wird sie zur Leitfigur einer Bewegung, der sich immer mehr junge Menschen anschlie\u00dfen. Doch dann verschwinden nach und nach die ersten &#8222;Retros&#8220; \u2026 Im Mittelpunkt der spannenden Romanhandlung mit \u00fcberraschenden Wendungen steht ein temperamentvolles M\u00e4dchen mit spanischen Wurzeln, das mutig f\u00fcr seine \u00dcberzeugungen einsteht und sich nicht unterkriegen l\u00e4sst.<\/p>\n<h4><strong><span style=\"color: #008000;\">Empfohlen von Georg D\u00fcrr<\/span><br \/>\n<\/strong>_________________________________________________________________<\/h4>\n<h3><strong><span style=\"color: #008000;\">Buch des Monats Juni \u2013 2025<\/span> \/\u00a0 <\/strong><strong><a href=\"https:\/\/www.michaelsbund.de\/?cl=search&amp;searchauthor=Nugent%2C+Liz\">Liz\u00a0 N<\/a><\/strong><strong><a href=\"https:\/\/www.michaelsbund.de\/?cl=search&amp;searchauthor=Nugent%2C+Liz\">ugent<\/a><\/strong><\/h3>\n<p><img loading=\"lazy\" decoding=\"async\" class=\"wp-image-5752 alignleft\" src=\"https:\/\/gemeindebuechereikastl.de\/wp-content\/uploads\/2025\/06\/sally.jpg\" sizes=\"auto, (max-width: 335px) 100vw, 335px\" srcset=\"https:\/\/gemeindebuechereikastl.de\/wp-content\/uploads\/2025\/06\/sally.jpg 606w, https:\/\/gemeindebuechereikastl.de\/wp-content\/uploads\/2025\/06\/sally-182x300.jpg 182w\" alt=\"\" width=\"335\" height=\"553\" \/><\/p>\n<h2 class=\"product-title no-brandTitle\">Seltsame Sally Diamond<\/h2>\n<div class=\"title\">Die tragische Lebensgeschichte der Geschwister Mary und Peter Norton.<\/div>\n<div class=\"inner\">\n<div class=\"desc\">Die Ich-Erz\u00e4hlerin Sally Diamond ist eine 43-j\u00e4hrige, einsam lebende Irin, die wenig Erfahrung im Umgang mit Menschen hat und fast alle Aussagen so w\u00f6rtlich nimmt, dass sie ihren Stiefvater in der M\u00fclltonne verbrennen will. Die Praxisnachfolgerin ihrer Stiefmutter gewinnt ihr Vertrauen und hilft ihr aus diesem Schlamassel. Sallys Eigenarten, so erf\u00e4hrt der Leser durch R\u00fcckblenden, r\u00fchren von einer fr\u00fchen Kindheit unter uns\u00e4glichen Umst\u00e4nden her: Sie musste sechs Jahre lang mit ihrer durch den Peiniger angeketteten Mutter Denise in einem lichtlosen Raum verbringen. Als das Gef\u00e4ngnis entdeckt wurde und die beiden befreit, war der Kidnapper Conor Geary verschwunden. Ein anonym zugesandter alter Teddy l\u00e4sst Sally und ihre Umgebung bef\u00fcrchten, er versuche, seine Tochter wieder in seine Gewalt zu bringen. Hier blendet die Autorin die Berichte eines Peter aus Neuseeland ein. Wie sich daraus schnell ableiten l\u00e4sst, ist er der \u00e4ltere Bruder von Sally, von dessen Existenz bislang niemand wusste. Er wuchs ebenfalls in Einsamkeit auf, lange in dem Glauben, an einer todbringenden Krankheit zu leiden. Zuerst neben dem Gef\u00e4ngnis von Mary, wie Sally urspr\u00fcnglich hie\u00df; sp\u00e4ter einsam in der N\u00e4he von Rotorua in Neuseeland. &#8211; Glaubw\u00fcrdig beschreibt die Autorin die Traumatisierung und ihre dauernden Folgen und ebenso, wie Sally, die sich auf den Weg machte, Kontakte zu finden, vom Verhalten der Menschen in ihrer N\u00e4he entt\u00e4uscht wird, insbesondere von Peter, aber auch vom j\u00fcngeren Bruder ihrer Mutter. Ihre letzte Sicherheit verliert sie, als ihr klar wird, dass ihr Stiefvater sie mehr als Beobachtungsobjekt f\u00fcr seine wissenschaftliche Arbeit sah denn als junge Frau, die zu einem m\u00f6glichst normalen Leben zur\u00fcckfinden sollte.<\/div>\n<div><\/div>\n<h4><strong><span style=\"color: #008000;\">Empfohlen von Christa Kastner<\/span><br \/>\n<\/strong>_________________________________________________________________<\/h4>\n<div><\/div>\n<\/div>\n<h3><strong><span style=\"color: #008000;\">Buch des Monats Mai\u00a0 \u2013 2025<\/span> \/ <a href=\"https:\/\/www.michaelsbund.de\/?cl=search&amp;searchauthor=Wells%2C+Benedict\">Wells, Benedict<\/a><a href=\"https:\/\/www.michaelsbund.de\/?cl=search&amp;searchauthor=Wells%2C+Benedict\"><img loading=\"lazy\" decoding=\"async\" class=\"alignleft wp-image-5702 \" src=\"https:\/\/gemeindebuechereikastl.de\/wp-content\/uploads\/2025\/05\/hard-land-1.jpg\" alt=\"\" width=\"315\" height=\"524\" srcset=\"https:\/\/gemeindebuechereikastl.de\/wp-content\/uploads\/2025\/05\/hard-land-1.jpg 541w, https:\/\/gemeindebuechereikastl.de\/wp-content\/uploads\/2025\/05\/hard-land-1-181x300.jpg 181w\" sizes=\"auto, (max-width: 315px) 100vw, 315px\" \/><\/a><\/strong><\/h3>\n<h2>Hard Land<\/h2>\n<p>Missouri, 1985: Um vor den Problemen zu Hause zu fliehen, nimmt der f\u00fcnfzehnj\u00e4hrige Sam einen Ferienjob in einem alten Kino an. Und einen magischen Sommer lang ist alles auf den Kopf gestellt. Er findet Freunde, verliebt sich und entdeckt die Geheimnisse seiner Heimatstadt. Zum ersten Mal ist er kein unscheinbarer Au\u00dfenseiter mehr. Bis etwas passiert, das ihn zwingt, erwachsen zu werden. Eine Hommage an 80&#8217;s Coming-of-Age-Filme wie &#8218;The Breakfast Club&#8216; und &#8218;Stand By Me&#8216; &#8211; die Geschichte eines Sommers, den man nie mehr vergisst. Ausgezeichnet mit dem Deutschen Jugendliteraturpreis 2022.<\/p>\n<h4><strong><span style=\"color: #008000;\">Empfohlen von Georg D\u00fcrr<\/span><\/strong><\/h4>\n<p>&nbsp;<\/p>\n<p>&nbsp;<\/p>\n<p>&nbsp;<\/p>\n<p>&nbsp;<\/p>\n<p><strong><br \/>\n<\/strong>_________________________________________________________________<\/p>\n<h3><strong><span style=\"color: #008000;\">Buch des Monats April\u00a0 \u2013 2025<\/span> \/\u00a0<a href=\"https:\/\/www.michaelsbund.de\/?cl=search&amp;searchauthor=Harris%2C+Robert\">Harris, Robert<\/a><\/strong><\/h3>\n<h1><strong><img loading=\"lazy\" decoding=\"async\" class=\"wp-image-5610 alignleft\" src=\"https:\/\/gemeindebuechereikastl.de\/wp-content\/uploads\/2025\/04\/Konklave.jpg\" sizes=\"auto, (max-width: 346px) 100vw, 346px\" srcset=\"https:\/\/gemeindebuechereikastl.de\/wp-content\/uploads\/2025\/04\/Konklave.jpg 412w, https:\/\/gemeindebuechereikastl.de\/wp-content\/uploads\/2025\/04\/Konklave-191x300.jpg 191w\" alt=\"\" width=\"326\" height=\"513\" \/><\/strong><\/h1>\n<h1><strong>Konklave<\/strong><\/h1>\n<h3><b>Romanvorlage zur gro\u00dfen Bestsellerverfilmung<\/b><\/h3>\n<p>Der Papst ist tot. Die um den Heiligen Stuhl buhlenden Gegner formieren sich: Traditionalisten, Modernisten, Schwarzafrikaner, S\u00fcdamerikaner \u2026 Kardinal Lomeli, den eine Glaubenskrise plagt, leitet das schwierige Konklave. Als sich die Pforten hinter den 117 Kardin\u00e4len schlie\u00dfen, trifft ein allen unbekannter Nachz\u00fcgler ein. Der verstorbene Papst hatte den Bischof von Bagdad im Geheimen zum Kardinal ernannt. Ist der aufrechte Kirchenmann der neue Hoffnungstr\u00e4ger in Zeiten von Krieg und Terror oder ein unerbittlicher Rivale mit ganz eigenen Pl\u00e4nen? Die Welt wartet, dass wei\u00dfer Rauch aufsteigt \u2026<img loading=\"lazy\" decoding=\"async\" class=\"wp-image-5611 alignright\" src=\"https:\/\/gemeindebuechereikastl.de\/wp-content\/uploads\/2025\/04\/Konklave-DVD-857x1206.jpg\" sizes=\"auto, (max-width: 256px) 100vw, 256px\" srcset=\"https:\/\/gemeindebuechereikastl.de\/wp-content\/uploads\/2025\/04\/Konklave-DVD-857x1206.jpg 857w, https:\/\/gemeindebuechereikastl.de\/wp-content\/uploads\/2025\/04\/Konklave-DVD-213x300.jpg 213w, https:\/\/gemeindebuechereikastl.de\/wp-content\/uploads\/2025\/04\/Konklave-DVD-768x1081.jpg 768w, https:\/\/gemeindebuechereikastl.de\/wp-content\/uploads\/2025\/04\/Konklave-DVD-750x1055.jpg 750w, https:\/\/gemeindebuechereikastl.de\/wp-content\/uploads\/2025\/04\/Konklave-DVD.jpg 1066w\" alt=\"\" width=\"273\" height=\"384\" \/><\/p>\n<h2><span style=\"color: #008000;\">KONKLAVE auch als DVD in der B\u00fccherei ausleihbar!<\/span><\/h2>\n<p>Der Papst ist unerwartet verstorben. Kardinal Lawrence (Ralph Fiennes) ist mit der schwierigen Aufgabe betraut, die Wahl des neuen Papstes zu leiten. M\u00e4chtige Kardin\u00e4le aus aller Welt reisen f\u00fcr das Konklave nach Rom. Als sich die T\u00fcren zur\u00a0<em class=\"element-background-basic-colors marker\" data-color=\"04b\">Sixtinischen<\/em>\u00a0Kappelle schlie\u00dfen, entbrennt ein Spiel um Macht. Kardinal Lawrence findet sich im Zentrum von Intrigen und Korruption wieder und kommt einem Geheimnis auf die Spur, das die Grundfeste seines Glaubens ersch\u00fcttern k\u00f6nnte<\/p>\n<p><strong><span style=\"color: #008000;\">Empfohlen von Georg D\u00fcrr<\/span><br \/>\n<\/strong>_________________________________________________________________<\/p>\n<h3><span style=\"color: #008000;\">Buch des Monats M\u00e4rz\u00a0 \u2013 2025 \/ <a href=\"https:\/\/www.michaelsbund.de\/?cl=search&amp;searchauthor=Whitaker%2C+Chris\">Whitaker, Chris<\/a><br \/>\n<\/span><\/h3>\n<h3><span style=\"color: #008000;\"><img loading=\"lazy\" decoding=\"async\" class=\"wp-image-5566 alignleft\" src=\"https:\/\/gemeindebuechereikastl.de\/wp-content\/uploads\/2025\/03\/Anfang.jpg\" alt=\"\" width=\"353\" height=\"550\" srcset=\"https:\/\/gemeindebuechereikastl.de\/wp-content\/uploads\/2025\/03\/Anfang.jpg 642w, https:\/\/gemeindebuechereikastl.de\/wp-content\/uploads\/2025\/03\/Anfang-193x300.jpg 193w\" sizes=\"auto, (max-width: 353px) 100vw, 353px\" \/><\/span><\/h3>\n<h2>Von hier bis zum Anfang<\/h2>\n<h4>Der Tod eines kleinen M\u00e4dchens vor 30 Jahren f\u00fchrt zu ersch\u00fctternden Ereignissen in der Gegenwart.<\/h4>\n<p>Vor 30 Jahren wurde in Kalifornien ein kleines M\u00e4dchen get\u00f6tet. Ihre gro\u00dfe Schwester Star sowie Walk und Martha aus ihrer Clique leiden noch immer darunter. Walks Freund Vincent wurde f\u00fcr das Verbrechen verurteilt und kehrt nach 30 Jahren Haft in seine Heimat zur\u00fcck. Walk ist Polizist, Martha Anw\u00e4ltin geworden. Star hat zwei uneheliche Kinder bekommen, Duchess und Robin. Sie schl\u00e4gt sich als S\u00e4ngerin in einer billigen Bar durchs Leben, sodass Duchess sich meist allein um ihren kleinen Bruder k\u00fcmmern muss. Als Star ermordet aufgefunden wird, f\u00e4llt der Verdacht auf Vincent. Robin ist Zeuge des Mordes, kann sich aber nicht erinnern, was passiert ist. Walk bringt die beiden Kinder zu ihrem Gro\u00dfvater nach Montana. Doch auch dort kommen sie nicht zur Ruhe.<\/p>\n<p><strong><span class=\"a-text-bold\">\u00bbSeit \u203aDer Gesang der Flusskrebse\u2039\u00a0hat mich kein Roman so bewegt und begeistert<\/span><\/strong><span class=\"a-text-bold\">!\u00ab\u00a0<\/span><span class=\"a-text-bold a-text-italic\">A. J. Finn<\/span><\/p>\n<p><strong><span style=\"color: #008000;\">Empfohlen von Christa Kastner<\/span><br \/>\n<\/strong>_________________________________________________________________<\/p>\n<h3><span style=\"color: #008000;\">Buch des Monats Februar\u00a0 \u2013 2025 \/<\/span> <span class=\"autor nrknv_authors\">Fr\u00f6hlich, Alexandra <\/span><\/h3>\n<h3><img loading=\"lazy\" decoding=\"async\" class=\"alignleft wp-image-5504 \" src=\"https:\/\/gemeindebuechereikastl.de\/wp-content\/uploads\/2025\/02\/Gestorben.jpg\" alt=\"\" width=\"322\" height=\"510\" srcset=\"https:\/\/gemeindebuechereikastl.de\/wp-content\/uploads\/2025\/02\/Gestorben.jpg 631w, https:\/\/gemeindebuechereikastl.de\/wp-content\/uploads\/2025\/02\/Gestorben-189x300.jpg 189w\" sizes=\"auto, (max-width: 322px) 100vw, 322px\" \/><\/h3>\n<h2>Gestorben wird immer<\/h2>\n<h4>Drei Frauen. Drei Leben. Eine Geschichte, die endlich erz\u00e4hlt werden muss.<\/h4>\n<p>Der Tod war Agnes\u2018 Gesch\u00e4ft. \u00dcber Jahrzehnte hinweg f\u00fchrte sie den Steinmetzbetrieb Weisgut &amp; S\u00f6hne in Hamburg und lenkte gebieterisch die Geschicke der Familie. Mit 91 Jahren nun hat Agnes von allem und jedem genug, sie will reinen Tisch machen und endlich das Geheimnis l\u00fcften, das sie viel zu lange schon mit sich herumtr\u00e4gt. Da ihre Tochter das Weite gesucht hat, beauftragt sie ihre Enkelin Birte, die Einzige, die aus demselben harten Holz geschnitzt ist wie sie, den ganzen Clan zusammenzutrommeln \u2013 kein einfaches Unterfangen, denn alle sind sich spinnefeind. Es ist Zeit f\u00fcr die Wahrheit.<\/p>\n<h3><\/h3>\n<p><strong><span style=\"color: #008000;\">Empfohlen von Rita Popp<\/span><br \/>\n<\/strong>_________________________________________________________________<\/p>\n<h3><span style=\"color: #008000;\">Buch des Monats Januar\u00a0 \u2013 2025<\/span>\u00a0\/\u00a0<a href=\"https:\/\/www.michaelsbund.de\/?cl=search&amp;searchauthor=Niedlich%2C+_Sebastian\">Niedlich, Sebastian<\/a><\/h3>\n<h1 class=\"product-title no-brandTitle\"><img loading=\"lazy\" decoding=\"async\" class=\"wp-image-5454 alignleft\" src=\"https:\/\/gemeindebuechereikastl.de\/wp-content\/uploads\/2025\/01\/Dicker-Teufel.jpg\" sizes=\"auto, (max-width: 317px) 100vw, 317px\" srcset=\"https:\/\/gemeindebuechereikastl.de\/wp-content\/uploads\/2025\/01\/Dicker-Teufel.jpg 371w, https:\/\/gemeindebuechereikastl.de\/wp-content\/uploads\/2025\/01\/Dicker-Teufel-184x300.jpg 184w\" alt=\"\" width=\"317\" height=\"517\" \/><\/h1>\n<h2 class=\"product-title no-brandTitle\">Dicker Teufel umst\u00e4ndehalber in liebevolle H\u00e4nde abzugeben<\/h2>\n<p>Bestsellerautor Sebastian Niedlich schickt den Teufel auf Partnersuche!_Bei Gott in Ungnade gefallen, weil Mephy einst versuchte, einen himmlischen Betriebsrat zu gr\u00fcnden, wurde der F\u00fcrst der Finsternis strafversetzt und k\u00fcmmert sich seitdem um das ordnungsgem\u00e4\u00dfe und formvollendete Qu\u00e4len der verdammten Seelen. Trotz Schwefelduft und \u00dcberstunden ist Mephy hochmotiviert bei der Sache, doch so langsam wird ihm klar, dass es im Leben noch etwas anderes geben muss als immer nur Arbeit. Eine Frau muss her, und zwar schnell!_Mephy bekommt von seinem Chef 66 Tage Sonderurlaub in irdischen Gefilden, um eine sch\u00f6ne Sterbliche zu finden. Dort angekommen, merkt er schnell, dass Partnersuche inzwischen die H\u00f6lle auf Erden ist &#8230; Sebastian Niedlich erz\u00e4hlt von teuflischen Dates und Bungee-Haien, kleinen Gemeinheiten und gro\u00dfen Gef\u00fchlen &#8211; beste Unterhaltung ist garantiert!Gott sah ihn mit zusammengezogenen Brauen an, schien die Bemerkung aber \u00fcberh\u00f6ren zu wollen. Mephy fischte den Ball aus dem Loch und gab ihn dem Chef zur\u00fcck. Der nickte gef\u00e4llig und schritt weiter zum n\u00e4chsten Abschlag. (&#8230;)\u00bbDu willst dir also ein paar Tage freinehmen\u00ab, sagte der Chef mit Blick \u00fcber den Golfplatz.Mephy bef\u00fcrchtete, dass sein Anliegen nicht gut ankommen w\u00fcrde, aber er wollte auch nicht drum herumreden. \u00bbNa ja, genau genommen hatte ich an etwas mehr als ein paar Tage gedacht.\u00ab\u00bbEin paar Wochen?\u00abMephy sch\u00fcttelte den Kopf.\u00bbJahre?\u00abMephy l\u00e4chelte verkrampft.Der Chef warf ihm einen scharfen Blick zu und zog eine Augenbraue hoch. \u00bbDu kannst doch nicht deinen Posten f\u00fcr ein paar Jahre verlassen? Wo k\u00e4men wir denn da hin? Nachher wollen auch alle anderen, dass ich ihnen Urlaub gebe. Das w\u00e4re ein sch\u00f6nes Chaos. (&#8230;) Was willst du \u00fcberhaupt so lange machen?\u00ab\u00bbDies und das\u00ab, sagte Mephy. (&#8230;)Der Chef dachte eine Weile nach und fuhr sich gedankenverloren durch den Bart. Dann schaute er Mephy pr\u00fcfend an.\u00bbDas ist mir<br \/>\nalles zu unsicher. Du k\u00f6nntest ja auf die Erde gehen wollen, um dort alle Menschen zum B\u00f6sen zu verf\u00fchren. Gib mir einen guten Grund, warum ich das tun sollte.\u00ab\u00bbIch k\u00f6nnte auf die Erde gehen und die Menschen zum B\u00f6sen verf\u00fchren? Du mischst dich doch andauernd ein. Was hab ich denn jemals gemacht? Wenn \u00fcberhaupt, habe ich dir nur gesagt, dass du dich mal ein wenig zusammenrei\u00dfen solltest.\u00abDer Chef verzog keine Miene. \u00bbSag mir doch einfach, warum du dorthin willst.\u00abMephy seufzte. \u00bbAlso sch\u00f6n: Ich will mir auf der Erde eine Frau suchen.\u00abDiesmal zog der Chef beide Augenbrauen hoch und fing an, schallend zu lachen.Mephy lie\u00df die Mundwinkel h\u00e4ngen. \u00bbSch\u00f6n, dass dich das so am\u00fcsiert. Wenigstens hat einer Spa\u00df.\u00abSebastian NiedlichDie Presse \u00fcber die B\u00fccher von Sebastian Niedlich:\u00bbWas w\u00e4re, wenn man genau w\u00fcsste, wer wann sterben muss? W\u00e4re das Leben dann einfacher? Martin hat diese Gabe. Und er kann den Tod sehen, mehr noch: Er kann mit ihm reden. Als Kind findet er das eine Weile lustig, immerhin hat er in dem schr\u00e4gen Sensenmann einen Freund gefunden, er spielt sogar Schach mit ihm.<\/p>\n<h4><strong><span style=\"color: #008000;\">Empfohlen von Regina Weber<\/span><br \/>\n<\/strong>_________________________________________________________________<\/h4>\n<h3><span style=\"color: #008000;\">Buch des Monats Dezember<\/span><span style=\"color: #008000;\"> &#8211; 2024 \/<\/span>\u00a0<a href=\"https:\/\/www.michaelsbund.de\/?cl=search&amp;searchauthor=Seeburg%2C+Uta\">Seeburg, Uta<\/a><\/h3>\n<p><img loading=\"lazy\" decoding=\"async\" class=\"alignleft wp-image-5377 size-full\" src=\"https:\/\/gemeindebuechereikastl.de\/wp-content\/uploads\/2024\/12\/Krampus.jpg\" alt=\"\" width=\"261\" height=\"420\" srcset=\"https:\/\/gemeindebuechereikastl.de\/wp-content\/uploads\/2024\/12\/Krampus.jpg 261w, https:\/\/gemeindebuechereikastl.de\/wp-content\/uploads\/2024\/12\/Krampus-186x300.jpg 186w\" sizes=\"auto, (max-width: 261px) 100vw, 261px\" \/><\/p>\n<h2>Der echte Krampus<\/h2>\n<p><strong class=\"product-subtitle\">Historischer Weihnachtskrimi &#8211; Gryszinski feiert Weihnachten<\/strong><\/p>\n<p>Im Buch um den preu\u00dfischen Kriminalermittler Baron Wilhelm Freiherr von Gryszinski von der K\u00f6niglichen Bayerischen Polizeidirektion ist dieser Ende November mit seiner Familie auf dem Weg in den Winterurlaub. Doch das Verbrechen g\u00f6nnt ihm keine Auszeit, denn auch im verschneiten D\u00f6rfchen Berghall in Oberbayern ist seine Expertise gefragt. W\u00e4hrend des traditionellen Krampuslaufs, einen Tag vor Nikolaus, entbrennt inmitten der Dorfgemeinschaft eine Messerstecherei zwischen den Krampussen und am anderen Morgen liegt ein toter Krampus im R\u00e4ucherh\u00e4uschen des Ermittlers. Wie den T\u00e4ter identifizieren, hatten doch alle 20 beteiligten junge M\u00e4nner der Rauferei teuflische Masken und Gew\u00e4nder an? Der Ermittler und seine Kollegen sind umgeben von Ahnungen, Mythen und geheimen Beziehungen, nur die handfesten Beweise wollen sich nicht einstellen. Doch Hartn\u00e4ckigkeit und kriminalistisches Gesp\u00fcr f\u00fchren am Ende zur L\u00f6sung im gro\u00dfen Finale am Heiligen Abend. Vor zauberhafter Winterkulisse im Berchtesgadener Land mit bayerisch-katholischem Brauchtum vom Paradeisl, Wolpertinger, Andreas- und Barbarariten, Lucialicht bis zur Madonnenverehrung wird der historische Krimi einen Dezember lang spannend und mit viel k\u00f6stlicher Atmosph\u00e4re, heimeligem Adventszauber und hinterh\u00e4ltigem Verbrechen entwickelt. Unterhaltsame Wohlf\u00fchl-Lekt\u00fcre in der Adventszeit mit Glaube und Aberglaube der damaligen Zeit in kleinen abgelegenen Orten mit ihrer dichten sozialen Struktur unter den Bewohner:innen der Bergbauernh\u00f6fe, bevor der Skitourismus Einzug hielt in den Bergen.<\/p>\n<h4><strong><span style=\"color: #008000;\">Empfohlen von Georg D\u00fcrr<\/span><br \/>\n<\/strong>_________________________________________________________________<\/h4>\n<h3><span style=\"color: #008000;\">Buch des Monats November &#8211; 2024<\/span> \/ <a href=\"https:\/\/www.michaelsbund.de\/?cl=search&amp;searchauthor=Shapiro%2C+Dani\">Shapiro, Dani<\/a><\/h3>\n<h2><img loading=\"lazy\" decoding=\"async\" class=\"alignleft wp-image-5309 size-full\" src=\"https:\/\/gemeindebuechereikastl.de\/wp-content\/uploads\/2024\/11\/leucht.jpg\" alt=\"\" width=\"257\" height=\"420\" srcset=\"https:\/\/gemeindebuechereikastl.de\/wp-content\/uploads\/2024\/11\/leucht.jpg 257w, https:\/\/gemeindebuechereikastl.de\/wp-content\/uploads\/2024\/11\/leucht-184x300.jpg 184w\" sizes=\"auto, (max-width: 257px) 100vw, 257px\" \/>Leuchtfeuer<\/h2>\n<p><strong>Ergreifender Roman \u00fcber die Schicksale zweier benachbarter Familien.<\/strong><\/p>\n<p>IIn einer beschaulichen amerikanischen Kleinstadt leben zwei Familien T\u00fcr an T\u00fcr. Sie haben all die Jahre wenig Ber\u00fchrungspunkte, bis auf zwei einschneidende Ereignisse: Bei der Geburt des Sohnes Waldo der Familie Shenkman und beim Tod von Mimi, der Mutter von Familie Wilf, nimmt jeweils ein Mitglied der anderen Familie eine bedeutende Rolle ein. Zwischen diesen beiden Personen entspannt sich eine tiefe unerkl\u00e4rliche Verbundenheit, ein zartes Band der Freundschaft. In kurzen Kapiteln wird das Innenleben aller Familienmitglieder nach und nach und an verschiedenen Punkten in ihrem Leben beleuchtet. Dabei zeigt sich, wie sehr Gef\u00fchle wie Schuld und Trauer, aber auch Liebe, N\u00e4he und Gemeinschaft Einfluss auf unser Leben nehmen. Die Figuren treffen falsche Entscheidungen, fl\u00fcchten sich in Alkohol oder kapseln sich ab und sind doch mit so viel Mitgef\u00fchl und N\u00e4chstenliebe gezeichnet, dass man sie alle am liebsten ganz fest in die Arme schlie\u00dfen m\u00f6chte. Es ber\u00fchrt einen zutiefst, wie sie mit ihrem Los zu k\u00e4mpfen haben. Der Roman spendet aber auch Trost und Hoffnung f\u00fcr alle, die schwere Zeiten durchstehen m\u00fcssen.<\/p>\n<h4><strong><span style=\"color: #008000;\">Empfohlen von Gabi K\u00f6nig<\/span><br \/>\n<\/strong>_________________________________________________________________<\/h4>\n<h3><span style=\"color: #008000;\">Buch des Monats Oktober &#8211; 2024 \/<\/span> <a href=\"https:\/\/www.michaelsbund.de\/?cl=search&amp;searchauthor=Bogdahn%2C+Martina\">Bogdahn, Martina<\/a><\/h3>\n<h2><img loading=\"lazy\" decoding=\"async\" class=\"alignleft wp-image-5228 \" src=\"https:\/\/gemeindebuechereikastl.de\/wp-content\/uploads\/2024\/10\/Muehlensommer.jpg\" alt=\"\" width=\"297\" height=\"502\" srcset=\"https:\/\/gemeindebuechereikastl.de\/wp-content\/uploads\/2024\/10\/Muehlensommer.jpg 570w, https:\/\/gemeindebuechereikastl.de\/wp-content\/uploads\/2024\/10\/Muehlensommer-178x300.jpg 178w\" sizes=\"auto, (max-width: 297px) 100vw, 297px\" \/>M\u00fchlensommer<\/h2>\n<p><strong>Die St\u00e4dterin Maria wird wegen eines Unfalls auf den Bauernhof ihrer Eltern gerufen und sieht sich wehm\u00fctig mit ihrer Jugend auf dem Land konfrontiert.<\/strong><\/p>\n<p>Ich-Erz\u00e4hlerin Maria wird aus einem Kurzurlaub auf den elterlichen Bauernhof gerufen, denn der Vater liegt nach einem Forstunfall im Krankenhaus. Nach getaner Arbeit im Schweinestall st\u00f6\u00dft sie in ihrem ehemaligen Kinderzimmer auf die Schneekugel, die Bruder Thomas gebastelt hatte. Im Inneren ist der Hof samt \u00c4ckern, St\u00e4llen und Bachlauf im Miniaturformat nachgebildet. Die Kugel katapultiert Maria gedanklich in ihre Kindheit zur\u00fcck. &#8211; Die fr\u00e4nkische Autorin Martina Bogdahn beschreibt sehr anschaulich und mit einer geh\u00f6rigen Portion Humor die b\u00e4uerlichen Szenen, z.B. wie die Kinder bei einer Hausschlachtung das Blut r\u00fchren und die D\u00e4rme reinigen m\u00fcssen. Maria denkt an die Sommer, wenn es Hitzefrei gab, und statt Freibad das Heurechen auf sie und Thomas wartete &#8211; und sie inst\u00e4ndig hofften, dass die Kameraden sie nicht sahen, die wieder \u00fcber die Bauernkinder lachen w\u00fcrden. Maria hatte es dann als Klassenbeste als einzige auf das Gymnasium geschafft &#8211; und sich langsam von ihrer Familie entfernt, auch von Bruder Thomas, der den Hof erben soll. Doch es gibt auch viele sch\u00f6ne Erinnerungen, und der Duft des Holzofenbrotes weckt Marias Heimatgef\u00fchl \u2026 &#8211; Ein warmherziger Sommerausflug aufs Land!<\/p>\n<h4><strong><span style=\"color: #008000;\">Empfohlen von Georg D\u00fcrr<\/span><br \/>\n<\/strong>_________________________________________________________________<\/h4>\n<h3><span style=\"color: #008000;\">Buch des Monats September &#8211; 2024 \/ <\/span><a href=\"https:\/\/www.michaelsbund.de\/?cl=search&amp;searchauthor=Frank%2C+Martin\">Frank, Martin<\/a><\/h3>\n<h3><img loading=\"lazy\" decoding=\"async\" class=\"alignleft wp-image-5092 \" src=\"https:\/\/gemeindebuechereikastl.de\/wp-content\/uploads\/2024\/09\/oma.jpg\" alt=\"\" width=\"317\" height=\"482\" srcset=\"https:\/\/gemeindebuechereikastl.de\/wp-content\/uploads\/2024\/09\/oma.jpg 658w, https:\/\/gemeindebuechereikastl.de\/wp-content\/uploads\/2024\/09\/oma-197x300.jpg 197w\" sizes=\"auto, (max-width: 317px) 100vw, 317px\" \/><\/h3>\n<h2 class=\"product-title no-brandTitle\">Oma, ich fahr schon mal den Rollstuhl vor!<\/h2>\n<p><strong class=\"product-subtitle\"> Als ich vom Enkel zum Pfleger wurde <\/strong><\/p>\n<p>Martin Frank, der mittlerweile vielfach preisgekr\u00f6nte Kabarettist aus dem niederbayerischen Marktflecken Hutthurm schl\u00e4gt ja gerne bajuwarisch-derbe (aber nie unter die G\u00fcrtellinie gehende) T\u00f6ne an, wenn es um die Schilderung von Alltagssituationen geht. In seinem neuen Buch berichtet er sehr gef\u00fchlvoll, unterlegt mit viel Situationskomik, vom Dasein als Pfleger seiner Oma. Die ist n\u00e4mlich nach einem Schlaganfall auf Hilfe angewiesen. Und da sonst alle Familienangeh\u00f6rigen beruflich bzw. mit der Landwirtschaft vollauf besch\u00e4ftigt sind, f\u00e4llt ihm, der seine Gro\u00dfmama hei\u00df und innig liebt, die Rolle des Pflegers zu. F\u00fcr Martin l\u00e4sst sich die Pflege gut mit seinem Beruf als Standesbeamter kombinieren, schlie\u00dflich liegt das Rathaus nur einen Steinwurf entfernt und so kann er bei Bedarf der Oma bei ihren Verrichtungen zur Hand gehen. Es ist die &#8222;nat\u00fcrliche Umkehr&#8220; des Lebenskreislaufes: Als Kind war man hilflos und eine \u00e4hnliche Hilflosigkeit m\u00fcssen viele auch im Alter erfahren. Martin Frank gelingt es bravour\u00f6s, ein sehr ernstes Thema humor- und liebevoll zu verpacken. Nebenbei bringt er auch noch sein &#8222;Outing&#8220; unter. Respekt! Anerkennung f\u00fcr die Leistung Martin Franks als Pfleger seiner Oma und auch f\u00fcr sein Schaffen als ernstzunehmender Schriftsteller, hochtalentierter Kabarettist, Schauspieler und S\u00e4nger. Ein unterhaltsames Schriftwerk mit emotionalem Inhalt, das dazu angetan ist, vielen Pflegenden Mut zu machen, sie in ihrem oftmals schweren Dasein zu best\u00e4rken und die allzu h\u00e4ufigen prek\u00e4ren Situationen aufzulockern.<\/p>\n<h4><strong><span style=\"color: #008000;\">Empfohlen von Gabi K\u00f6nig<\/span><br \/>\n<\/strong>_________________________________________________________________<\/h4>\n<h3><span style=\"color: #008000;\">Buch des Monats August &#8211; 2024 \/ <a href=\"https:\/\/www.michaelsbund.de\/?cl=search&amp;searchauthor=Safier%2C+David\">Safier, David<\/a><br \/>\n<\/span><\/h3>\n<div class=\"title\">\n<p><strong><strong><img loading=\"lazy\" decoding=\"async\" class=\"alignleft wp-image-4996 \" src=\"https:\/\/gemeindebuechereikastl.de\/wp-content\/uploads\/2024\/08\/so-lange.jpg\" alt=\"\" width=\"316\" height=\"517\" srcset=\"https:\/\/gemeindebuechereikastl.de\/wp-content\/uploads\/2024\/08\/so-lange.jpg 612w, https:\/\/gemeindebuechereikastl.de\/wp-content\/uploads\/2024\/08\/so-lange-184x300.jpg 184w\" sizes=\"auto, (max-width: 316px) 100vw, 316px\" \/><\/strong><\/strong><\/p>\n<h2>So lange wir leben<\/h2>\n<p><strong>Mehr als ein halbes Jahrhundert deutsch-j\u00fcdischer Geschichte, fokussiert auf zwei Personen und deren Familien.<\/strong><\/p>\n<\/div>\n<div class=\"inner\">\n<div class=\"desc\">Nach dem Anschluss \u00d6sterreichs 1938 an Nazi-Deutschland beginnt auch f\u00fcr die j\u00fcdische Familie Safier in Wien eine schlimme Zeit. Rosl erkennt als erste die Zeichen der Zeit. Sie emigriert nach Pal\u00e4stina. Ihr Bruder Joschi bleibt noch solange, bis er und sein Vater abgeholt und voneinander getrennt werden. Sp\u00e4ter kann er gerade noch fliehen und kommt \u00fcber viele Umwege ebenfalls in Pal\u00e4stina an. Die Geschwister k\u00e4mpfen in der Hagana, der j\u00fcdischen Untergrundarmee des sich entwickelnden Staates Israel. Der attraktive Offizier lernt Dora kennen, die ebenfalls der Vernichtung durch die Deutschen entkommen war. Die Ehe h\u00e4lt jedoch nicht. Joschi quittiert den Milit\u00e4rdienst und f\u00e4hrt zur See. Bei einem Landgang in Bremen verliebt er sich 1961 in Waltraud, sie bekommen ein Kind und Joschi bleibt bei ihr. Sogar Rosl kehrt an der Seite ihres Mannes, eines j\u00fcdischen Handelsvertreters, in das Land der T\u00e4ter zur\u00fcck. Parallel dazu verl\u00e4uft im Roman die Geschichte Waltrauds, deren Kindheit, die Kriegs- und Nachkriegsjahre im zerst\u00f6rten und sp\u00e4ter sich im Wiederaufbau befindlichen Deutschland. Ihre Ehe, aus der zwei Kinder entstammen, w\u00e4re vermutlich umso gl\u00fccklicher, w\u00fcrde Joschi nicht eine Gesch\u00e4ftsidee nach der anderen entwickeln. Da diese wenig oder gar nicht gelingen, lebt die Familie in st\u00e4ndigen Geldn\u00f6ten. Immer wieder \u00fcber Wasser gehalten werden sie dabei von Rosl und ihrem finanziell erfolgreichen Mann. 1996 ist Joschi sterbenskrank und begeht deshalb Selbstmord. Am offenen Grab teilt Waltraud ihrem Sohn David zu dessen gr\u00f6\u00dfter \u00dcberraschung mit, dass sein Vater noch zwei Kinder aus fr\u00fcheren Beziehungen hatte. &#8211; Ein Familienroman des vielseitigen Autors ( &#8222;Mieses Karma&#8220; (2007), &#8222;Jesus liebt mich&#8220; (BP 09\/130), zuletzt die &#8222;Miss Merkel&#8220;-Krimis (BP\/mp 21\/980, 22\/392)), der das schicksalhafte, abenteuerlich abwechslungsreiche Leben eines j\u00fcdischen Mannes und seiner sp\u00e4teren deutschen Frau beschreibt.<\/div>\n<\/div>\n<h4><strong><span style=\"color: #008000;\">Empfohlen von Christa Kastner<\/span><br \/>\n<\/strong>_________________________________________________________________<\/h4>\n<h3><span style=\"color: #008000;\">Buch des Monats Juli &#8211; 2024 \/<\/span> <strong><a href=\"https:\/\/www.michaelsbund.de\/?cl=search&amp;searchauthor=Tallert%2C+Kurt\">Tallert, Kurt<\/a><\/strong><\/h3>\n<h2><img loading=\"lazy\" decoding=\"async\" class=\"alignleft wp-image-4951 \" src=\"https:\/\/gemeindebuechereikastl.de\/wp-content\/uploads\/2024\/07\/Cover_Tallert_Spur-und-Abweg_3D-796x1206.jpg\" alt=\"\" width=\"290\" height=\"439\" srcset=\"https:\/\/gemeindebuechereikastl.de\/wp-content\/uploads\/2024\/07\/Cover_Tallert_Spur-und-Abweg_3D-796x1206.jpg 796w, https:\/\/gemeindebuechereikastl.de\/wp-content\/uploads\/2024\/07\/Cover_Tallert_Spur-und-Abweg_3D-198x300.jpg 198w, https:\/\/gemeindebuechereikastl.de\/wp-content\/uploads\/2024\/07\/Cover_Tallert_Spur-und-Abweg_3D-768x1163.jpg 768w, https:\/\/gemeindebuechereikastl.de\/wp-content\/uploads\/2024\/07\/Cover_Tallert_Spur-und-Abweg_3D-1014x1536.jpg 1014w, https:\/\/gemeindebuechereikastl.de\/wp-content\/uploads\/2024\/07\/Cover_Tallert_Spur-und-Abweg_3D-1352x2048.jpg 1352w, https:\/\/gemeindebuechereikastl.de\/wp-content\/uploads\/2024\/07\/Cover_Tallert_Spur-und-Abweg_3D-750x1136.jpg 750w, https:\/\/gemeindebuechereikastl.de\/wp-content\/uploads\/2024\/07\/Cover_Tallert_Spur-und-Abweg_3D.jpg 1475w\" sizes=\"auto, (max-width: 290px) 100vw, 290px\" \/>Spur und Abweg<\/h2>\n<p>In &#8218;Spur und Abweg&#8216; stellt Kurt Tallert sich der Verfolgungsgeschichte seiner Familie. Das Besondere an seinem Schicksal und seiner Perspektive auf die deutsche Geschichte: Kurt Tallert ist heute 37 Jahre alt, und doch wurde sein Vater als junger Mann noch von den Nazis als sogenannter Halbjude verfolgt. Bei der Geburt seines Sohnes ist Harry Tallert 58 Jahre alt. Und stirbt zw\u00f6lf Jahre sp\u00e4ter. Was bleibt sind Erinnerungen, Notizen, Briefe, Fotos. Spuren eines besch\u00e4digten Lebens. Auf diesen Spuren wandelt Kurt Tallert. Sie f\u00fchren ihn ins Bad Honnef seiner Kindheit, in zahllosen Regionalz\u00fcgen quer durch die Republik und schlie\u00dflich zu seiner j\u00fcdischen Urgro\u00dfmutter Berta &#8211; und zu der Frage: Was hat das eigentlich alles mit mir zu tun? Eine Liebeserkl\u00e4rung an einen traumatisierten Vater, sprachgewaltig, bewegend und radikal intim. Kurt Tallert f\u00fchrt uns vor Augen, dass Erinnern oder Vergessen nicht f\u00fcr alle Gegenstand einer Entscheidung ist.<\/p>\n<h4><strong><span style=\"color: #008000;\">Empfohlen von Georg D\u00fcrr<\/span><br \/>\n<\/strong>_________________________________________________________________<\/h4>\n<h3><span style=\"color: #008000;\">Buch des Monats Juni \u2013 2024 \/<\/span> <a href=\"https:\/\/www.michaelsbund.de\/?cl=search&amp;searchauthor=Teige%2C+Trude\">Teige, Trude<\/a><\/h3>\n<h2><img loading=\"lazy\" decoding=\"async\" class=\"wp-image-4863 size-full alignleft\" src=\"https:\/\/gemeindebuechereikastl.de\/wp-content\/uploads\/2024\/06\/grossmutter.jpg\" alt=\"\" width=\"257\" height=\"420\" srcset=\"https:\/\/gemeindebuechereikastl.de\/wp-content\/uploads\/2024\/06\/grossmutter.jpg 257w, https:\/\/gemeindebuechereikastl.de\/wp-content\/uploads\/2024\/06\/grossmutter-184x300.jpg 184w\" sizes=\"auto, (max-width: 257px) 100vw, 257px\" \/><\/h2>\n<h2>Als Gro\u00dfmutter im Regen tanzte<\/h2>\n<h4>Die Norwegerin Juni geht ihrer Familiengeschichte nach.<\/h4>\n<p>eim Aufr\u00e4umen des Hauses ihrer Gro\u00dfeltern entdeckt Juni ein Foto ihrer Gro\u00dfmutter Tekla, das sie mit einem deutschen Soldaten zeigt. Sie kann niemanden mehr befragen und wei\u00df nur, dass das Verh\u00e4ltnis ihrer Mutter Lilla zur Oma immer belastet wirkte. Mit Hilfe ihres Nachbarn Georg, eines Historikers, erf\u00e4hrt Juni mehr: Ihre Gro\u00dfmutter war ein sogenanntes Deutschenliebchen, sie hatte Otto Adler sogar geheiratet und war in seine Heimatstadt Demmin zur\u00fcckgekehrt. Dort erfuhren sie Schreckliches. Beim Einmarsch der russischen Truppen begingen an die 1000 Einwohner Selbstmord bzw. t\u00f6teten ihre Angeh\u00f6rigen. Das Paar versucht wegzukommen, wird aber von einer Patrouille gestellt, wobei Otto ums Leben kommt. Tekla muss sich durchschlagen und wird zuletzt von ihrem sp\u00e4teren Ehemann nach Norwegen zur\u00fcckgebracht. &#8211; Der Roman verkn\u00fcpft geschickt zwei Ereignisse am Ende des Zweiten Weltkriegs: Im befreiten Norwegen waren Nazi-Sympathisanten und vor allem junge Frauen schweren Schikanen ausgesetzt. Die Panikmache von Nazis in Demmin und ihre tragischen Folgen sind wenig bekannt. In der Tochter- und Enkelgeneration zeigt die Autorin, wie die schlimmen Erfahrungen nachwirken und \u00fcber Jahrzehnte die Familienverh\u00e4ltnisse belasten, sodass Juni dieses St\u00fcck Familiengeschichte nur mehr im Nachgang aufarbeiten kann. Erst gegen Ende wird ihr klar, wer der Vater ihrer Mutter war und weshalb diese Junis Vater nicht heiraten konnte. <strong>Lesenswert!<\/strong><\/p>\n<h4><strong><span style=\"color: #008000;\">Empfohlen von Christa Kastner<\/span><br \/>\n<\/strong>_________________________________________________________________<\/h4>\n<h3><span style=\"color: #008000;\">Buch des Monats Mai &#8211; 2024 \/ <\/span><a href=\"https:\/\/www.michaelsbund.de\/?cl=search&amp;searchauthor=Borrmann%2C+Mechtild\">Borrmann, Mechtild<\/a><\/h3>\n<p><img loading=\"lazy\" decoding=\"async\" class=\"wp-image-4801 alignleft\" src=\"https:\/\/gemeindebuechereikastl.de\/wp-content\/uploads\/2024\/05\/truemmer.jpg\" alt=\"\" width=\"275\" height=\"418\" srcset=\"https:\/\/gemeindebuechereikastl.de\/wp-content\/uploads\/2024\/05\/truemmer.jpg 658w, https:\/\/gemeindebuechereikastl.de\/wp-content\/uploads\/2024\/05\/truemmer-197x300.jpg 197w\" sizes=\"auto, (max-width: 275px) 100vw, 275px\" \/><\/p>\n<h1><strong>Tr\u00fcmmerkind <\/strong><\/h1>\n<p><strong>Kriegsende, Hungerjahre und der \u00dcberlebenswille der Menschen bilden den Rahmen f\u00fcr eine eindringliche Geschichte.<\/strong><\/p>\n<p>In den letzten Kriegswochen im April 1945 stehen auch die Menschen in der Uckermark vor der Entscheidung, zu fliehen oder zu bleiben. Auf Gut Anquist z\u00f6gern die Menschen zu lange. Bis den \u00dcberlebenden der Familie die Flucht in den Westen, nach Hamburg, gelingt, ist es schon 1946. Agnes Dietz und ihre beiden Kinder, der vierzehnj\u00e4hrige Hanno und die einige Jahre j\u00fcngere Wiebke, teilen das Schicksal von so vielen in der zerst\u00f6rten Stadt. Der Vater Gustav ist seit Jahren vermisst, die Kinder sind immer auf der Suche nach Verwertbarem, zum Heizen oder zum Verkaufen. Eines Tages sieht Hanno in einem Loch die nackte Leiche einer Frau und etwas abseits einen etwa dreij\u00e4hrigen Jungen, stocksteif vor K\u00e4lte, aber sonst unverletzt. Allerdings spricht er nicht. Bald geh\u00f6rt der Junge, von Agnes Joost genannt, zur Familie. Sp\u00e4ter gibt sie ihn als das eigene Kind aus. 1992 ist in K\u00f6ln die Lehrerin Anna Anquist fest entschlossen, gegen den Willen ihrer Mutter Clara Anquist in die Uckermark zu fahren. Als die Tochter erf\u00e4hrt, dass das Gut saniert werden soll, setzt sie sich mit dem zust\u00e4ndigen Architekten, Joost Dietz, in Verbindung, und nun kommt langsam zutage, was sich damals bei der Flucht und sp\u00e4ter in den Unterk\u00fcnften in Hamburg abgespielt hat. &#8211; Die Geschichte ist stimmig; die Autorin versteht es sehr gut, die fiktiven Familienschicksale in die realen Fakten einzupassen. Die Schilderungen der Nachkriegsjahre sind bewegend genug; da br\u00e4uchte es keinen kriminalistischen Erz\u00e4hlstrang. Und doch wird es mehr und mehr spannend und zu guter Letzt ist die Aufl\u00f6sung schon \u00fcberraschend. Eine Erz\u00e4hlung, die mehr als ein Krimi ist.<\/p>\n<h4><strong><span style=\"color: #008000;\">Empfohlen von Christa Kastner<\/span><br \/>\n<\/strong>_________________________________________________________________<\/h4>\n<h3><span style=\"color: #008000;\"><strong>Buch des Monats April &#8211; 2024 \/ <\/strong><\/span><a href=\"https:\/\/www.michaelsbund.de\/?cl=search&amp;searchauthor=Wahl%2C+Caroline\">Wahl, Caroline <\/a><\/h3>\n<h1><img loading=\"lazy\" decoding=\"async\" class=\"alignleft wp-image-4705 \" src=\"https:\/\/gemeindebuechereikastl.de\/wp-content\/uploads\/2024\/04\/Bahnen-793x1206.jpg\" alt=\"\" width=\"310\" height=\"472\" srcset=\"https:\/\/gemeindebuechereikastl.de\/wp-content\/uploads\/2024\/04\/Bahnen-793x1206.jpg 793w, https:\/\/gemeindebuechereikastl.de\/wp-content\/uploads\/2024\/04\/Bahnen-197x300.jpg 197w, https:\/\/gemeindebuechereikastl.de\/wp-content\/uploads\/2024\/04\/Bahnen-768x1168.jpg 768w, https:\/\/gemeindebuechereikastl.de\/wp-content\/uploads\/2024\/04\/Bahnen-750x1140.jpg 750w, https:\/\/gemeindebuechereikastl.de\/wp-content\/uploads\/2024\/04\/Bahnen.jpg 842w\" sizes=\"auto, (max-width: 310px) 100vw, 310px\" \/>22 Bahnen<\/h1>\n<h4>Tilda schwimmt sich frei \/ Roman<\/h4>\n<p>Tildas Leben ist streng durchgetaktet. Sie studiert, arbeitet im Supermarkt an der Kasse und schwimmt jeden Tag genau 22 Bahnen. Weil ihre Mutter schwer alkoholkrank ist, lebt sie nach wie vor zu Hause in der verhassten Kleinstadt, um sich um ihre j\u00fcngere Schwester zu k\u00fcmmern. Gro\u00dfe Zukunftspl\u00e4ne, wie ihre Freunde sie haben, die l\u00e4ngst weggezogen sind, gesteht sie sich nicht zu, aus Angst, die Familie im Stich zu lassen. Als Tilda unverhofft eine Promotionsstelle in Berlin angeboten wird und sie im Schwimmbad auch noch Anton trifft, scheint eine neue Perspektive f\u00fcr die Zukunft pl\u00f6tzlich m\u00f6glich. Und obwohl die Situation in der Familie dann eskaliert und ihre Pl\u00e4ne in Gefahr scheinen, gelingt Tilda der Neuanfang. \u2013 Die Geschichte wird frisch und unkonventionell erz\u00e4hlt. Die Frage, wie man trotz denkbar schlechter Startbedingungen den eigenen Weg gehen kann, spricht j\u00fcngere und \u00e4ltere Leser\/-innen gleicherma\u00dfen an.<\/p>\n<h4><strong><span style=\"color: #008000;\">Empfohlen von Gabi K\u00f6nig<\/span><br \/>\n<\/strong>_________________________________________________________________<\/h4>\n<h3><span style=\"color: #008000;\"><strong>B\u00fccher des Monats M\u00e4rz &#8211; 2024<\/strong> \/\u00a0<\/span><a href=\"https:\/\/www.michaelsbund.de\/?cl=search&amp;searchauthor=Heldt%2C+Dora\">Heldt, Dora <\/a><\/h3>\n<h1><strong class=\"product-subtitle\"><span class=\"nrknv_serie\">Drei Frauen am See<\/span><\/strong><\/h1>\n<div class=\"title\">\n<h4>Bd. 1 \u2013 Drei Frauen am See \/ Bd. 2 \u2013 Drei Frauen, vier Leben \/ Bd. 3 \u2013 Drei Frauen und ein falsches Leben<\/h4>\n<\/div>\n<p><img loading=\"lazy\" decoding=\"async\" class=\"aligncenter wp-image-4651 size-full\" src=\"https:\/\/gemeindebuechereikastl.de\/wp-content\/uploads\/2024\/03\/drei-frauen.jpg\" alt=\"\" width=\"1274\" height=\"641\" srcset=\"https:\/\/gemeindebuechereikastl.de\/wp-content\/uploads\/2024\/03\/drei-frauen.jpg 1274w, https:\/\/gemeindebuechereikastl.de\/wp-content\/uploads\/2024\/03\/drei-frauen-300x151.jpg 300w, https:\/\/gemeindebuechereikastl.de\/wp-content\/uploads\/2024\/03\/drei-frauen-768x386.jpg 768w, https:\/\/gemeindebuechereikastl.de\/wp-content\/uploads\/2024\/03\/drei-frauen-750x377.jpg 750w\" sizes=\"auto, (max-width: 1274px) 100vw, 1274px\" \/><\/p>\n<div>\n<h4><strong>Drei Frauen, am See<\/strong><\/h4>\n<p>Sie sind enge Freundinnen von Kindesbeinen an: Marie, Alexandra, Friederike und Jule. Egal, wohin ihre Lebenswege sie verschlagen hatten &#8211; einmal im Jahr trafen sie sich im wundersch\u00f6nen \u00bbHaus am See\u00ab. Als Marie, die Seele der vier, mit Anfang f\u00fcnfzig stirbt, trifft die Nachricht alle wie ein Schock. Denn seit ihrem Streit zehn Jahre zuvor hatten sie kaum noch Kontakt miteinander. Dann die \u00dcberraschung: eine Einladung der drei Freundinnen zum Notar. Die Vorstellung, sich wiederzusehen, erf\u00fcllt jede von ihnen mit Unbehagen. Entziehen k\u00f6nnen sie sich jedoch nicht. Was ist es, wovor sie sich f\u00fcrchten? Und was ist es, das sie dazu bringt, trotzdem anzureisen?<\/p>\n<h4><strong>Drei Frauen, vier Leben<\/strong><\/h4>\n<p>\u201eWas ist mit den Briefen?\u201c \u201eDas sind die Einladungen f\u00fcr Jule, Alexandra und Friederike zum Pfingstwochenende am See. Erst der Tod der Vierten im Bunde, Marie, ein Jahr zuvor hatte sie schlie\u00dflich wieder zusammengebracht. Jetzt steht das n\u00e4chste Pfingsttreffen an. Seit ihrem Wiedersehen ist viel passiert: Alexandra hat gerade ihren Job als Verlegerin verloren. Jules Tochter Pia ist ungewollt schwanger. Und Friederike muss sich nun wohl endg\u00fcltig von ihrem Lebenstraum verabschieden. Doch ihr Treffen im Haus am See setzt Kr\u00e4fte frei, die ihrer aller Leben in g\u00e4nzlich unerwartete Richtungen lenken.<\/p>\n<h4>Drei Frauen und ein falsches Leben<\/h4>\n<p>Wie geht man damit um, wenn alle Lebenstr\u00e4ume zerplatzen? Wie gut kennen wir unsere Eltern? \u00dcber ein Projekt im Pflegeheim ihrer Mutter ist Friederike zum ersten Mal gezwungen, sich mit Esthers Leben auseinanderzusetzen. Vieles erscheint in einem anderen Licht &#8230; Alex recherchiert f\u00fcr ein Buchprojekt \u00fcber die Industriellenfamilie Hohnstein, deren wei\u00dfe Weste angesichts der Verstrickungen in das Nazi-Regime immer mehr Risse bekommt. Jule, deren Tochter Pia &#8211; wie sie selbst einst &#8211; ihren Alltag als alleinerziehende Mutter stemmt, muss lernen, dass sie jetzt, mit Mitte F\u00fcnfzig, die vielleicht letzte Chance hat, ihr Leben noch einmal zu \u00e4ndern. Frauenleben: Nur mit der Kraft der Erinnerung kann der Weg in die Zukunft gelingen.<\/p>\n<\/div>\n<div>\n<h4><strong><span style=\"color: #008000;\">Empfohlen von Maria D\u00fcrr<\/span><br \/>\n<\/strong>_________________________________________________________________<\/h4>\n<\/div>\n<h3 class=\"inner\"><span style=\"color: #008000;\"><strong>Buch des Monats Februar 2024 \u2013 <\/strong><\/span><a href=\"https:\/\/www.michaelsbund.de\/?cl=search&amp;searchauthor=Rossmann%2C+Dirk\">Rossmann, Dirk + <\/a><a href=\"https:\/\/www.michaelsbund.de\/?cl=search&amp;searchauthor=Hoppe%2C+Ralf\">Hoppe, Ralf<\/a><\/h3>\n<h1 class=\"product-title no-brandTitle\"><img loading=\"lazy\" decoding=\"async\" class=\"alignleft wp-image-4555 size-full\" src=\"https:\/\/gemeindebuechereikastl.de\/wp-content\/uploads\/2024\/02\/Rossmann.jpg\" alt=\"\" width=\"254\" height=\"420\" srcset=\"https:\/\/gemeindebuechereikastl.de\/wp-content\/uploads\/2024\/02\/Rossmann.jpg 254w, https:\/\/gemeindebuechereikastl.de\/wp-content\/uploads\/2024\/02\/Rossmann-181x300.jpg 181w\" sizes=\"auto, (max-width: 254px) 100vw, 254px\" \/>Das dritte Herz des Oktopus<\/h1>\n<h4>Futuristischer Politthriller \u00fcber den Klimawandel und seine Folgen<\/h4>\n<p>Der futuristische Politthriller behandelt wieder sehr eindrucksvoll eines der wichtigsten und relevantesten Themen unserer Zeit &#8211; den Klimawandel. Ein gut durchdachter Plot und auch die sehr professionelle und leicht zu lesende Schreibweise des Autorenteams sorgt das ganze Buch hindurch f\u00fcr Spannung und Unterhaltung. Ein selbstloser, uneigenn\u00fctziger Philanthrop muss den Plan des superreichen, geldgierigen bis in die h\u00f6chsten Ebenen vernetzten Schurken verhindern. Die Menschheit und der Planet soll mit Hilfe eines Parasiten (wohnhaft in Oktopoden) gerettet werden. Das menschliche Gehirn soll dabei so modifiziert werden, dass das &#8222;B\u00f6se&#8220; im Menschen weniger wird und das &#8222;Gute&#8220; so stark, dass die Menschheit es vielleicht doch schaffen kann. \u00a0Fantasievoll und gekonnt verschwimmen die Grenze zwischen faktischer Realit\u00e4t, wissenschaftlichen Aspekten und literarischer Fiktion. Fast automatisch werden Impulse zum tiefgr\u00fcndigen Nachdenken \u00fcber das Leben, die Natur und die Welt geweckt und wie das ungekl\u00e4rte gesellschaftliche Problem des Klimawandels gel\u00f6st werden soll. Wer einen informativen, realistischen Roman mit Spannungselementen sucht, ist hier richtig aufgehoben.<\/p>\n<h4><strong><span style=\"color: #008000;\">Empfohlen von Georg D\u00fcrr<\/span><br \/>\n<\/strong>_________________________________________________________________<\/h4>\n<h3><strong><span style=\"color: #008000;\">Buch des Monats Januar 2024<\/span> &#8211; <\/strong><a href=\"https:\/\/www.michaelsbund.de\/?cl=search&amp;searchauthor=Gutsch%2C+Jochen\">Jochen <\/a><a href=\"https:\/\/www.michaelsbund.de\/?cl=search&amp;searchauthor=Gutsch%2C+Jochen\">Gutsch +<\/a><a href=\"https:\/\/www.michaelsbund.de\/?cl=search&amp;searchauthor=Leo%2C+Maxim\"> Maxim<\/a> <a href=\"https:\/\/www.michaelsbund.de\/?cl=search&amp;searchauthor=Leo%2C+Maxim\">Leo,<\/a><\/h3>\n<h1 class=\"a-spacing-none a-text-normal\"><span class=\"a-size-extra-large celwidget\" data-csa-c-id=\"aymx1s-sh2bhl-h6ttyx-99y5fv\" data-cel-widget=\"productTitle\"><img loading=\"lazy\" decoding=\"async\" class=\"alignleft wp-image-4539 \" src=\"https:\/\/gemeindebuechereikastl.de\/wp-content\/uploads\/2024\/01\/frankie.jpg\" alt=\"\" width=\"311\" height=\"497\" srcset=\"https:\/\/gemeindebuechereikastl.de\/wp-content\/uploads\/2024\/01\/frankie.jpg 263w, https:\/\/gemeindebuechereikastl.de\/wp-content\/uploads\/2024\/01\/frankie-188x300.jpg 188w\" sizes=\"auto, (max-width: 311px) 100vw, 311px\" \/>Frankie<\/span><\/h1>\n<h4>Roman \u00fcber einen sprechenden Kater und einen lebensm\u00fcden Schriftsteller.<\/h4>\n<p>Frankie ist ein Dorfkater, wie er im Buche steht: mit allen Wassern gewaschen steht er gemeinsam mit seinen Freunden, dem muskul\u00f6sen Eichkater und Professor, einem weisen alten Dackel, inmitten seines Katzenlebens &#8211; und er beherrscht die Menschensprache. Durch Zufall kommt er zu Richard Gold, einem Schriftsteller, der wegen des Todes seiner Frau depressiv geworden ist, als dieser sich gerade aufh\u00e4ngen will. Doch Frankie bringt sein Leben &#8211; im positiven Sinne &#8211; erst einmal durcheinander: Wer hat schon einen sprechenden Kater als Mitbewohner? Beide erleben so einiges, im Gesch\u00e4ft f\u00fcr Tierbedarf, auf dem Friedhof, mit der Tier\u00e4rztin Anna. Und beide reden, ja philosophieren \u00fcber Gott und die Welt, \u00fcber die Frankie seine ganz eigene (Katzen-)Sicht hat. Zusammen fahren sie sogar zu einem Casting f\u00fcr Katzenfutterpr\u00e4sentation. Dann wird Frankie von einem Waschb\u00e4ren angegriffen und lebensgef\u00e4hrlich verletzt. Doch Gold rettet ihn in letzter Minute. Doch seine eigene Depression setzt sich immer wieder durch. Und dann ist Gold auf einmal verschwunden und Frankie und seine Freunde machen sich gro\u00dfe Sorgen um ihn. &#8211; Romane mit Katzen als Helden f\u00fcllen mittlerweile ganze Regalreihen. Dennoch ist &#8222;Frankie&#8220; etwas ganz Besonderes: Wie hier mit einer zum Teil schnoddrigen Sprache \u00fcber das Leben philosophiert wird, das hat was und zieht den Leser schnell in den Bann. Das fasziniert, r\u00fchrt bisweilen ungemein und strahlt trotz des ernsten Themas doch einen \u00fcberw\u00e4ltigenden Optimismus aus.<\/p>\n<h4><strong><span style=\"color: #008000;\">Empfohlen von Christa Kastner<\/span><br \/>\n<\/strong>_________________________________________________________________<\/h4>\n<h3><strong><span style=\"color: #008000;\">Buch des Monats Dezmber 2023 &#8211;<\/span> <a href=\"https:\/\/www.michaelsbund.de\/?cl=search&amp;searchauthor=Fagerlund%2C+Jenny\">Fagerlund, Jenny<\/a><\/strong><\/h3>\n<h1 class=\"a-spacing-none a-text-normal\"><span class=\"a-size-extra-large celwidget\" data-csa-c-id=\"aymx1s-sh2bhl-h6ttyx-99y5fv\" data-cel-widget=\"productTitle\"><img loading=\"lazy\" decoding=\"async\" class=\"alignleft wp-image-4509 \" src=\"https:\/\/gemeindebuechereikastl.de\/wp-content\/uploads\/2023\/12\/24-Wege-757x1206.jpg\" alt=\"\" width=\"352\" height=\"561\" srcset=\"https:\/\/gemeindebuechereikastl.de\/wp-content\/uploads\/2023\/12\/24-Wege-757x1206.jpg 757w, https:\/\/gemeindebuechereikastl.de\/wp-content\/uploads\/2023\/12\/24-Wege-188x300.jpg 188w, https:\/\/gemeindebuechereikastl.de\/wp-content\/uploads\/2023\/12\/24-Wege-768x1224.jpg 768w, https:\/\/gemeindebuechereikastl.de\/wp-content\/uploads\/2023\/12\/24-Wege-964x1536.jpg 964w, https:\/\/gemeindebuechereikastl.de\/wp-content\/uploads\/2023\/12\/24-Wege-750x1196.jpg 750w, https:\/\/gemeindebuechereikastl.de\/wp-content\/uploads\/2023\/12\/24-Wege.jpg 1000w\" sizes=\"auto, (max-width: 352px) 100vw, 352px\" \/>24 Wege nach Hause<\/span><\/h1>\n<h4>Eine junge Frau versucht in der Weihnachtszeit einen privaten und beruflichen Neuanfang weit weg von Stockholm.<\/h4>\n<p>Mitten in einem Schneesturm kommen Petra und ihre elfj\u00e4hrige Nichte Charlie in Nyponviken an, einem kleinen Dorf im s\u00fcdschwedischen Schonen. Ihr Leben in Stockholm haben sie hinter sich gelassen. Nach dem Tod von Petras Schwester, Charlies Mutter, brauchen sie dringend einen Neuanfang. In dem Ort gibt es einen Hof mit kleiner G\u00e4rtnerei, wo sie hoffen, Zuflucht zu finden. Viveca, die Eigent\u00fcmerin, empf\u00e4ngt die beiden mit offenen Armen und bietet Petra eine Stelle an. Eines Morgens steht ein mysteri\u00f6ser Adventskalender vor ihrer T\u00fcr. Er enth\u00e4lt eine Geschichte &#8211; \u00fcber das Dorf und die ehemals dort ans\u00e4ssige K\u00fcnstlerin Lilly. Jedes T\u00fcrchen enth\u00fcllt ein neues Detail aus ihrem Leben und weist au\u00dferdem den Weg zu einem besonderen Ort in Nyponviken. Petra erkennt bald, dass der Kalender noch viel mehr zu erz\u00e4hlen hat. Unterdessen taucht auf einmal ihr Ex-Freund Nick wieder auf und stellt alles auf den Kopf &#8230;Jenny Fagerlunds neues Buch handelt davon, wie sch\u00f6n es sein kann, nach Hause zu finden &#8211; und zu erkennen, wohin und zu wem man geh\u00f6rt.<\/p>\n<h4><strong><span style=\"color: #008000;\">Empfohlen von Georg D\u00fcrr<\/span><br \/>\n<\/strong>_________________________________________________________________<\/h4>\n<h3><span style=\"color: #008000;\"><strong>Buch des Monats November 2023 &#8211; <\/strong><\/span><a href=\"https:\/\/www.michaelsbund.de\/?cl=search&amp;searchauthor=Abel%2C+Susanne\">Abel, Susanne<\/a><\/h3>\n<h1 class=\"a-spacing-none a-text-normal\"><span class=\"a-size-extra-large celwidget\" data-csa-c-id=\"aymx1s-sh2bhl-h6ttyx-99y5fv\" data-cel-widget=\"productTitle\"><img loading=\"lazy\" decoding=\"async\" class=\"alignleft wp-image-4439 \" src=\"https:\/\/gemeindebuechereikastl.de\/wp-content\/uploads\/2023\/11\/Was-ich-nie.jpg\" alt=\"\" width=\"332\" height=\"519\" srcset=\"https:\/\/gemeindebuechereikastl.de\/wp-content\/uploads\/2023\/11\/Was-ich-nie.jpg 639w, https:\/\/gemeindebuechereikastl.de\/wp-content\/uploads\/2023\/11\/Was-ich-nie-192x300.jpg 192w\" sizes=\"auto, (max-width: 332px) 100vw, 332px\" \/><\/span>Was ich nie gesagt habe<\/h1>\n<h4><strong><strong class=\"product-subtitle\">Gretchens Schicksalsfamilie &#8211; Roman | Authentisch, eindringlich, emotional &#8211; Toms und Gretchens Geschichte geht weiter!<\/strong><\/strong><\/h4>\n<p><strong>Der mitrei\u00dfende Folgeroman von &#8218;Stay away from Gretchen&#8216;<\/strong><\/p>\n<p>Tom Monderath ist frisch verliebt. Mit Jenny erlebt er die gl\u00fccklichste Zeit seines Lebens. Bis er durch Zufall auf seinen Halbbruder Henk st\u00f6\u00dft, der alles \u00fcber ihren gemeinsamen Vater wissen will. Doch Konrad starb vor vielen Jahren und seine demente Mutter Greta kann Tom nicht befragen. Als sich weitere Halbgeschwister melden, folgt Tom den Spuren Konrads. Selbst fast noch ein Kind, k\u00e4mpfte Toms Vater im Krieg, geriet in amerikanische Gefangenschaft, bevor er in den sp\u00e4ten 40er-Jahren nach Heidelberg kommt. Dort verliebt er sich Hals \u00fcber Kopf in die junge Greta, nicht ahnend, dass ein Geheimnis aus der dunkelsten Zeit des Nationalsozialismus ihre gemeinsame Familie ein Leben lang begleiten wird &#8230;<\/p>\n<h4><strong><span style=\"color: #008000;\">Empfohlen von Gabi K\u00f6nig<\/span><br \/>\n<\/strong>_________________________________________________________________<\/h4>\n<h3><strong><span style=\"color: #008000;\">Buch des Monats Oktober 2023<\/span> &#8211;\u00a0<\/strong><a href=\"https:\/\/www.michaelsbund.de\/?cl=search&amp;searchauthor=Koppelst%C3%A4tter%2C+Lenz\">Koppelst\u00e4tter, Lenz<\/a><\/h3>\n<h1 id=\"title\" class=\"a-spacing-none a-text-normal\"><span id=\"productTitle\" class=\"a-size-extra-large celwidget\" data-csa-c-id=\"aymx1s-sh2bhl-h6ttyx-99y5fv\" data-cel-widget=\"productTitle\"><img loading=\"lazy\" decoding=\"async\" class=\"alignleft wp-image-4354 \" src=\"https:\/\/gemeindebuechereikastl.de\/wp-content\/uploads\/2023\/10\/Tannen.jpg\" alt=\"\" width=\"293\" height=\"445\" srcset=\"https:\/\/gemeindebuechereikastl.de\/wp-content\/uploads\/2023\/10\/Tannen.jpg 658w, https:\/\/gemeindebuechereikastl.de\/wp-content\/uploads\/2023\/10\/Tannen-197x300.jpg 197w\" sizes=\"auto, (max-width: 293px) 100vw, 293px\" \/>Bei den Tannen<\/span><\/h1>\n<h4><strong><strong class=\"product-subtitle\">Ein Fall f\u00fcr Commissario Grauner | Ein Krimi aus S\u00fcdtirol<\/strong><\/strong><\/h4>\n<p>Gef\u00e4hrlicher Aberglaube, t\u00f6dliche Delikatessen und ein finsteres Kapitel der S\u00fcdtiroler Geschichte: Sein siebter Fall l\u00e4sst Commissario Grauner an seinem Verstand zweifeln. Im Sarntal, im Herzen S\u00fcdtirols, liegt zwischen Schluchten und mit wilden Latschenkiefern bewachsenen H\u00e4ngen eines der besten Restaurants der Welt: das Tan. Ausgerechnet eine ber\u00fchmte Goumetkritikerin kommt hier unter mysteri\u00f6sen Umst\u00e4nden zu Tode.<\/p>\n<p>Commissario Grauner, dem schon von seiner Frau Alba zubereitete Speckkn\u00f6deln zum Gl\u00fcck reichen, begibt sich auf Spurensuche in die Welt der feinen Speisen. F\u00fcr die eigenwilligen Dorfbewohner steht schnell fest: Die K\u00f6chin war es. Schlie\u00dflich sei sie eine Nachfahrin einer der letzten Frauen, die im 16. Jahrhundert im Zuge der brutalen Hexenprozesse auf dem Scheiterhaufen verbrannt worden waren. Obwohl die Ermittler von derlei Ger\u00fcchten nichts wissen wollen, m\u00fcssen sie sich fragen: Soll hier eine jahrhundertealte Rechnung beglichen werden?<\/p>\n<h4><strong><span style=\"color: #008000;\">Empfohlen von Sabine Diener<\/span><br \/>\n<\/strong>_________________________________________________________________<\/h4>\n<h3><span style=\"color: #008000;\"><strong>Buch des Monats September 2023 &#8211; <\/strong><\/span>Kessler<strong>, <\/strong>Matthias<\/h3>\n<h3><strong><img loading=\"lazy\" decoding=\"async\" class=\"alignleft wp-image-4246 \" src=\"https:\/\/gemeindebuechereikastl.de\/wp-content\/uploads\/2023\/09\/Lebensgeschichte.jpg\" alt=\"\" width=\"261\" height=\"410\" srcset=\"https:\/\/gemeindebuechereikastl.de\/wp-content\/uploads\/2023\/09\/Lebensgeschichte.jpg 318w, https:\/\/gemeindebuechereikastl.de\/wp-content\/uploads\/2023\/09\/Lebensgeschichte-191x300.jpg 191w\" sizes=\"auto, (max-width: 261px) 100vw, 261px\" \/><\/strong><\/h3>\n<h1 id=\"title\" class=\"a-spacing-none a-text-normal\"><span id=\"productTitle\" class=\"a-size-extra-large celwidget\" data-csa-c-id=\"aymx1s-sh2bhl-h6ttyx-99y5fv\" data-cel-widget=\"productTitle\">Ich muss doch meinen Vater lieben, oder?<\/span><\/h1>\n<h4><strong>Die Lebensgeschichte der Monika G\u00f6th, der Tochter des KZ-Kommandanten aus &#8222;Schindlers Liste<\/strong><\/h4>\n<p>Amon G\u00f6th wurde bekannt als Symbol unmenschlicher Grausamkeit in Steven Spielbergs Film &#8222;Schindlers Liste&#8220;. Er war ein Massenm\u00f6rder, 500 Juden soll er eigenh\u00e4ndig erschossen haben. 1946 wurde der &#8222;K\u00f6nig von Plaszow&#8220; zum Tode verurteilt und geh\u00e4ngt.<\/p>\n<p>Monika G\u00f6th wurde 1945 von der Geliebten Amon G\u00f6ths, genannt Majola, zur Welt gebracht. Als Teenager beginnt sie Fragen zu stellen, aber erst Anfang der 80er Jahre, als ihre Mutter dem englischen Fernsehen ein Interview gibt, best\u00e4tigen sich Monikas Ahnungen. Die Mutter vergiftet sich mit Schlaftabletten.<\/p>\n<p>In einem Interview-Experiment, das von Matthias Kessler f\u00fcr die Buchausgabe bearbeitet und mit bislang unver\u00f6ffentlichtem Archivmaterial erg\u00e4nzt wurde, stellt Monika G\u00f6th sich erstmals der \u00d6ffentlichkeit. Schonungslos sich selbst gegen\u00fcber erz\u00e4hlt sie ihre Geschichte.<\/p>\n<h4><strong><span style=\"color: #008000;\">Empfohlen von Anna Geitner<\/span><br \/>\n<\/strong>_________________________________________________________________<\/h4>\n<h3><span style=\"color: #008000;\"><strong>Buch des Monats August 2023<\/strong> <\/span>\u2013 <a href=\"https:\/\/www.michaelsbund.de\/?cl=search&amp;searchauthor=Pauly%2C+Gisa\">Pauly, Gisa<\/a><\/h3>\n<h1><strong class=\"product-subtitle\">Sylt-Saga<\/strong><\/h1>\n<div class=\"title\">\n<h4>Bd. 1 \u2013 Fr\u00e4ulein Wunder \/ Bd. 2 \u2013 Cafe Hoffnung\u00a0 \/ Bd. 2 \u2013 Hotel Freiheit<\/h4>\n<\/div>\n<div class=\"inner\">\n<div class=\"desc\"><img loading=\"lazy\" decoding=\"async\" class=\"aligncenter wp-image-4212 size-large\" src=\"https:\/\/gemeindebuechereikastl.de\/wp-content\/uploads\/2023\/08\/Sylt-Saga-1603x809.jpg\" alt=\"\" width=\"750\" height=\"379\" srcset=\"https:\/\/gemeindebuechereikastl.de\/wp-content\/uploads\/2023\/08\/Sylt-Saga-1603x809.jpg 1603w, https:\/\/gemeindebuechereikastl.de\/wp-content\/uploads\/2023\/08\/Sylt-Saga-300x151.jpg 300w, https:\/\/gemeindebuechereikastl.de\/wp-content\/uploads\/2023\/08\/Sylt-Saga-768x388.jpg 768w, https:\/\/gemeindebuechereikastl.de\/wp-content\/uploads\/2023\/08\/Sylt-Saga-1536x775.jpg 1536w, https:\/\/gemeindebuechereikastl.de\/wp-content\/uploads\/2023\/08\/Sylt-Saga-750x379.jpg 750w, https:\/\/gemeindebuechereikastl.de\/wp-content\/uploads\/2023\/08\/Sylt-Saga.jpg 1658w\" sizes=\"auto, (max-width: 750px) 100vw, 750px\" \/><strong>Band 1 &#8211; Fr\u00e4ulein Wunder<br \/>\n<\/strong> 1959. Die sechzehnj\u00e4hrige Brit kann es nicht erwarten, das kleine Kaff Riekenb\u00fcren endlich hinter sich zu lassen und die gro\u00dfe weite Welt zu erkunden. Erster Stopp: Sylt! Dort verliebt sie sich Hals \u00fcber Kopf in den Hotelpagen Arne &#8211; und verbringt sogar eine Nacht mit ihm. Dass diese Nacht nicht folgenlos bleibt, erf\u00e4hrt Brit erst, als sie zur\u00fcck in Riekenb\u00fcren ist &#8230;&#8230;&#8230;..<\/div>\n<div class=\"desc\"><strong>Band 2 &#8211; Cafe Hoffnung<\/strong><br \/>\nMitte der 1980er Jahre. Brits Tochter Kari begeistert sich nicht sonderlich f\u00fcr die Arbeit im Caf\u00e9 K\u00f6nig Augustin, sie ist mehr am Schickimicki-Leben von Sylt interessiert. Dann aber scheint sich alles zum Guten zu wenden, Kari heiratet einen ber\u00fchmten Modedesigner und geh\u00f6rt von da an zur High Society. &#8230;&#8230;&#8230;..<\/div>\n<div><strong>Band 3 &#8211; Hotel Freiheit<\/strong><\/div>\n<div>Gegenwart. Das ber\u00fchmte Caf\u00e9 und Hotel K\u00f6nig Augustin wird mittlerweile von Kari geleitet, Brit hat sich aus dem Alltagsgesch\u00e4ft zur\u00fcckgezogen. Aber wie soll es weitergehen? Karis Tochter Alisia, die das Gesch\u00e4ft \u00fcbernehmen soll, hat eine eigene Karriere. &#8230;&#8230;&#8230;..<\/div>\n<\/div>\n<h4><span style=\"color: #008000;\"><strong>Empfohlen von Maria D\u00fcrr<br \/>\n<\/strong>________________________________<\/span>_________________________________<\/h4>\n<h3><span style=\"color: #008000;\">Buch des Monats Juli 2023<\/span> \u2013\u00a0<a href=\"https:\/\/www.michaelsbund.de\/?cl=search&amp;searchauthor=Elsberg%2C+Marc\">Elsberg, Marc<\/a><\/h3>\n<h3><img loading=\"lazy\" decoding=\"async\" class=\"wp-image-4110 alignleft\" src=\"https:\/\/gemeindebuechereikastl.de\/wp-content\/uploads\/2023\/07\/Celsius.jpg\" alt=\"\" width=\"291\" height=\"464\" srcset=\"https:\/\/gemeindebuechereikastl.de\/wp-content\/uploads\/2023\/07\/Celsius.jpg 627w, https:\/\/gemeindebuechereikastl.de\/wp-content\/uploads\/2023\/07\/Celsius-188x300.jpg 188w\" sizes=\"auto, (max-width: 291px) 100vw, 291px\" \/><\/h3>\n<h1>\u00b0C &#8211; Celsius<\/h1>\n<div class=\"title\">\n<p><strong><strong class=\"product-subtitle\">Vom Klimawandel betroffene L\u00e4nder nehmen die Initiative in die Hand und wollen das Weltklima beeinflussen.<\/strong><\/strong><\/p>\n<\/div>\n<div class=\"inner\">\n<div class=\"desc\">Passagiere eines Linienflugs nach Taipeh sehen w\u00e4hrend des Flugs von China 12 Riesendrohnen aufsteigen, die sich zum Teil in Richtung Taiwan bewegen. Der lang erwartete Krieg um Taiwan scheint zu beginnen. Fayola, Klimawissenschaftlerin des UN-Klimasekretariats in Bonn, kl\u00e4rt die US- und die bundesdeutsche Regierung dar\u00fcber auf, dass es sich um ein solares Geoengineering-Projekt handelt, bei dem die Chinesen beabsichtigen, in der Atmosph\u00e4re Partikel zu verteilen, die wie ein gigantischer Sonnenschirm die Sonneneinstrahlung vermindern und damit die Erderw\u00e4rmung durch die CO2-Emissionen umkehren. Die US-Regierung schwankt zwischen milit\u00e4rischer Unterbindung und einem m\u00f6glichen eigenen Projekt, um ihren Einfluss auf das Weltklima zu wahren. Jedoch kommt von den Staaten aus dem globalen S\u00fcden eine eigene Initiative auf, die dem Westen ultimativ Klima\u00e4nderungen aufn\u00f6tigen, die das Gesicht der Welt v\u00f6llig \u00e4ndern. &#8211; Elsberg hat mit seinem neuen dystopischen Science-Thriller ein hochaktuelles Thema aufgegriffen. Im Teil der letzten beschriebenen Eskalation der Situation erscheint der Text fast wie Skizzen des Autors, was vielleicht der L\u00e4nge des Buchs geschuldet ist. Mit diesen Einschr\u00e4nkungen dennoch angesichts des aktuellen Themas empfohlen, da das solare Geoengineering wissenschaftlich ernsthaft diskutiert wird.<\/div>\n<\/div>\n<h4><strong><span style=\"color: #008000;\">Empfohlen von Georg D\u00fcrr<\/span><br \/>\n<\/strong>_________________________________________________________________<\/h4>\n<h3><span style=\"color: #008000;\">Buch des Monats Juni 2023<\/span> \u2013 <a href=\"https:\/\/www.michaelsbund.de\/?cl=search&amp;searchauthor=Riley%2C+Lucinda\">Riley, Lucinda <\/a><\/h3>\n<p><img loading=\"lazy\" decoding=\"async\" class=\"alignleft wp-image-4068 \" src=\"https:\/\/gemeindebuechereikastl.de\/wp-content\/uploads\/2023\/06\/toten.jpg\" alt=\"\" width=\"278\" height=\"445\" srcset=\"https:\/\/gemeindebuechereikastl.de\/wp-content\/uploads\/2023\/06\/toten.jpg 625w, https:\/\/gemeindebuechereikastl.de\/wp-content\/uploads\/2023\/06\/toten-188x300.jpg 188w\" sizes=\"auto, (max-width: 278px) 100vw, 278px\" \/><\/p>\n<div class=\"title\">\n<h1>Die Toten von Fleat House<\/h1>\n<p><strong><strong class=\"product-subtitle\">Ein Sch\u00fcler eines Internats kommt unter ungekl\u00e4rten Umst\u00e4nden ums Leben, kurz darauf nimmt sich ein Lehrer das Leben &#8211; der einzige Kriminalroman der Bestseller-Autorin.<\/strong><\/strong><\/p>\n<\/div>\n<div class=\"inner\">\n<div class=\"desc\">St Stephen&#8217;s, ein kleines Internat im idyllischen Norfolk. Eines Tages kommt der 18-j\u00e4hrige Charlie Cavendish in Fleat House, einem der Wohnheime der traditionsreichen Schule, unter mysteri\u00f6sen Umst\u00e4nden ums Leben. Der Direktor beeilt sich zu erkl\u00e4ren, dass es sich um einen tragischen Unfall handelt, aber die Polizei beginnt unter der Leitung von Detective Inspector Jazz Hunter zu ermitteln. Sie versucht, in den verschlossenen Kosmos des Internats vorzudringen, und findet bald heraus, dass Charlie ein machthungriger junger Mann gewesen ist, der seine Mitsch\u00fcler gequ\u00e4lt hat. War sein Tod ein Racheakt? Jazz taucht tief ein in ein Netz von Beziehungen, emotionalen Abh\u00e4ngigkeiten und offenen Rechnungen &#8211; und sie erkennt, dass sie weit in die Vergangenheit zur\u00fcckgehen muss, wenn sie das R\u00e4tsel von Fleat House enth\u00fcllen will &#8230;<\/div>\n<\/div>\n<h4><strong><span style=\"color: #008000;\">Empfohlen von Maria D\u00fcrr<\/span><br \/>\n<\/strong>_________________________________________________________________<\/h4>\n<h3><span style=\"color: #008000;\">Buch des Monats Mai 2023<\/span> \u2013\u00a0<a href=\"https:\/\/www.michaelsbund.de\/?cl=search&amp;searchauthor=Bannalec%2C+Jean-Luc\">Bannalec, Jean-Luc<\/a><\/h3>\n<p><img loading=\"lazy\" decoding=\"async\" class=\"alignleft wp-image-3973 size-full\" src=\"https:\/\/gemeindebuechereikastl.de\/wp-content\/uploads\/2023\/05\/Bretangne.jpg\" sizes=\"auto, (max-width: 266px) 100vw, 266px\" srcset=\"https:\/\/gemeindebuechereikastl.de\/wp-content\/uploads\/2023\/05\/Bretangne.jpg 266w, https:\/\/gemeindebuechereikastl.de\/wp-content\/uploads\/2023\/05\/Bretangne-190x300.jpg 190w\" alt=\"\" width=\"266\" height=\"420\" \/><\/p>\n<h1 class=\"product-title no-brandTitle\">Bretonische Geheimnisse<\/h1>\n<div class=\"title\">\n<p><strong>Ein Mord verdirbt Kommissar Dupin und seinem Team den Betriebsausflug.<\/strong><\/p>\n<\/div>\n<div class=\"inner\">\n<div class=\"desc\">Endlich kann Kommissar Dupin ein Versprechen einl\u00f6sen: den lang geplanten Betriebsausflug mit seinem Team, der l\u00e4ngst \u00fcberf\u00e4llig war. Das Ziel: Der Wald von Broc\u00e9liande mit seinen malerischen Seen und Schl\u00f6ssern und Ort zahlreicher Legenden. Darunter die des ber\u00fchmten K\u00f6nig Artus und seiner Tafelrunde, deren Abenteuer in diesem Ort stattgefunden haben sollen. Ein sch\u00f6ner Tag &#8211; doch ein ermordeter Artus-Forscher macht dem Kommissar und seinen Kollegen einen Strich durch die Rechnung. Dupin wird gegen seinen Willen zum Sonderermittler ernannt &#8211; und er kann nicht verhindern, dass es bald weitere Opfer gibt &#8230; &#8211; Der siebte Fall des mittlerweile ber\u00fchmten Kommissars ist spannend erz\u00e4hlt, voller geheimnisvoller Legenden und m\u00f6glicher T\u00e4ter. Er f\u00fchrt auch in die Welt der Wissenschaft &#8211; voller Neid, Konkurrenz und Gier nach der einzig wahren Entdeckung.<\/div>\n<\/div>\n<h4><strong><span style=\"color: #008000;\">Empfohlen von Gertud Klatt<\/span><br \/>\n<\/strong>_________________________________________________________________<\/h4>\n<h3><span style=\"color: #008000;\">Buch des Monats April 2023<\/span> &#8211; <a href=\"https:\/\/www.michaelsbund.de\/?cl=search&amp;searchauthor=Weiler%2C+Jan\">Weiler, Jan<\/a><\/h3>\n<p><img loading=\"lazy\" decoding=\"async\" class=\"wp-image-3870 alignleft\" src=\"https:\/\/gemeindebuechereikastl.de\/wp-content\/uploads\/2023\/04\/makissenmann.jpg\" alt=\"\" width=\"278\" height=\"440\" srcset=\"https:\/\/gemeindebuechereikastl.de\/wp-content\/uploads\/2023\/04\/makissenmann.jpg 631w, https:\/\/gemeindebuechereikastl.de\/wp-content\/uploads\/2023\/04\/makissenmann-189x300.jpg 189w\" sizes=\"auto, (max-width: 278px) 100vw, 278px\" \/><\/p>\n<h1 class=\"product-title no-brandTitle\">Der Markissenmann<\/h1>\n<p>Was wissen wir schon \u00fcber unsere Eltern? Meistens viel weniger, als wir denken. Und manchmal gar nichts. Die f\u00fcnfzehnj\u00e4hrige Kim hat ihren Vater noch nie gesehen, als sie von ihrer Mutter \u00fcber die Sommerferien zu ihm abgeschoben wird. Der fremde Mann erweist sich auf Anhieb nicht nur als ziemlich seltsam, sondern auch als der erfolgloseste Vertreter der Welt. Aber als sie ihm hilft, seine f\u00fcrchterlichen Markisen im knallharten Haust\u00fcrgesch\u00e4ft zu verkaufen, ver\u00e4ndert sich das Leben von Vater und Tochter f\u00fcr immer.<\/p>\n<p>Ein Buch \u00fcber das Erwachsenwerden und das Altern, \u00fcber die Geheimnisse in unseren Familien, \u00fcber Schuld und Verantwortung und das orange-gelbe Flimmern an Sommerabenden.<\/p>\n<h4><strong><span style=\"color: #008000;\">Empfohlen von Gabi K\u00f6nig<\/span><br \/>\n<\/strong>_________________________________________________________________<\/h4>\n<h3><span style=\"color: #339966;\"><span style=\"color: #008000;\">Buch des Monats M\u00e4rz 2023<\/span> &#8211; <a href=\"https:\/\/www.michaelsbund.de\/?cl=search&amp;searchauthor=Sandberg%2C+Ellen\">Sandberg, Ellen<\/a><\/span><\/h3>\n<h1 class=\"product-title no-brandTitle\"><img loading=\"lazy\" decoding=\"async\" class=\"alignleft wp-image-3810 \" src=\"https:\/\/gemeindebuechereikastl.de\/wp-content\/uploads\/2023\/03\/Unrecht.jpg\" alt=\"\" width=\"277\" height=\"441\" srcset=\"https:\/\/gemeindebuechereikastl.de\/wp-content\/uploads\/2023\/03\/Unrecht.jpg 628w, https:\/\/gemeindebuechereikastl.de\/wp-content\/uploads\/2023\/03\/Unrecht-188x300.jpg 188w\" sizes=\"auto, (max-width: 277px) 100vw, 277px\" \/>Das Unrecht<\/h1>\n<h4><strong class=\"product-subtitle\">Die Schatten unserer Vergangenheit. Die Abgr\u00fcnde einer Familie. Ein Verrat, der Leben zerst\u00f6rte. Eine L\u00fcge, die Jahrzehnte verborgen blieb.<\/strong><\/h4>\n<p>Jedes Jahr, wenn der Herbst naht, wird Annett von einer inneren Unruhe erfasst. Dann macht sich die Narbe an ihrem Arm bemerkbar, dann werden die Erinnerungen an den Sommer 1988 und an die Clique von damals wach. F\u00fcnf Freunde, die sich blind vertrauten, bis einer von ihnen zum Verr\u00e4ter wurde.<\/p>\n<p>Jetzt, Jahrzehnte sp\u00e4ter, begreift Annett, dass sie ihren inneren Frieden erst finden wird, wenn sie sich der Vergangenheit stellt. Kurz entschlossen f\u00e4hrt sie nach Wismar. Zur\u00fcck an die Ostsee, in ihre alte Heimat. Doch je mehr sie dort \u00fcber die Ereignisse jenes Sommers herausfindet, umso deutlicher wird: Sie h\u00e4tte die Vergangenheit besser ruhen lassen, denn der Verrat von damals rei\u00dft ihr Leben erneut in einen Abgrund &#8230;<br \/>\n<strong>Ein gro\u00dfer Spannungsroman \u00fcber eine unges\u00fchnte Schuld und die Schatten der Vergangenheit, die eine Familie nach Jahrzehnten einholen.<\/strong><\/p>\n<h4><strong><span style=\"color: #008000;\">Empfohlen von Georg D\u00fcrr<\/span><br \/>\n<\/strong>_________________________________________________________________<\/h4>\n<h3><span style=\"color: #008000;\">Buch des Monats Februar 2023 &#8211;\u00a0<\/span><a href=\"https:\/\/www.michaelsbund.de\/?cl=search&amp;searchauthor=Poznanski%2C+Ursula\">Poznanski, Ursula<\/a><\/h3>\n<h1 class=\"product-title no-brandTitle\"><img loading=\"lazy\" decoding=\"async\" class=\"alignleft wp-image-3710 \" src=\"https:\/\/gemeindebuechereikastl.de\/wp-content\/uploads\/2023\/02\/Aquila.jpg\" alt=\"\" width=\"275\" height=\"420\" srcset=\"https:\/\/gemeindebuechereikastl.de\/wp-content\/uploads\/2023\/02\/Aquila.jpg 275w, https:\/\/gemeindebuechereikastl.de\/wp-content\/uploads\/2023\/02\/Aquila-196x300.jpg 196w\" sizes=\"auto, (max-width: 275px) 100vw, 275px\" \/>Aquila<\/h1>\n<h4><strong>Was geschah in den Tagen, die in Nikas Ged\u00e4chtnis fehlen?<\/strong><\/h4>\n<p>Nika, eine deutsche Studentin in Siena, wacht auf und muss erkennen, dass sie an zwei ganze Tage keinerlei Erinnerungen hat. In ihrer Wohnung geschehen merkw\u00fcrdige Dinge, vor allem fehlt ihre Mitbewohnerin. Zudem findet Nika einen von ihr beschriebenen Zettel mit unerkl\u00e4rlichen Notizen. Ver\u00e4ngstigt sucht sie Zuflucht bei Stefano. Nika geht allen Anhaltspunkten nach, was in den zwei Tagen geschehen sein k\u00f6nnte. Die Polizei verd\u00e4chtigt sie, als man die Mitbewohnerin tot in den Wasserkan\u00e4len der Stadt findet, denn es gibt Fingerspuren, die auf Nikas Anwesenheit hindeuten. Ganz langsam kann Nika den Zettelinhalt entschl\u00fcsseln und kommt dem wahren Ablauf nahe. &#8211; Sehr gekonnt baut die Autorin die Ausgangssituation der v\u00f6lligen Ahnungslosigkeit auf. Der Leser f\u00fchlt mit der Protagonistin und sp\u00fcrt deren Misstrauen und Verunsicherung intensiv. Nahezu automatisch begleitet er sie &#8211; mit derselben Anspannung, die sich in ihr breitgemacht hat.<br \/>\nEin spannend konstruierter Plot mit vielen unerwarteten Wendungen, ein mysteri\u00f6ser Zettel voller kryptischer Botschaften, ein t\u00f6dliches Geheimnis und eine junge Frau ohne Ged\u00e4chtnis: das sind die spannenden Zutaten des Romans der Bestsellerautorin, den man bis zum spannenden Showdown nicht mehr aus der Hand legen will.<\/p>\n<h4><span style=\"color: #008000;\"><strong>Empfohlen von Christa Kastner<br \/>\n<\/strong><\/span>_________________________________________________________________<\/h4>\n<h3><span style=\"color: #008000;\">Buch des Monats Janaur 2023<\/span> &#8211; <a href=\"https:\/\/www.michaelsbund.de\/?cl=search&amp;searchauthor=Garmus%2C+Bonnie\">Garmus, Bonnie<\/a><\/h3>\n<h1 class=\"product-title no-brandTitle\"><img loading=\"lazy\" decoding=\"async\" class=\"alignleft wp-image-3626 size-full\" src=\"https:\/\/gemeindebuechereikastl.de\/wp-content\/uploads\/2023\/01\/chemie.jpg\" alt=\"\" width=\"264\" height=\"420\" srcset=\"https:\/\/gemeindebuechereikastl.de\/wp-content\/uploads\/2023\/01\/chemie.jpg 264w, https:\/\/gemeindebuechereikastl.de\/wp-content\/uploads\/2023\/01\/chemie-189x300.jpg 189w\" sizes=\"auto, (max-width: 264px) 100vw, 264px\" \/>Eine Frage der Chemie<\/h1>\n<h4 class=\"title\"><strong>Eine Chemikerin hat wegen ihres Geschlechts in den 60er Jahren keine Chance, in ihrem Fach zu forschen.<\/strong><\/h4>\n<div class=\"inner\">\n<div class=\"desc\">Die Chemikerin Elisabeth Zott bewirbt sich Anfang der sechziger Jahre im Hastings Forschungsinstitut, bekommt aber nur eine Stelle als Hilfskraft. Das \u00e4ndert sich, als sie auf den Nobelpreiskandidaten Calvin Evan trifft, der sich in sie verliebt und sie in sein Labor aufnimmt. Sie beschlie\u00dfen zusammenzuleben, und die Beziehung erweist sich als sehr gl\u00fccklich und effektiv. Als jedoch Calvin eines Tages t\u00f6dlich verungl\u00fcckt, bricht f\u00fcr Elisabeth eine Welt zusammen, noch dazu muss sie feststellen, dass sie schwanger ist. Das ist f\u00fcr den Leiter des Instituts der Anlass, sie zu entlassen. Von einem Bekannten wird ihr die Leitung einer Kochsendung angeboten, die sie aus Not annimmt. Durch ihre sehr unkonventionelle Art und dadurch, wie sie das Thema Chemie einbringt, wird ihre Sendung der Renner. Sie fordert die Frauen auf, f\u00fcr ihre Unabh\u00e4ngigkeit zu k\u00e4mpfen, was ihr von der M\u00e4nnerwelt \u00fcbel angekreidet wird. Aber sie gibt nicht auf. &#8211; Bonnie Garmus hat mit einem R\u00fcckblick in das vergangene Jahrhundert beeindruckend aufgezeigt, wie aussichtslos es f\u00fcr Frauen war, in der Wissenschaft t\u00e4tig zu sein. Ein sehr ber\u00fchrender Roman und allen interessierten Lesern sehr zu empfehlen.<\/div>\n<\/div>\n<div class=\"inner\">\n<div>\n<h4><strong><span style=\"color: #008000;\">Empfohlen von Regina Weber<\/span><br \/>\n<\/strong>_________________________________________________________________<\/h4>\n<\/div>\n<\/div>\n<h3><span style=\"color: #008000;\">Buch des Monats Dezember 2022<\/span> &#8211; <a href=\"https:\/\/www.michaelsbund.de\/?cl=search&amp;searchauthor=Safier%2C+David\">Safier, David<\/a><\/h3>\n<p><img loading=\"lazy\" decoding=\"async\" class=\"wp-image-3554 size-full alignleft\" src=\"https:\/\/gemeindebuechereikastl.de\/wp-content\/uploads\/2022\/12\/Merkl.jpg\" alt=\"\" width=\"270\" height=\"420\" srcset=\"https:\/\/gemeindebuechereikastl.de\/wp-content\/uploads\/2022\/12\/Merkl.jpg 270w, https:\/\/gemeindebuechereikastl.de\/wp-content\/uploads\/2022\/12\/Merkl-193x300.jpg 193w\" sizes=\"auto, (max-width: 270px) 100vw, 270px\" \/><\/p>\n<h2 class=\"product-title no-brandTitle\">Miss Merkel: Mord auf dem Friedhof<\/h2>\n<h4 class=\"title\"><strong>Die Ex-Bundeskanzlerin ermittelt beim Mord an einem Friedhofsg\u00e4rtner.<\/strong><\/h4>\n<div class=\"inner\">\n<div class=\"desc\">In bew\u00e4hrter Manier spielt der Autor mit den Eigenarten der fr\u00fcheren Bundeskanzlerin und den Krimis von Agatha Christie. Merkel, die sich tats\u00e4chlich ins Privatleben zur\u00fcckgezogen hat, l\u00e4sst er in Klein-Freudenstadt, irgendwo in der Uckermark, in \u00f6rtliche Kriminalf\u00e4lle taumeln, wenn sie ihren Mops Putin in der l\u00e4ndlichen Idylle ausf\u00fchrt. Sicher so nicht erwartet, hat die Namenswahl f\u00fcr das Geschenk ihres Mannes inzwischen eine Portion schwarzen Humors. Diesmal findet sie einen ermordeten Friedhofsg\u00e4rtner. Zwei Bestatter, die seit Jahren verfeindet sind, stechen ihr ins Auge, w\u00e4hrend der unf\u00e4hige Dorfpolizist im Dunkeln tappt. Tief in deren Familiengeschichte liegt dann auch die L\u00f6sung, wer warum allen Grund hatte, den G\u00e4rtner ins Jenseits zu bef\u00f6rdern. Privat f\u00fchlt sich Miss Merkel von dem einen Bestatter angezogen, weil er wie sie Shakespeare liebt, was ihr einige Gewissensbisse verursacht. &#8211; Safiers Krimis um Angela Merkel gehen deswegen so gut auf, weil sie tats\u00e4chlich einige Z\u00fcge mit der ber\u00fchmten literarischen Ermittlerin Miss Marple gemeinsam hat. Man stellt sich bei der Lekt\u00fcre immer wieder die Frage, kopiert Safier echtes Verhalten der Bundeskanzlerin und ihres Ehemanns oder ist ihm ein gutes Imitat der englischen Kultfigur gelungen. Das macht das Buch reizvoll.<\/div>\n<div>\n<h4><span style=\"color: #008000;\"><strong>Empfohlen von Christa Kastner<\/strong><\/span><br \/>\n_________________________________________________________________<\/h4>\n<\/div>\n<\/div>\n<h3><span style=\"color: #008000;\">Buch des Monats November 2022\u00a0<\/span>\u2013\u00a0<a href=\"https:\/\/www.michaelsbund.de\/?cl=search&amp;searchauthor=Cameron%2C+Sharon\">Cameron, Sharon<\/a><\/h3>\n<h2 class=\"product-title no-brandTitle\"><img loading=\"lazy\" decoding=\"async\" class=\"alignleft wp-image-3426 \" src=\"https:\/\/gemeindebuechereikastl.de\/wp-content\/uploads\/2022\/11\/Maedchen.jpg\" alt=\"\" width=\"276\" height=\"444\" srcset=\"https:\/\/gemeindebuechereikastl.de\/wp-content\/uploads\/2022\/11\/Maedchen.jpg 261w, https:\/\/gemeindebuechereikastl.de\/wp-content\/uploads\/2022\/11\/Maedchen-186x300.jpg 186w\" sizes=\"auto, (max-width: 276px) 100vw, 276px\" \/>Das M\u00e4dchen, das ein St\u00fcck Welt rettete<\/h2>\n<p><strong class=\"product-subtitle\">Nach einer wahren Geschichte | Ein einf\u00fchlsamer Roman \u00fcber Stefania Podg\u00f3rska, die dreizehn Menschen vor den Nazis versteckte<\/strong><\/p>\n<p>Polen, 1939: Stefania und Izio sind frisch verliebt. Doch dann beginnt der Zweite Weltkrieg und ihre Heimatstadt wird von den Nazis besetzt. Izio und seine Familie m\u00fcssen als Juden ins Ghetto ziehen, Stefanias Mutter wird in ein Zwangsarbeiterlager deportiert &#8211; und so ist die Sechzehnj\u00e4hrige mit ihrer kleinen Schwester Helena pl\u00f6tzlich ganz auf sich allein gestellt. Gleichzeitig schmuggelt sie Lebensmittel und Medikamente f\u00fcr Izios Familie ins Ghetto, obwohl dies bei Todesstrafe verboten ist. Als Izio und seine Eltern ermordet werden, bricht f\u00fcr Stefania eine Welt zusammen. Izios Bruder Max gelingt im letzten Moment die Flucht &#8211; zu Stefania. Und das junge M\u00e4dchen muss eine Entscheidung treffen: Neben Max versteckt sie zw\u00f6lf weitere J\u00fcdinnen und Juden auf ihrem Dachboden. Bis eines Tages die Nazis vor ihrem Haus stehen &#8230;<\/p>\n<p>Einf\u00fchlsam und eindringlich erz\u00e4hlt der Roman die wahre Geschichte eines M\u00e4dchens, das dreizehn Menschen vor den Nazis versteckte und ihnen so das Leben rettete.<\/p>\n<p><span style=\"color: #008000;\"><strong>Empfohlen von Christa Kastner<\/strong><\/span><br \/>\n_________________________________________________________________<\/p>\n<h3><span style=\"color: #008000;\">Buch des Monats Oktober 2022<\/span> \u2013<a href=\"https:\/\/www.michaelsbund.de\/?cl=search&amp;searchauthor=Borkner%2C+Fabian\">Borkner, Fabian<\/a><\/h3>\n<h2><img loading=\"lazy\" decoding=\"async\" class=\"alignleft wp-image-3386 size-full\" src=\"https:\/\/gemeindebuechereikastl.de\/wp-content\/uploads\/2022\/10\/Zoigltod.jpg\" alt=\"\" width=\"329\" height=\"500\" srcset=\"https:\/\/gemeindebuechereikastl.de\/wp-content\/uploads\/2022\/10\/Zoigltod.jpg 329w, https:\/\/gemeindebuechereikastl.de\/wp-content\/uploads\/2022\/10\/Zoigltod-197x300.jpg 197w\" sizes=\"auto, (max-width: 329px) 100vw, 329px\" \/> Zoigltod<\/h2>\n<p><strong class=\"product-subtitle\">Oberpfalz Krimi &#8211; Spannender Regionalkrimi um einen Mord in Windischeschenbach.<br \/>\n<\/strong><\/p>\n<p>Der Zoigl, der im Titel des Buches vorkommt, ist ein unterg\u00e4riges Bier, das vor allem in der Oberpfalz gebraut wird. Im f\u00fcnften Band der Krimireihe mit den Versicherungsdetektiven Agathe Viersen und Gerhard Leitner sind entsprechend Orte in der Oberpfalz die Schaupl\u00e4tze. Als im Metallbau- und Gie\u00dfereibetrieb der Familie Dirscherl in Windischeschenbach der Besuch des bayerischen Finanzministers ansteht, versucht man alles, um gut dazustehen. Und genau als der Minister durch eine Scheibe schaut, um in das Innere des Strahlhauses, in dem Eisenteile entgratet werden, zu blicken, spritzt Blut, weil ein Mensch dort drinnen von einer Vielzahl von kleinen Stahlk\u00fcgelchen zerfetzt wird. Bei ihren Ermittlungen kommen die beiden auch nach Neuhaus, Weiden und Grafenw\u00f6hr. Die amerikanische Garnison kommt dabei auch ins Spiel. Dass sie auch etliche Zoiglwirtschaften besuchen und dabei auch dem braunen Zoiglbier zusprechen, passt hervorragend zur Atmosph\u00e4re des Buches. Bei den Unterhaltungen dabei kommen nach und nach immer mehr Informationen zusammen, die in Richtung Aufkl\u00e4rung des Verbrechens f\u00fchren. Die Typen, mit denen sie Gespr\u00e4che f\u00fchren, sind sehr lebendig geschildert, wobei der Sprachwitz und die Situationskomik nicht zu kurz kommen. Die \u00fcberraschende L\u00f6sung des Falles ist packend dargestellt. Ein spannender Regionalkrimi, der sich nicht im Dialekt verliert, so dass er f\u00fcr alle gut zu lesen ist.<\/p>\n<p><span style=\"color: #008000;\"><strong>Empfohlen von Georg D\u00fcrr<\/strong><\/span><br \/>\n_________________________________________________________________<\/p>\n<h3><span style=\"color: #008000;\">Buch des Monats September 2022<\/span> \u2013 <a href=\"https:\/\/www.michaelsbund.de\/?cl=search&amp;searchauthor=Schirach%2C+Ferdinand+von\">Schirach, Ferdinand von<\/a><\/h3>\n<h2><img loading=\"lazy\" decoding=\"async\" class=\"alignleft wp-image-3292 \" src=\"https:\/\/gemeindebuechereikastl.de\/wp-content\/uploads\/2022\/09\/Kaffee-und-Zigaretten.jpg\" alt=\"\" width=\"257\" height=\"378\" srcset=\"https:\/\/gemeindebuechereikastl.de\/wp-content\/uploads\/2022\/09\/Kaffee-und-Zigaretten.jpg 450w, https:\/\/gemeindebuechereikastl.de\/wp-content\/uploads\/2022\/09\/Kaffee-und-Zigaretten-204x300.jpg 204w\" sizes=\"auto, (max-width: 257px) 100vw, 257px\" \/>Kaffee und Zigaretten<\/h2>\n<p>\u00bbKaffee und Zigaretten\u00ab verwebt autobiographische Erz\u00e4hlungen, Aper\u00e7us, Notizen und Beobachtungen zu einem erz\u00e4hlerischen Ganzen, in dem sich Privates und Allgemeines ber\u00fchren, verzahnen und wechselseitig spiegeln. Es geht um pr\u00e4gende Erlebnisse und Begegnungen des Erz\u00e4hlers, um fl\u00fcchtige Momente des Gl\u00fccks, um Einsamkeit und Melancholie, um Entwurzelung und die Sehnsucht nach Heimat, um Kunst und Gesellschaft ebenso wie um die gro\u00dfen Lebensthemen Ferdinand von Schirachs, um merkw\u00fcrdige Rechtsf\u00e4lle und Begebenheiten, um die Idee des Rechts und die W\u00fcrde des Menschen, um die Errungenschaften und das Erbe der Aufkl\u00e4rung, das es zu bewahren gilt, und um das, was den Menschen erst eigentlich zum Menschen macht. In dieser Vielschichtigkeit und Bandbreite der erz\u00e4hlerischen Ann\u00e4herungen und Themen ist \u00bbKaffee und Zigaretten\u00ab das pers\u00f6nlichste Buch Ferdinand von Schirachs.<\/p>\n<p><span style=\"color: #008000;\"><strong>Empfohlen von Maria D\u00fcrr<\/strong><\/span><br \/>\n_________________________________________________________________<\/p>\n<h3><span style=\"color: #008000;\">Buch des Monats August 2022<\/span> \u2013 <a href=\"https:\/\/www.michaelsbund.de\/?cl=search&amp;searchauthor=Graf%2C+Lisa\">Lisa\u00a0<\/a><a href=\"https:\/\/www.michaelsbund.de\/?cl=search&amp;searchauthor=Graf%2C+Lisa\">Graf<\/a><\/h3>\n<h2><img loading=\"lazy\" decoding=\"async\" class=\" wp-image-3243 alignleft\" src=\"https:\/\/gemeindebuechereikastl.de\/wp-content\/uploads\/2022\/08\/dallmayr-196x300.jpg\" alt=\"\" width=\"227\" height=\"347\" srcset=\"https:\/\/gemeindebuechereikastl.de\/wp-content\/uploads\/2022\/08\/dallmayr-196x300.jpg 196w, https:\/\/gemeindebuechereikastl.de\/wp-content\/uploads\/2022\/08\/dallmayr.jpg 275w\" sizes=\"auto, (max-width: 227px) 100vw, 227px\" \/>Dallmayr. Der Traum vom sch\u00f6nen Leben<\/h2>\n<h3><strong class=\"product-subtitle\">Der Auftakt der Bestseller-Saga &#8211; zum Dahinschmelzen sch\u00f6n.<br \/>\nTherese muss nach dem Tod ihres Mannes um ihr Gesch\u00e4ft, das &#8222;Dallmayr&#8220;, k\u00e4mpfen und gleichzeitig die Familie zusammenhalten.<br \/>\n<\/strong><\/h3>\n<p>M\u00fcnchen 1897: Therese und Anton Randlkofer geh\u00f6rt seit ein paar Jahren das Delikatessengesch\u00e4ft &#8222;Dallmayr&#8220;. Mit Flei\u00df und Geschick haben sie es erweitert und sich einen Namen in der M\u00fcnchner Gesellschaft gemacht. Pl\u00f6tzlich stirbt Anton und l\u00e4sst Therese mit den drei Kindern, einem gro\u00dfen Kredit bei der Bank und einem Familiengeheimnis allein. Dies kommt Max, Antons j\u00fcngerem Bruder, gerade recht. Er hat schon seit einiger Zeit ein Auge auf das florierende Gesch\u00e4ft seines Bruders geworfen. Zusammen mit einigen Freunden versucht er zu erreichen, dass Therese ihren Kredit zur\u00fcckzahlen muss, damit er als &#8222;Retter&#8220; einspringen kann und so eine Beteiligung am Gesch\u00e4ft erh\u00e4lt. Die Belegschaft steht hinter ihr und hilft ihr, wo sie nur kann. &#8211; Ein Roman, der die Gesellschaft, das Leben, die Politik, die technischen Neuerungen, die Kunst, die Mode, die Rolle der Frau in Familie und Beruf und vieles mehr in M\u00fcnchen um die Jahrhundertwende abbildet. Anschaulich und kurzweilig wird dies alles um die Geschichte der Therese Randlkofer und des &#8222;Dallmayrs&#8220; erz\u00e4hlt. Jede Figur in diesem Roman hat ihren Platz und kommt zu Wort. So werden nicht nur die Familie Randlkofer, sondern auch die Familie des Lehrbuben Ludwig, die Kunden des &#8222;Dallmayr&#8220; und noch einige mehr mit einbezogen. Dies ergibt einen Querschnitt durch die Gesellschaft und erm\u00f6glicht den Lesenden Einblicke in unterschiedliche Gesellschaftsschichten, ihre Tr\u00e4ume, Vorlieben und M\u00f6glichkeiten.<\/p>\n<h4><span style=\"color: #008000;\"><strong>Empfohlen von Maria D\u00fcrr<\/strong><\/span><br \/>\n_________________________________________________________________<\/h4>\n<h3><span style=\"color: #008000;\">Buch des Monats Juli 2022 &#8211; <\/span><a href=\"https:\/\/www.michaelsbund.de\/?cl=search&amp;searchauthor=Backman%2C+Fredrik\">Fredrik <\/a><a href=\"https:\/\/www.michaelsbund.de\/?cl=search&amp;searchauthor=Backman%2C+Fredrik\">Backman<\/a><\/h3>\n<h2 class=\"product-title no-brandTitle\"><img loading=\"lazy\" decoding=\"async\" class=\"size-medium wp-image-3090 alignleft\" src=\"https:\/\/gemeindebuechereikastl.de\/wp-content\/uploads\/2022\/07\/Britt-Marie-197x300.jpg\" alt=\"\" width=\"197\" height=\"300\" srcset=\"https:\/\/gemeindebuechereikastl.de\/wp-content\/uploads\/2022\/07\/Britt-Marie-197x300.jpg 197w, https:\/\/gemeindebuechereikastl.de\/wp-content\/uploads\/2022\/07\/Britt-Marie.jpg 276w\" sizes=\"auto, (max-width: 197px) 100vw, 197px\" \/>Britt-Marie war hier<\/h2>\n<h4>Der wundervolle Bestseller um eine au\u00dfergew\u00f6hnliche Heldin, die man einfach lieben muss. So humorvoll und ber\u00fchrend wie \u00bbEin Mann namens Ove\u00ab<\/h4>\n<p>Britt-Marie liebt die Ordnung. Aber wer liebt Britt-Marie? Als sie pl\u00f6tzlich ganz allein dasteht, verschl\u00e4gt sie ein Zufall nach Borg. Borg ist ein abgeh\u00e4ngter Ort, in dem au\u00dfer dem Dorfladen nichts mehr zu funktionieren scheint. Ein Ort, in dem eigentlich keiner mehr Hoffnung hat. Doch Britt-Marie tut, was sie tun muss: Sie r\u00e4umt auf in Borg &#8230; Ein unglaublich bewegender und witziger Roman \u00fcbers Neustarten und Mitspielen. Einf\u00fchlsam und mit seinem einzigartigen Humor geschrieben vom schwedischen Bestseller-Autor Fredrik Backman.<\/p>\n<h6><\/h6>\n<h4><span style=\"color: #008000;\"><strong>Empfohlen von Myriam Klatt<\/strong><\/span><br \/>\n_________________________________________________________________<\/h4>\n<h3><span style=\"color: #008000;\">Buch des Monats Juni 2022 &#8211;\u00a0 <\/span><a href=\"https:\/\/www.michaelsbund.de\/?cl=search&amp;searchauthor=Laurain%2C+Antoine\">Antoine\u00a0<\/a><a href=\"https:\/\/www.michaelsbund.de\/?cl=search&amp;searchauthor=Laurain%2C+Antoine\">Laurain<\/a><br \/>\n<img loading=\"lazy\" decoding=\"async\" class=\"wp-image-3040 alignleft\" src=\"https:\/\/gemeindebuechereikastl.de\/wp-content\/uploads\/2022\/06\/wahre-geschihte.jpg\" alt=\"\" width=\"232\" height=\"379\" srcset=\"https:\/\/gemeindebuechereikastl.de\/wp-content\/uploads\/2022\/06\/wahre-geschihte.jpg 257w, https:\/\/gemeindebuechereikastl.de\/wp-content\/uploads\/2022\/06\/wahre-geschihte-184x300.jpg 184w\" sizes=\"auto, (max-width: 232px) 100vw, 232px\" \/><\/h3>\n<h2>Eine verd\u00e4chtig wahre Geschichte<\/h2>\n<h4>Eine Star-Lektorin, ein literarischer Geniestreich, dem der Autor abhanden gekommen ist, und drei hilfreiche Morde: Antoine Laurain entz\u00fcndet in seinem neuen Roman ein kriminalistisches Unterhaltungsfeuerwerk.<\/h4>\n<p>Die Pariser Star-Lektorin Violaine Lepage liegt nach einem schweren Unfall im Koma. Aber es kommt noch schlimmer: Als sie aufwacht, droht der unter ihrer Federf\u00fchrung erschienene Roman Die Zuckerblumen Frankreichs renommiertesten Literaturpreis zu gewinnen. Dabei ist der Autor unauffindbar! Das ist so sehr gegen die Konvention der Preisvergabe, dass Violaines Karriereende bevorsteht. Da kommen ihr drei Morde zu Hilfe, die sich just so ereignen wie im Roman beschrieben. Nun sucht auch die Polizei den unsichtbaren Autor. Wer hat Die Zuckerblumen geschrieben und warum? Die Antwort liegt gut versteckt in der realen Vergangenheit und nicht jeder will, dass sie entdeckt wird. Ein spannendes und geistreiches Lesevergn\u00fcgen.<\/p>\n<h4><span style=\"color: #008000;\"><strong>Empfohlen von Georg D\u00fcrr<\/strong><\/span><br \/>\n_________________________________________________________________<\/h4>\n<h3><span style=\"color: #008000;\">Buch des Monats Juni 2022\u00a0 &#8211; <\/span>\u00a0<a href=\"https:\/\/www.michaelsbund.de\/?cl=search&amp;searchauthor=Follett%2C+Ken\">Ken Follet<\/a><br \/>\n<span style=\"color: inherit; font-family: inherit; font-size: 36px; font-weight: bold;\"><img loading=\"lazy\" decoding=\"async\" class=\" wp-image-3015 alignleft\" src=\"https:\/\/gemeindebuechereikastl.de\/wp-content\/uploads\/2022\/06\/Kingbridge-189x300.jpg\" alt=\"\" width=\"217\" height=\"344\" srcset=\"https:\/\/gemeindebuechereikastl.de\/wp-content\/uploads\/2022\/06\/Kingbridge-189x300.jpg 189w, https:\/\/gemeindebuechereikastl.de\/wp-content\/uploads\/2022\/06\/Kingbridge.jpg 265w\" sizes=\"auto, (max-width: 217px) 100vw, 217px\" \/><\/span><\/h3>\n<h2><span style=\"color: inherit; font-family: inherit; font-size: 36px; font-weight: bold;\">Kingsbridge &#8211; Der Morgen einer neuen Zeit<\/span><\/h2>\n<h4>Mittelalter-Roman, der in England um das Jahr 1000 spielt und ein Vorg\u00e4nger von &#8222;S\u00e4ulen der Erde&#8220; ist.<\/h4>\n<p>Nach Jahrhunderten der Teilk\u00f6nigreiche ist England geeint, K\u00f6nig Ethelred herrscht \u00fcber das Land. Aber die \u00dcberf\u00e4lle der Nordm\u00e4nner gibt es nach wie vor. 997 \u00fcberfallen sie im Morgengrauen das Hafenst\u00e4dtchen Combe. Edgar, Sohn eines Bootsbauers, ist bereits wach und warnt die Menschen; f\u00fcr viele kommt das zu sp\u00e4t, auch f\u00fcr seinen Vater. Da alles vernichtet ist, wandert Edgar ins Hinterland und findet in dem Weiler Drengs Ferry eine Bleibe. Er ist sehr geschickt in allen handwerklichen Berufen und ist dadurch bald bei der Priorei und dem idealistischen M\u00f6nch Aldred bestens angesehen. Auch die Normannenprinzessin Ragna hat es aus Cherbourg in das kalte, nasse England verschlagen, mit ihrem Ehemann Wilwulf hat sie jedoch kein gutes Los gezogen. Vor allem ihr Schwager, Bischof Wynstan, ein skrupelloser, ja verbrecherischer W\u00fcrdentr\u00e4ger, macht ihr das Leben schwer. Zu ihren Besitzt\u00fcmern z\u00e4hlen auch die Ortschaft Drengs Ferry und ein nahegelegener Steinbruch. Edgar erh\u00e4lt von Ragna die Erlaubnis, aus dem Steinbruch Materialien zu entnehmen. So beginnt eine Freundschaft zwischen der Adeligen und dem einfachen Baumeister. Durch Edgars Initiative bekommt Drengs Ferry vom K\u00f6nig die Genehmigung, eine Br\u00fccke \u00fcber den Fluss zu bauen (Kings Bridge). Auch der Bau einer gr\u00f6\u00dferen Kirche wird begonnen; die Anf\u00e4nge einer Kathedrale. Nach sehr vielen Irrungen und Wirrungen finden Edgar und Ragna trotz der Standesunterschiede zueinander. &#8211; Die Geschichte ist opulent und ereignisreich, sie umspannt den Zeitraum von 997 bis 1008, also 200 Jahre vor dem Geschehen in &#8222;Die S\u00e4ulen der Erde&#8220;<\/p>\n<h4><span style=\"color: #008000;\"><strong>Empfohlen von Maria D\u00fcrr<\/strong><\/span><br \/>\n__________________________________________________________________________<\/h4>\n<h3><strong>17. Mai 2022<\/strong><\/h3>\n<p><img loading=\"lazy\" decoding=\"async\" class=\"wp-image-2941 alignleft\" src=\"https:\/\/gemeindebuechereikastl.de\/wp-content\/uploads\/2022\/05\/wal.jpg\" alt=\"\" width=\"252\" height=\"384\" srcset=\"https:\/\/gemeindebuechereikastl.de\/wp-content\/uploads\/2022\/05\/wal.jpg 276w, https:\/\/gemeindebuechereikastl.de\/wp-content\/uploads\/2022\/05\/wal-197x300.jpg 197w\" sizes=\"auto, (max-width: 252px) 100vw, 252px\" \/><\/p>\n<h3>\u00a0<a style=\"color: #9538c5; outline: 0px;\" href=\"https:\/\/www.michaelsbund.de\/?cl=search&amp;searchauthor=Ironmonger%2C+John\">John Ironmonger<\/a><\/h3>\n<h2 class=\"product-title no-brandTitle\">Der Wal und das Ende der Welt<\/h2>\n<h4 class=\"title\"><strong>Das Buch der Stunde, das uns Hoffnung macht!<\/strong><\/h4>\n<h4><strong>Ein kleines Dorf. Eine Epidemie und eine globale Krise. Und eine gro\u00dfe Geschichte \u00fcber die Menschlichkeit.<\/strong><\/h4>\n<div class=\"inner\">\n<div class=\"desc\">\n<p>Erst wird ein junger Mann angesp\u00fclt, und dann strandet der Wal. Die dreihundertsieben Bewohner des Fischerdorfs St. Piran sp\u00fcren sofort: Hier beginnt etwas Sonderbares. Doch keiner ahnt, wie existentiell ihre Gemeinschaft bedroht ist. So wie das ganze Land. Und vielleicht die ganze Welt. Weil alles mit allem zusammenh\u00e4ngt.<\/p>\n<p>John Ironmonger erz\u00e4hlt eine mitrei\u00dfende Geschichte \u00fcber das, was uns als Menschheit zusammenh\u00e4lt. Und stellt die wichtigen Fragen: Wissen wir genug \u00fcber die Zusammenh\u00e4nge unserer globalisierten Welt? Und wie k\u00f6nnen wir gut handeln, wenn alles auf dem Spiel steht? \u00bbAbenteuerlich und ergreifend.\u00ab Stern<br \/>\n\u00bbDieser Roman gibt einem den Glauben an die Menschheit zur\u00fcck.\u00ab Elle<\/p>\n<\/div>\n<\/div>\n<h4><span style=\"color: #008000;\"><strong>Empfohlen von Gabi K\u00f6nig<\/strong><\/span><br \/>\n_________________________________________________________________________<\/h4>\n<h3><strong>1. Mai 2022<\/strong><\/h3>\n<p><img loading=\"lazy\" decoding=\"async\" class=\"wp-image-2876 size-full alignleft\" src=\"https:\/\/gemeindebuechereikastl.de\/wp-content\/uploads\/2022\/05\/Familie.jpg\" alt=\"\" width=\"265\" height=\"420\" srcset=\"https:\/\/gemeindebuechereikastl.de\/wp-content\/uploads\/2022\/05\/Familie.jpg 265w, https:\/\/gemeindebuechereikastl.de\/wp-content\/uploads\/2022\/05\/Familie-189x300.jpg 189w\" sizes=\"auto, (max-width: 265px) 100vw, 265px\" \/><\/p>\n<h3><strong><a href=\"https:\/\/www.michaelsbund.de\/?cl=search&amp;searchauthor=Duken%2C+Heike\">Duken, Heike<\/a><\/strong><\/h3>\n<h1 class=\"product-title no-brandTitle\">Denn Familie sind wir trotzdem<\/h1>\n<div><strong>Ein generationen\u00fcbergreifender Familienroman, der die Zeit von 1925 bis 2019 umfasst.<\/strong><\/div>\n<div><\/div>\n<div>Die 19-j\u00e4hrige Ina will frei sein von Eltern und Deutschland und geht 1985 als freiwillige Helferin in ein Kibbuz nach Israel, lernt dort ihre gro\u00dfe Liebe Ariel kennen, wird schwanger. Doch Ariels Familie akzeptiert eine Deutsche nicht &#8211; also kehrt sie nach Deutschland zur\u00fcck und zieht ihre Tochter Floriane allein auf. Inas Vater Paul spricht nie \u00fcber die schweren Traumata aus Kindheit und Kriegszeit. Seine Eltern lie\u00dfen ihn und seinen j\u00fcngeren Bruder Gerd von einem Onkel erziehen, einem harten, sadistischen Mann und \u00fcberzeugten Nazi, der seine Neffen pr\u00fcgelnd zu Soldaten erzog. Paul unterwarf sich seinem Onkel, Gerd weigerte sich, wollte Tierarzt werden, wurde aber eingezogen und fiel schon drei Wochen nach Kriegsbeginn. Paul ging zur Waffen-SS &#8211; und erkannte erst sp\u00e4t seine Verblendung und den Wahnsinn der Nazis. Sein Leben lang tr\u00e4gt er an seiner Schuld. Erst seiner Enkelin kann er alles erz\u00e4hlen. Floriane, quirlig, aufm\u00fcpfig, klug, erz\u00e4hlt ihrem unbekannten Vater in ihrem Tagebuch aus ihrem Leben. Wie ihre Mutter k\u00e4mpft sie gegen Zw\u00e4nge von Gesellschaft und Staat an &#8211; bis auch sie mit 18 Jahren schwanger wird. &#8211; In der autobiografisch inspirierten Familiengeschichte erz\u00e4hlt die Autorin aus verschiedenen Perspektiven mal ausschweifend, mal unter die Haut gehend, wie jede Generation sich an der vorhergehenden reibt, es besser machen will &#8211; Erfolg ungewis<\/div>\n<div>\n<h4><span style=\"color: #008000;\"><strong>Empfohlen von Elisabeth Weigl<\/strong><\/span><br \/>\n___________________________________________________________________________<\/h4>\n<\/div>\n<h3><strong>18. April 2022<br \/>\n<\/strong><img loading=\"lazy\" decoding=\"async\" class=\"wp-image-2833 alignleft\" src=\"https:\/\/gemeindebuechereikastl.de\/wp-content\/uploads\/2022\/04\/Groumdeifl.jpg\" alt=\"\" width=\"295\" height=\"449\" srcset=\"https:\/\/gemeindebuechereikastl.de\/wp-content\/uploads\/2022\/04\/Groumdeifl.jpg 276w, https:\/\/gemeindebuechereikastl.de\/wp-content\/uploads\/2022\/04\/Groumdeifl-197x300.jpg 197w\" sizes=\"auto, (max-width: 295px) 100vw, 295px\" \/><\/h3>\n<h3><strong><a href=\"https:\/\/www.michaelsbund.de\/?cl=search&amp;searchauthor=Borkner%2C+Fabian\">Borkner, Fabian<\/a><\/strong><\/h3>\n<h2 class=\"product-title no-brandTitle\">Groumdeifl<\/h2>\n<div class=\"title\"><strong>Zwei Versicherungsdetektive auf M\u00f6rdersuche in der tiefsten Oberpfalz.<\/strong><\/div>\n<div><\/div>\n<div class=\"inner\">\n<div class=\"desc\">Ein ungleiches Gespann sind sie, die zwei Versicherungsdetektive, die im Raum Schwandorf Schadensf\u00e4llen auf die Spur kommen sollen. Der &#8222;Schadensfall&#8220;, um den sich Nordlicht Agathe Viersen und der &#8222;Eingeborene&#8220; Gerhard Leitner zu k\u00fcmmern haben, ist allerdings h\u00f6chst makaber: Ein Toter im Teufelskost\u00fcm, aufgefunden in einer Stra\u00dfenbaustelle, soll ein Versorgungsrohr besch\u00e4digt haben. Das Opfer, so stellt sich bald heraus, ist der Spiegler Harry, der einer &#8222;Pass&#8220;, einer Perchtengruppe, angeh\u00f6rte. Der hat sich in seinem kurzen Leben allerdings nicht viele Freunde gemacht. Die beiden Detektive der Jakortia-Versicherung, zwischen denen es \u00fcbrigens ganz sch\u00f6n knistert, sollen nun herausfinden, ob der Sturz des Groumdeifl das Rohr besch\u00e4digt oder die Baufirma gemurkst hat. Im Rahmen ihrer Ermittlungen kommen sie unter anderem in Kontakt mit den Schwarzenfelder Bergteufeln, dem undurchsichtigen Lehrer Menner und einem h\u00f6chst kommunikativen Kaffeekr\u00e4nzchen. &#8211; Der vierte Oberpfalz-Krimi von Fabian Borkner ist sicher keine Sternstunde der Weltliteratur, mit einigen L\u00e4ngen. Dennoch ist ihm einmal mehr ein durchaus unterhaltendes und sogar spannendes Werk gelungen.<\/div>\n<\/div>\n<h4><span style=\"color: #008000;\"><strong>Empfohlen von Manuela Donhauser<\/strong><\/span><br \/>\n__________________________________________________________________________________________<\/h4>\n<h3><strong>10. April 2022<\/strong><\/h3>\n<h3><a href=\"https:\/\/www.michaelsbund.de\/?cl=search&amp;searchauthor=Neuhaus%2C+Nele\"><strong><img loading=\"lazy\" decoding=\"async\" class=\"alignleft wp-image-2814 size-full\" src=\"https:\/\/gemeindebuechereikastl.de\/wp-content\/uploads\/2022\/04\/freundschaft.jpg\" alt=\"\" width=\"265\" height=\"420\" srcset=\"https:\/\/gemeindebuechereikastl.de\/wp-content\/uploads\/2022\/04\/freundschaft.jpg 265w, https:\/\/gemeindebuechereikastl.de\/wp-content\/uploads\/2022\/04\/freundschaft-189x300.jpg 189w\" sizes=\"auto, (max-width: 265px) 100vw, 265px\" \/>Neuhaus, Nele<\/strong><\/a><\/h3>\n<h2><strong>In ewiger Freundschaft<\/strong><\/h2>\n<div>\n<div><strong>Das bew\u00e4hrte Ermittlerduo Sander\/von Bodenstein hat es mit einem Mord bei einem Literaturverlag zu tun.<\/strong><\/div>\n<div><\/div>\n<div>Eine Frau wird vermisst. Im Obergeschoss ihres Hauses in Bad Soden findet die Polizei den dementen Vater, verwirrt und dehydriert. Und in der K\u00fcche Spuren eines Blutbads. Die Ermittlungen f\u00fchren Pia Sander und Oliver von Bodenstein zum renommierten Frankfurter Literaturverlag Winterscheid, wo die Vermisste Programmleiterin war. Ihr wurde nach \u00fcber drei\u00dfig Jahren gek\u00fcndigt, woraufhin sie einen ihrer Autoren wegen Plagiats ans Messer lieferte &#8211; ein Skandal und vielleicht ein Mordmotiv? Als die Leiche der Frau gefunden wird und ein weiterer Mord geschieht, sto\u00dfen Pia und Bodenstein auf ein gut geh\u00fctetes Geheimnis. Beide Opfer kannten es. Das war ihr Todesurteil. Wer muss als n\u00e4chstes sterben? \u00a0Pia und Bodenstein jagen einen T\u00e4ter, der ihnen immer einen Schritt voraus zu sein scheint &#8230;<\/div>\n<div>\n<h4><strong>Empfohlen von Maria D\u00fcrr<\/strong><br \/>\n__________________________________________________________________________________________<\/h4>\n<\/div>\n<\/div>\n<h3><strong>26. M\u00e4rz 2022<\/strong><\/h3>\n<h3><span class=\"author notFaded\" data-width=\"\"><span class=\"a-declarative\" data-action=\"a-popover\" data-csa-c-type=\"widget\" data-csa-c-func-deps=\"aui-da-a-popover\" data-a-popover=\"{&quot;closeButtonLabel&quot;:&quot;Autor-Dialog Popover schlie\u00dfen&quot;,&quot;name&quot;:&quot;contributor-info-B01CVTGFCO&quot;,&quot;position&quot;:&quot;triggerBottom&quot;,&quot;popoverLabel&quot;:&quot;Autor-Dialog Popover&quot;,&quot;allowLinkDefault&quot;:&quot;true&quot;}\" data-csa-c-id=\"d3a9ow-jxt3gd-z2hkuq-bxfeu3\"><a class=\"a-link-normal contributorNameID\" href=\"https:\/\/www.amazon.de\/Peter-Goldammer\/e\/B01CVTGFCO\/ref=dp_byline_cont_book_1\" data-asin=\"B01CVTGFCO\"><img loading=\"lazy\" decoding=\"async\" class=\" wp-image-2732 alignleft\" src=\"https:\/\/gemeindebuechereikastl.de\/wp-content\/uploads\/2022\/03\/Berg-197x300.jpg\" alt=\"\" width=\"191\" height=\"291\" srcset=\"https:\/\/gemeindebuechereikastl.de\/wp-content\/uploads\/2022\/03\/Berg-197x300.jpg 197w, https:\/\/gemeindebuechereikastl.de\/wp-content\/uploads\/2022\/03\/Berg.jpg 329w\" sizes=\"auto, (max-width: 191px) 100vw, 191px\" \/><\/a><a href=\"https:\/\/www.michaelsbund.de\/?cl=search&amp;searchauthor=Borkner%2C+Fabian\">Borkner, Fabian<\/a><\/span><\/span><\/h3>\n<h2>Berg, Fest, Mord<\/h2>\n<div><strong>Ein spannender Krimi aus der Oberpfalz mit hochaktuellem Bezug vor traditionsreicher Kulisse.<\/strong><\/div>\n<div><\/div>\n<div>\n<p>Ein Mann bricht auf dem Annabergfest in Sulzbach-Rosenberg tot am Zapfhahn zusammen. Agathe Viersen und Gerhard Leitner machen sich f\u00fcr ihre Versicherung an die Ermittlungen. Handelt es sich lediglich um einen Unfall, oder war wom\u00f6glich Absicht im Spiel? Ihre Recherchen f\u00fchren zu den Bergfesten im Landkreis &#8211; und mitten hinein in ein gef\u00e4hrliches Geflecht aus grausiger Vergangenheit und knallharter Gegenwart.<\/p>\n<p>Weitere spannende Krimis aus dem Amberg-Sulzbacher und Schwandorfer Raum aus der Feder von Fabian Borkner gibt es bei uns in der Kastler Gemeindeb\u00fccherei zu endecken.<\/p>\n<\/div>\n<div>\n<h4><strong>Empfohlen von Regina Weber<\/strong><br \/>\n__________________________________________________________________________________________<\/h4>\n<\/div>\n<h3><strong>20. M\u00e4rz 2022<\/strong><\/h3>\n<h3><img loading=\"lazy\" decoding=\"async\" class=\" wp-image-2727 alignleft\" src=\"https:\/\/gemeindebuechereikastl.de\/wp-content\/uploads\/2022\/03\/Zirkus-184x300.jpg\" alt=\"\" width=\"208\" height=\"339\" srcset=\"https:\/\/gemeindebuechereikastl.de\/wp-content\/uploads\/2022\/03\/Zirkus-184x300.jpg 184w, https:\/\/gemeindebuechereikastl.de\/wp-content\/uploads\/2022\/03\/Zirkus.jpg 306w\" sizes=\"auto, (max-width: 208px) 100vw, 208px\" \/>\u00a0<span class=\"author notFaded\" data-width=\"\"><span class=\"a-declarative\" data-action=\"a-popover\" data-csa-c-type=\"widget\" data-csa-c-func-deps=\"aui-da-a-popover\" data-a-popover=\"{&quot;closeButtonLabel&quot;:&quot;Autor-Dialog Popover schlie\u00dfen&quot;,&quot;name&quot;:&quot;contributor-info-B01CVTGFCO&quot;,&quot;position&quot;:&quot;triggerBottom&quot;,&quot;popoverLabel&quot;:&quot;Autor-Dialog Popover&quot;,&quot;allowLinkDefault&quot;:&quot;true&quot;}\" data-csa-c-id=\"d3a9ow-jxt3gd-z2hkuq-bxfeu3\"><a class=\"a-link-normal contributorNameID\" href=\"https:\/\/www.amazon.de\/Peter-Goldammer\/e\/B01CVTGFCO\/ref=dp_byline_cont_book_1\" data-asin=\"B01CVTGFCO\">Goldammer, Peter<\/a><\/span><\/span><\/h3>\n<h2>Zirkus der Stille<\/h2>\n<div><strong>Der sch\u00f6ne Umschlag verspricht nicht zu viel: je mehr sich Tha\u00efs auf den Zirkus einl\u00e4sst, desto magischer wird es. Ein Weg, auf dem sie zu sich selbst findet. Einf\u00fchlsam und mitrei\u00dfend geschrieben, mit sehr sympathischen Zirkusleuten.<\/strong><\/div>\n<div><\/div>\n<div>Tha\u00efs Leblanc w\u00e4chst nach dem Tod der Mutter bei ihrer Gro\u00dfmutter auf, der unvergleichlichen Victoria, wie sie auf Zirkusplakaten tituliert wird. Tha\u00efs verabscheut das Zirkusleben und zieht, kaum vollj\u00e4hrig, nach Paris; sie will nur eins: Normalit\u00e4t. Doch als die Gro\u00dfmutter stirbt, konfrontiert deren seltsames Testament sie mit ihrer Familiengeschichte, die sie zum wundersamen Cirque perdu und seinem Direktor Pap\u00f3 bringt. Dort lernt Tha\u00efs, dass man sich seinen \u00c4ngsten stellen muss und f\u00fcr die wichtigsten Dinge im Leben keinen Applaus von anderen braucht.<\/div>\n<h4><strong>Empfohlen von Birgit Geitner<\/strong><br \/>\n__________________________________________________________________________________________<\/h4>\n<h3><strong>13. M\u00e4rz 2022<\/strong><\/h3>\n<h3><a href=\"https:\/\/www.michaelsbund.de\/?cl=search&amp;searchauthor=Owens%2C+Delia\"><img loading=\"lazy\" decoding=\"async\" class=\" wp-image-2702 alignleft\" src=\"https:\/\/gemeindebuechereikastl.de\/wp-content\/uploads\/2022\/03\/Gesang-190x300.jpg\" alt=\"\" width=\"269\" height=\"425\" srcset=\"https:\/\/gemeindebuechereikastl.de\/wp-content\/uploads\/2022\/03\/Gesang-190x300.jpg 190w, https:\/\/gemeindebuechereikastl.de\/wp-content\/uploads\/2022\/03\/Gesang.jpg 316w\" sizes=\"auto, (max-width: 269px) 100vw, 269px\" \/>Owens, Delia<\/a><\/h3>\n<h1>Der Gesang der Flusskrebse<\/h1>\n<p><strong>Schicksal einer jungen Frau, die in den 1950er Jahren als Kind von ihrer Familie verlassen und sp\u00e4ter des Mordes an ihrem Liebhaber verd\u00e4chtigt wird.<\/strong><\/p>\n<div>Im nahezu unbewohnbaren Marschland der Atlantikk\u00fcste von North Carolina muss die 6-j\u00e4hrige Kya miterleben, wie ihre vom alkoholkranken Vater misshandelte Mutter ihre Familie heimlich verl\u00e4sst. Auch ihre vier Geschwister und ihr Vater verlassen ihr Zuhause nach und nach. Kya tr\u00f6stet sich mit Streifz\u00fcgen durch die Natur, wobei sie eine Menge Fundst\u00fccke zusammentr\u00e4gt. Nach nur einem Tag in der Schule, wo sie geh\u00e4nselt und gemieden wird, gelingt es Kya, sich vor den Beh\u00f6rden zu verstecken &#8211; Lesen, Schreiben und Rechnen lernt sie mit 14 von ihrem Freund Tate, der die junge Erwachsene auch verl\u00e4sst, um andernorts zu studieren. In ihrer Einsamkeit beginnt Kya eine Liebesbeziehung zu einem jungen Mann, der sie st\u00e4ndig betr\u00fcgt und eines Tages tot aufgefunden wird: Kya wird als T\u00e4terin verd\u00e4chtigt. Die spannende Story wird aus der Sicht und in der Sprache des Kindes und der sp\u00e4teren Erwachsenen erz\u00e4hlt. Die Geschichte lebt nicht nur von dem Kriminalfall, sondern auch von der zerst\u00f6rten Gef\u00fchlswelt der Protagonistin, die sich in die Natur ihrer Heimat fl\u00fcchtet und ihr eigenes Verhalten nach deren Handeln ausrichtet. Nebenbei erfahren die Leser*innen von interessanten Ph\u00e4nomenen der Tier- und Pflanzenwelt, die die Protagonistin beobachtet.<\/div>\n<h4><strong>Empfohlen von Elisabeth Weigl<\/strong><br \/>\n__________________________________________________________________________________________<\/h4>\n<h3><strong>5. M\u00e4rz 2022<\/strong><\/h3>\n<h3><a href=\"https:\/\/www.michaelsbund.de\/?cl=search&amp;searchauthor=Sandberg%2C+Ellen\"><strong class=\"product-subtitle\"><img loading=\"lazy\" decoding=\"async\" class=\"alignleft wp-image-2695 \" src=\"https:\/\/gemeindebuechereikastl.de\/wp-content\/uploads\/2022\/03\/Geheimniss.jpg\" alt=\"\" width=\"273\" height=\"433\" srcset=\"https:\/\/gemeindebuechereikastl.de\/wp-content\/uploads\/2022\/03\/Geheimniss.jpg 265w, https:\/\/gemeindebuechereikastl.de\/wp-content\/uploads\/2022\/03\/Geheimniss-189x300.jpg 189w\" sizes=\"auto, (max-width: 273px) 100vw, 273px\" \/><\/strong>Sandberg, Ellen<\/a><\/h3>\n<h1><strong>Das Geheimniss<\/strong><\/h1>\n<p><strong class=\"product-subtitle\">Der neue SPIEGEL-Bestseller von der Meisterin der psychologischen Spannung<\/strong><\/p>\n<div>Ulla eine Frau in der Mitte Ihres Lebens, erfolgreich, eine Tochter, geschieden, kommt nach vielen Jahren in das Haus ihrer Mutter an den Chiemsee. Die Mutter hat sich vor langer Zeit das Leben genommen. Ulla wei\u00df wenig von Ihrer Mutter Helga. Helga hat ihre Tochter Ulla pl\u00f6tzlich nicht mehr sehen wollen und sie ihrem Vater und dessen neuer Frau in Obhut gegeben. Ulla ist skeptisch und verunsichert, was sie erwartet in diesem Haus. Schnell sp\u00fcrt sie die N\u00e4he zu dem Ort, da es ja der Ort ihrer Kindheit war. Manche alten Freunde sind noch da. Vieles ist vertraut &#8211; doch manches fremd. Wer war ihre Mutter? Sie ist eine K\u00fcnstlerin, hat in einer Kommune gelebt, aber warum hat sie sie versto\u00dfen? Ulla findet Kassetten, die ihre Mutter f\u00fcr Ulla besprochen hat. Immer mehr dringt sie ein in das Leben ihrer Mutter, aber auch in ihr Leben. Sie entdeckt was passiert ist, erkennt was ihr verheimlicht wurde. Langsam, ganz langsam versteht sie ihre Mutter und ganz langsam erkennt sie manches an sich selbst, was ihr unklar war&#8230; &#8211; Ein wunderbares Buch \u00fcber drei Generationen, \u00fcber ein Lebensgef\u00fchl und \u00fcber eine Zeit, die wir Leserinnen nicht erlebt haben. Es ist nie zu sp\u00e4t, zu verstehen und verstehen zu wollen. Ellen Sandberg erz\u00e4hlt komplexe Zusammenh\u00e4nge sehr spannend. Nehmen Sie sich die Zeit, und lassen Sie sich in den Bann ziehen von dieser Geschichte.\u00a0 Weitere spannende B\u00fccher von Ellen Sandberg gibt es in der B\u00fccherei !<\/div>\n<h4><strong>Empfohlen von Georg D\u00fcrr<\/strong><br \/>\n__________________________________________________________________________________________<\/h4>\n<h3><strong>26. Februar 2022<\/strong><\/h3>\n<h3><a href=\"https:\/\/www.michaelsbund.de\/?cl=search&amp;searchauthor=K%C3%BCrthy%2C+Ildik%C3%B3+von\"><img loading=\"lazy\" decoding=\"async\" class=\"size-medium wp-image-2678 alignleft\" src=\"https:\/\/gemeindebuechereikastl.de\/wp-content\/uploads\/2022\/02\/Zeit-197x300.jpg\" alt=\"\" width=\"197\" height=\"300\" srcset=\"https:\/\/gemeindebuechereikastl.de\/wp-content\/uploads\/2022\/02\/Zeit-197x300.jpg 197w, https:\/\/gemeindebuechereikastl.de\/wp-content\/uploads\/2022\/02\/Zeit.jpg 276w\" sizes=\"auto, (max-width: 197px) 100vw, 197px\" \/>Ildik\u00f3 von <\/a><a href=\"https:\/\/www.michaelsbund.de\/?cl=search&amp;searchauthor=K%C3%BCrthy%2C+Ildik%C3%B3+von\">K\u00fcrthy<\/a><\/h3>\n<h1><strong>Es wird Zeit<\/strong><\/h1>\n<div>\u00abWas soll jetzt noch kommen?\u00bb Judith ist fast f\u00fcnfzig, und auf diese Frage fallt ihr leider keine zufriedenstellende Antwort ein. Die Kinder sind gro\u00df, ihr Mann ist in die Jahre gekommen und das Leben auch. Von der Liebe und dem Bindegewebe mal ganz zu schweigen. Dann stirbt ihre Mutter, und Judith kehrt nach zwanzig Jahren in die alte Heimat zur\u00fcck, wo sie ein gut geh\u00fctetes Geheimnis, ein leeres Grab und einen Haufen Hoffnungen, Tr\u00e4ume und Albtraume zur\u00fcckgelassen hat. Und pl\u00f6tzlich ger\u00e4t alles aus den Fugen. Eine lebenslange L\u00fcge stellt sich als Wahrheit heraus. Eine wiedergefundene Freundin hofft, den n\u00e4chsten Sommer noch zu erleben, und will endlich wissen, was damals wirklich passiert ist. Eine Jugendliebe funkelt vielversprechend, eine Urne macht Umwege, und Judith stellt fest, dass es besser ist, sich zu fr\u00fch zu freuen, als \u00fcberhaupt nicht.<br \/>\n\u00abEs wird Zeit\u00bb ist eine Geschichte von Schuld und Freundschaft, vom \u00c4lterwerden und vom Jungbleiben, es geht um die Heimat, die Liebe und den Tod und darum, dass am Ende nichts verlorengehen kann.<\/div>\n<h4><strong>Empfohlen von <\/strong><strong>Karla von Klenck<\/strong><br \/>\n__________________________________________________________________________________________<\/h4>\n<h3><strong>19. Februar 2022<\/strong><\/h3>\n<h3><a href=\"https:\/\/www.michaelsbund.de\/?cl=search&amp;searchauthor=Bogdan%2C+Isabel\">Bogdan, Isabel<\/a><a href=\"https:\/\/www.michaelsbund.de\/?cl=search&amp;searchauthor=Bogdan%2C+Isabel\"><img loading=\"lazy\" decoding=\"async\" class=\"wp-image-2649 alignleft\" src=\"https:\/\/gemeindebuechereikastl.de\/wp-content\/uploads\/2022\/02\/Pfau-186x300.jpg\" alt=\"\" width=\"213\" height=\"344\" srcset=\"https:\/\/gemeindebuechereikastl.de\/wp-content\/uploads\/2022\/02\/Pfau-186x300.jpg 186w, https:\/\/gemeindebuechereikastl.de\/wp-content\/uploads\/2022\/02\/Pfau.jpg 261w\" sizes=\"auto, (max-width: 213px) 100vw, 213px\" \/><\/a><a href=\"https:\/\/www.michaelsbund.de\/?cl=search&amp;searchauthor=Silberhorn%2C+Sonja\"><br \/>\n<\/a><\/h3>\n<h1 class=\"product-title no-brandTitle\">Der Pfau<\/h1>\n<div class=\"title\">\n<div class=\"title\">\n<div class=\"title\"><strong>Banker und Pfaue auf schottischem Landsitz &#8211; schrullige Menschen und verr\u00fcckte Tiere.<\/strong><\/div>\n<div><\/div>\n<div class=\"inner\">\n<div class=\"desc\">Hamish und Fiona McIntosh vermieten auf ihrem schottischen Landsitz Cottages, um Geld f\u00fcr den Unterhalt des Herrenhauses zu verdienen. Auf dem Gel\u00e4nde leben Pfaue, von denen einer verr\u00fccktspielt und alles Blaue attackiert. Ins Herrenhaus zieht zur Teambildung eine Gruppe Londoner Banker mit K\u00f6chin und Chefin (nat\u00fcrlich mit blauem Auto) ein. Der Pfau greift das Auto an, der Hausherr erschie\u00dft den angriffslustigen Pfau, doch die Chefin glaubt, ihr Hund habe ihn gerissen. So beginnt eine Folge von Verstrickungen und gruppendynamischen Prozessen. Nach einem Wetterumschwung sind alle eingeschneit und kommen nicht mehr weg. Und dann verschwindet auch noch die Gans. Ob sie auf dem Teller landet? &#8211; Nette Unterhaltung ohne gro\u00dfen literarischen Anspruch, an manchen Stellen ein wenig allzu seicht &#8211; und der Uranus ist mit blo\u00dfem Auge nicht sichtbar.<\/div>\n<\/div>\n<\/div>\n<\/div>\n<h4><strong>Empfohlen von Birgit Geitner<br \/>\n<\/strong>___________________________________________________________________________________________<\/h4>\n<h3><strong>12. Februar 2022<\/strong><\/h3>\n<h3><a href=\"https:\/\/www.michaelsbund.de\/?cl=search&amp;searchauthor=Abel%2C+Susanne\"><img loading=\"lazy\" decoding=\"async\" class=\" wp-image-2635 alignleft\" src=\"https:\/\/gemeindebuechereikastl.de\/wp-content\/uploads\/2022\/02\/Gretchen-194x300.jpg\" alt=\"\" width=\"214\" height=\"331\" srcset=\"https:\/\/gemeindebuechereikastl.de\/wp-content\/uploads\/2022\/02\/Gretchen-194x300.jpg 194w, https:\/\/gemeindebuechereikastl.de\/wp-content\/uploads\/2022\/02\/Gretchen.jpg 272w\" sizes=\"auto, (max-width: 214px) 100vw, 214px\" \/>Abel, Susanne<\/a><a href=\"https:\/\/www.michaelsbund.de\/?cl=search&amp;searchauthor=Silberhorn%2C+Sonja\"><br \/>\n<\/a>Stay away from Gretchen<\/h3>\n<div class=\"title\">\n<div class=\"title\"><strong>Eine verbotene Liebe in schwierigen Zeiten.<\/strong><\/div>\n<div><\/div>\n<div class=\"inner\">\n<div class=\"desc\">&#8222;Seine Mam hat vergessen, dass sie alles vergessen wollte!&#8220; Eigentlich hat Tom Monderath, ein bekannter und vielbesch\u00e4ftigter K\u00f6lner Journalist, keine Zeit und Lust, sich noch mehr um seine 84-j\u00e4hrige Mutter zu k\u00fcmmern. Aber als die Diagnose Demenz nicht mehr zu leugnen ist, sieht er sich in der Verantwortung. Die Demenz f\u00f6rdert Lebenserinnerungen aus fr\u00fcheren Zeiten zu Tage: ihre Kindheit im russischen Preu\u00dfisch Eylau, ihre Flucht nach Westen und der Neubeginn als Jugendliche in Heidelberg. Viele Dinge wurden in Toms Kindheit nicht ausgesprochen, es wurde geschwiegen zu den Verletzungen in der Kindheit und Jugend der Mutter, die im Erwachsenenalter immer wieder mit Depressionen zu k\u00e4mpfen hatte. Durch die Erfahrung mit der Demenz seiner Mutter und das Lesen alter Briefe bekommt Tom ein ganz neues Bild von ihr. Dabei st\u00f6\u00dft er auf ein wohlgeh\u00fctetes Geheimnis: Er hat eine Schwester, die seine Mutter mit einem schwarzen GI nach dem Zweiten Weltkrieg bekommen hat und die zur Zwangsadoption in die USA freigegeben wurde. Hinterfragt durch die Recherche in der Vergangenheit seiner Mutter, muss der Mittvierziger auch in seinem eigenen Leben einiges neu \u00fcberdenken und ordnen. &#8211; Au\u00dfer den Themen Demenz, Flucht und Vertreibung, Neuanfang in der neuen BRD steht vor allem die Geschichte um die &#8222;Brown Babies&#8220; im Mittelpunkt der Erz\u00e4hlung. Ein spannendes Zeitdokument \u00fcber die Lebensperspektiven der Mischlingskinder der 1940er Jahre. Unterhaltsam, lebensklug und informativ &#8211; wobei die Figur des Sohnes etwas mehr Schattierung verdient h\u00e4tte. Sehr empfehlenswert.<\/div>\n<\/div>\n<\/div>\n<h4><strong>Empfohlen von Christa Kastner<br \/>\n<\/strong>___________________________________________________________________________________________<\/h4>\n<h3><strong>5. Februar 2022<\/strong><\/h3>\n<h3><a href=\"https:\/\/www.michaelsbund.de\/?cl=search&amp;searchauthor=Silberhorn%2C+Sonja\"><img loading=\"lazy\" decoding=\"async\" class=\" wp-image-2602 alignleft\" src=\"https:\/\/gemeindebuechereikastl.de\/wp-content\/uploads\/2022\/02\/Hoellbachtal-197x300.jpg\" alt=\"\" width=\"218\" height=\"332\" srcset=\"https:\/\/gemeindebuechereikastl.de\/wp-content\/uploads\/2022\/02\/Hoellbachtal-197x300.jpg 197w, https:\/\/gemeindebuechereikastl.de\/wp-content\/uploads\/2022\/02\/Hoellbachtal.jpg 276w\" sizes=\"auto, (max-width: 218px) 100vw, 218px\" \/><strong>Silberhorn, Sonja<\/strong><\/a><\/h3>\n<h2 class=\"product-title no-brandTitle\">H\u00f6llbachtal &#8211; Ein Oberpfalz Krimi<\/h2>\n<div class=\"title\"><strong>, dessen Spuren in die Zeit des Nationalsozialismus zur\u00fcckreichen.<\/strong><\/div>\n<div><\/div>\n<div class=\"inner\">\n<div class=\"desc\">Die Autorin widmet dieses Buch ihrem Urgro\u00dfvater Max Windhager, der 1943 im Konzentrationslager Sachsenhausen gestorben ist. In der fiktiven Geschichte hinter ihrem Roman kommt ihm als Max Schlagbauer, der mit seiner Meinung \u00fcber Hitler und die Nationalsozialisten nicht hinter dem Berg h\u00e4lt, eine besondere Rolle zu. Kriminalhauptkommissarin Lene Wagenbach, die leitende Ermittlerin ist, wird zu einem Mord auf dem Steinerhof im H\u00f6llbachtal gerufen. Zuerst geht sie davon aus, dass es sich um einen Raubmord an der fr\u00fchpensionierten 51-j\u00e4hrigen Lehrerin Amanda Heinz handelt, wird sich aber sehr bald sicher, dass es hier um mehr geht. In den durchnummerierten Abschnitten springt die Geschichte, kenntlich gemacht durch das Datum, immer wieder in die Zeit des Nationalsozialismus zur\u00fcck. Hier wird Max Schlagbauer vorgestellt, der im Wirtshaus seine negative Einstellung zu Hitler und den Nationalsozialisten lautstark kundtut. Diese Form der Gliederung zieht sich so durch das Buch. Es wechselt zwischen Familiengeschichte und spannendem Krimi, bei dem die Ermittlerin immer mehr herausfindet, dass die Ermordete hinter ein brisantes Familiengeheimnis gekommen war, bei dem es um ein &#8222;grausames Verbrechen aus der Vergangenheit&#8220; geht. Da die historischen Einsch\u00fcbe durch Datum gekennzeichnet sind, f\u00e4llt es Lesern nicht schwer, die unterschiedlichen Handlungsstr\u00e4nge auseinander zu halten. Das spannende Buch ist mit seinen Bez\u00fcgen zur Nazi-Vergangenheit sicher f\u00fcr viele Leser\/innen echt lesenswert.<\/div>\n<\/div>\n<h4><strong>Empfohlen von Georg D\u00fcrr<br \/>\n<\/strong>___________________________________________________________________________________________<\/h4>\n<h3><strong>29. Januar 2022<\/strong><\/h3>\n<h3><strong><img loading=\"lazy\" decoding=\"async\" class=\"wp-image-2591 alignleft\" src=\"https:\/\/gemeindebuechereikastl.de\/wp-content\/uploads\/2022\/01\/Buchspazierer-182x300.jpg\" alt=\"\" width=\"208\" height=\"343\" srcset=\"https:\/\/gemeindebuechereikastl.de\/wp-content\/uploads\/2022\/01\/Buchspazierer-182x300.jpg 182w, https:\/\/gemeindebuechereikastl.de\/wp-content\/uploads\/2022\/01\/Buchspazierer-730x1206.jpg 730w, https:\/\/gemeindebuechereikastl.de\/wp-content\/uploads\/2022\/01\/Buchspazierer-768x1269.jpg 768w, https:\/\/gemeindebuechereikastl.de\/wp-content\/uploads\/2022\/01\/Buchspazierer-929x1536.jpg 929w, https:\/\/gemeindebuechereikastl.de\/wp-content\/uploads\/2022\/01\/Buchspazierer-750x1240.jpg 750w, https:\/\/gemeindebuechereikastl.de\/wp-content\/uploads\/2022\/01\/Buchspazierer.jpg 968w\" sizes=\"auto, (max-width: 208px) 100vw, 208px\" \/><\/strong><\/h3>\n<h3 class=\"brandTitle\"><a href=\"https:\/\/www.michaelsbund.de\/?cl=search&amp;searchauthor=Henn%2C+Carsten+Sebastian\">Carsten Henn <\/a><\/h3>\n<h2 class=\"product-title no-brandTitle\"><span style=\"color: #ff0000;\">Der Buchspazierer<\/span><\/h2>\n<p><strong>Ein 72-j\u00e4hriger Buchh\u00e4ndler bringt besonderen Kunden bestellte B\u00fccher nach Hause &#8211; unterst\u00fctzt von einer forschen Neunj\u00e4hrigen.<\/strong><\/p>\n<p>Der alte Buchh\u00e4ndler Carl Kollhoff lebt zur\u00fcckgezogen in einer Wohnung voller B\u00fccher und freut sich jeden Tag darauf, am Abend nach Gesch\u00e4ftsschluss der Buchhandlung, in der er sein Leben lang gearbeitet hat, einigen besonderen Kunden ihre bestellten B\u00fccher bei einem Spaziergang durch die Stadt nach Hause zu bringen. Er wird immer schon freudig oder ungeduldig erwartet, wechselt aber jedes Mal nur wenige Worte mit ihnen; er f\u00fcrchtet, sonst aufdringlich zu wirken. Eines Tages gesellt sich die aufgeweckte, naseweise und forsche neunj\u00e4hrige Schascha bei seinem Buchspaziergang zu ihm. Sie bringt die Routine dieser Lieferungen gr\u00fcndlich durcheinander, bei ihm und bei den Kunden. Sie \u00f6ffnet schon mal ungefragt T\u00fcren, poltert in Wohnungen, stellt direkte Fragen &#8211; und sp\u00fcrt genau, wenn etwas nicht in Ordnung ist. Sie bringt Carl dazu, genauer hinzuschauen, auf Zwischent\u00f6ne zu h\u00f6ren &#8211; und beide versuchen zu helfen. Beide sind \u00fcberzeugt, dass es f\u00fcr jeden Menschen f\u00fcr jede Situation das richtige Buch gibt. Doch als die neue Chefin der Buchhandlung ihm k\u00fcndigt, gibt Carl sich fast auf &#8211; aber da kennt er Schascha schlecht! &#8211; Ein liebenswerter und unterhaltsamer Roman \u00fcber leidenschaftliche B\u00fccherleser, humorvoll und traurig zugleich erz\u00e4hlt &#8211; all die oft skurrilen Charaktere dieser Geschichte wachsen den Lesern ans Herz. Jedem B\u00fccherliebhaber gern empfohlen!<\/p>\n<h4><strong>Empfohlen von Karla von Klenck<br \/>\n<\/strong>___________________________________________________________________________________________<\/h4>\n<h3><strong>21. Januar 2022<\/strong><\/h3>\n<div class=\"title\"><img loading=\"lazy\" decoding=\"async\" class=\" wp-image-2582 alignleft\" src=\"https:\/\/gemeindebuechereikastl.de\/wp-content\/uploads\/2022\/01\/grosse-sommer-176x300.jpg\" alt=\"\" width=\"189\" height=\"322\" srcset=\"https:\/\/gemeindebuechereikastl.de\/wp-content\/uploads\/2022\/01\/grosse-sommer-176x300.jpg 176w, https:\/\/gemeindebuechereikastl.de\/wp-content\/uploads\/2022\/01\/grosse-sommer.jpg 293w\" sizes=\"auto, (max-width: 189px) 100vw, 189px\" \/><\/div>\n<h3><span class=\"autor nrknv_authors\"><a href=\"https:\/\/www.michaelsbund.de\/?cl=search&amp;searchauthor=Arenz%2C+Ewald\">Ewald<\/a><\/span><span class=\"autor nrknv_authors\"><a href=\"https:\/\/www.michaelsbund.de\/?cl=search&amp;searchauthor=Arenz%2C+Ewald\"> Arenz<\/a><\/span><\/h3>\n<h2><span class=\"title\" style=\"color: #ff0000;\"><a style=\"color: #ff0000;\" title=\"Der gro\u00dfe Sommer \" href=\"https:\/\/www.michaelsbund.de\/product\/9783832181536-der-grosse-sommer.html\">Der gro\u00dfe Sommer<\/a><\/span><\/h2>\n<div class=\"title\"><strong>Die gro\u00dfe Liebe, psychische Probleme des besten Freundes, und eigene schulische Probleme bestimmen den Sommer des siebzehnj\u00e4hrigen Frieder.<\/strong><\/div>\n<div><\/div>\n<div class=\"inner\">\n<div class=\"desc\">W\u00e4hrend Frieders gro\u00dfe Familie in Urlaub f\u00e4hrt, muss er zu seinem strengen Gro\u00dfvater ziehen. Keine verlockende Aussicht, denn Lernen wird dort seinen Tageslauf bestimmen, um den Verbleib am Gymnasium zu sichern. Doch dann findet er seine gro\u00dfe Liebe und lernt seine Gro\u00dfeltern kennen, die ihm weit mehr Zuneigung und Hilfe zukommen lassen, als er sich das gedacht h\u00e4tte. Nur sein bester Freund zerst\u00f6rt durch eine heftige Psychose fast sein Gl\u00fcck. Doch am Ende dieses Sommers hat Frieder nicht nur f\u00fcr die Schule gelernt, sondern noch mehr f\u00fcrs Leben. &#8211; Der Roman l\u00e4sst den Leser eindringlich an dieser Entwicklung teilnehmen. Da jedoch Frieder in einer Zeit ohne Internet aufw\u00e4chst, ist diese Geschichte nur schwer in der heutigen Zeit vorstellbar und vielleicht gerade darum besonders empfehlenswert.<\/div>\n<\/div>\n<h4><strong>Empfohlen von Gabi K\u00f6nig<br \/>\n<\/strong>___________________________________________________________________________________________<\/h4>\n<h3><strong>14. Januar 2022<\/strong><span style=\"color: #000000;\"><br \/>\n<\/span><img loading=\"lazy\" decoding=\"async\" class=\" wp-image-2565 alignleft\" src=\"https:\/\/gemeindebuechereikastl.de\/wp-content\/uploads\/2022\/01\/Oktopus-2-181x300.jpg\" alt=\"\" width=\"194\" height=\"322\" srcset=\"https:\/\/gemeindebuechereikastl.de\/wp-content\/uploads\/2022\/01\/Oktopus-2-181x300.jpg 181w, https:\/\/gemeindebuechereikastl.de\/wp-content\/uploads\/2022\/01\/Oktopus-2.jpg 254w\" sizes=\"auto, (max-width: 194px) 100vw, 194px\" \/><\/h3>\n<h3><a href=\"https:\/\/www.michaelsbund.de\/?cl=search&amp;searchauthor=Hoppe%2C+Ralf\">Ralf <\/a><a href=\"https:\/\/www.michaelsbund.de\/?cl=search&amp;searchauthor=Hoppe%2C+Ralf\">Hoppe,\u00a0<\/a> <a href=\"https:\/\/www.michaelsbund.de\/?cl=search&amp;searchauthor=Rossmann%2C+Dirk\">Dirk <\/a><a href=\"https:\/\/www.michaelsbund.de\/?cl=search&amp;searchauthor=Rossmann%2C+Dirk\">Rossmann <\/a><\/h3>\n<h2><strong>Der Zorn des Oktopus<\/strong><\/h2>\n<p><strong>SF-Thriller um die Klimakatastrophe und die Rettung der Welt.<\/strong><\/p>\n<p>Die Erde in knapp zehn Jahren: Die Klimakatastrophe ist Realit\u00e4t und ein internationales Staatenb\u00fcndnis will mithilfe eines Supercomputers das Schlimmste verhindern. Doch ein indischer Milliard\u00e4r bekommt Zugang zu diesem Computer und will damit seine eigene radikale Vision einer nur f\u00fcr wenige Menschen lebbaren Zukunft durchsetzen. Daf\u00fcr will er die Natur missbrauchen. Doch Thomas Pierpaoli, ein mittlerer Beamter im Hochkommissariat der Klimaallianz, sowie die millionenschwere S\u00e4ngerin Ariadna wollen das verhindern. Schlie\u00dflich kommt es zum alles entscheidenden Showdown in Sibirien. &#8211; Das Autorenduo schreibt nicht nur ungemein fesselnd. Es hat das Thema Klimakatastrophe (Wie bereites im Band &#8211; Die Rache des Oktopus) in seinen verschiedenen Auswirkungen auch blendend recherchiert. Herausgekommen ist ein Science-Fiction-Thriller, der nicht nur spannend ist, sondern auch zum Nachdenken anregt. Absolut lesenswert.<\/p>\n<h4><strong>Empfohlen von Georg D\u00fcrr<br \/>\n<\/strong>___________________________________________________________________________________________<\/h4>\n<p>&nbsp;<\/p>\n","protected":false},"excerpt":{"rendered":"<p>Was soll ich lesen? Diese Frage stellt sich so manchem B\u00fccherbegeisterten angesichts der F\u00fclle und Vielfalt auf dem deutschen B\u00fcchermarkt und dem gro\u00dfen Angebot in der Gemeindeb\u00fccherei Kastl. Wir vom Team m\u00f6chten Euch die Auswahl erleichtern und stellen hier jeden Monat ein Buch vor, das wir gelesen haben und allen interessierten Lesern weiterempfehlen m\u00f6chten. Nat\u00fcrlich &hellip; <\/p>\n<p><a class=\"more-link btn\" href=\"https:\/\/gemeindebuechereikastl.de\/?page_id=2572\">Weiterlesen<\/a><\/p>\n","protected":false},"author":1,"featured_media":0,"parent":0,"menu_order":0,"comment_status":"closed","ping_status":"closed","template":"","meta":{"footnotes":""},"class_list":["post-2572","page","type-page","status-publish","hentry","nodate","item-wrap"],"_links":{"self":[{"href":"https:\/\/gemeindebuechereikastl.de\/index.php?rest_route=\/wp\/v2\/pages\/2572","targetHints":{"allow":["GET"]}}],"collection":[{"href":"https:\/\/gemeindebuechereikastl.de\/index.php?rest_route=\/wp\/v2\/pages"}],"about":[{"href":"https:\/\/gemeindebuechereikastl.de\/index.php?rest_route=\/wp\/v2\/types\/page"}],"author":[{"embeddable":true,"href":"https:\/\/gemeindebuechereikastl.de\/index.php?rest_route=\/wp\/v2\/users\/1"}],"replies":[{"embeddable":true,"href":"https:\/\/gemeindebuechereikastl.de\/index.php?rest_route=%2Fwp%2Fv2%2Fcomments&post=2572"}],"version-history":[{"count":106,"href":"https:\/\/gemeindebuechereikastl.de\/index.php?rest_route=\/wp\/v2\/pages\/2572\/revisions"}],"predecessor-version":[{"id":6420,"href":"https:\/\/gemeindebuechereikastl.de\/index.php?rest_route=\/wp\/v2\/pages\/2572\/revisions\/6420"}],"wp:attachment":[{"href":"https:\/\/gemeindebuechereikastl.de\/index.php?rest_route=%2Fwp%2Fv2%2Fmedia&parent=2572"}],"curies":[{"name":"wp","href":"https:\/\/api.w.org\/{rel}","templated":true}]}}